{"id":512,"date":"2013-11-11T18:31:59","date_gmt":"2013-11-11T18:31:59","guid":{"rendered":"https:\/\/galerija110795.ba\/?page_id=512"},"modified":"2026-01-31T16:17:57","modified_gmt":"2026-01-31T15:17:57","slug":"srebrenica","status":"publish","type":"page","link":"https:\/\/galerija110795.ba\/tr\/srebrenica\/","title":{"rendered":"Srebrenica"},"content":{"rendered":"<p>Srebrenica Bosna Hersek\u2019in do\u011fusunda bulunan k\u00fc\u00e7\u00fck bir \u015fehir olarak, bug\u00fcn S\u0131rp Cumhuriyeti entitesinde yer almaktad\u0131r. 1995 y\u0131l\u0131nda d\u00fcnya tarihinde sadece ad\u0131 bile 20. yy\u2019\u0131n sonrar\u0131nda Avrupa\u2019da ya\u015fanan en b\u00fcy\u00fck deh\u015fetin simgesi olarak kanl\u0131 harflerle yaz\u0131lan bir \u015fehirdir. Sava\u015f\u0131n en ba\u015flar\u0131nda, 1992 y\u0131l\u0131nda, JNA (Yugoslav Halk Ordusu) birimleri, paramiliter birimler ve S\u0131rp Demokrat Partisi Srebrenica\u2019y\u0131 ku\u015fatarak 1993 y\u0131l\u0131n\u0131n ba\u015flar\u0131nda Zvornik ve Srebrenica aras\u0131 b\u00f6lgeler S\u0131rp Cumhuriyeti Ordusu\u2019nun eline b\u0131rakm\u0131\u015f ve o s\u0131ralarda halk\u0131n b\u00fcy\u00fck k\u0131sm\u0131 Srebrenica b\u00f6lgesine s\u0131\u011f\u0131nm\u0131\u015ft\u0131r. \u00d6zel ve ku\u015fat\u0131lm\u0131\u015f bir b\u00f6lge olarak Srebrenica 1993 y\u0131l\u0131nda askerlerden temizlenmi\u015f, UN G\u00fcvenlik konseyi karar\u0131yla uluslararas\u0131 g\u00fc\u00e7ler korunmas\u0131 alt\u0131nda \u2018g\u00fcvenli b\u00f6lge\u2019 ilan edilmi\u015ftir.<\/p>\n<p><img decoding=\"async\" class=\"img-responsive alignnone\" src=\"https:\/\/galerija110795.ba\/app\/uploads\/2012\/10\/panorama_srebrenica.jpg\" alt=\"Panorama\"\/><\/p>\n<p>O s\u0131rada Srebrenica\u2019da 50.000 ki\u015fi bulunmaktayd\u0131- sava\u015f \u00f6ncesindeki n\u00fcfusun 5 kat\u0131yd\u0131.<\/p>\n<p>Formalite olarak UN korunmas\u0131 alt\u0131nda olan Srebrenica bu ra\u011fmen her g\u00fcn bombaland\u0131, halk\u0131 ise yiyeceksiz b\u0131rak\u0131l\u0131p temel ya\u015fam ko\u015fullar\u0131 olmadan ya\u015famaktayd\u0131.<\/p>\n<p>Sonra 1995 ya\u015fand\u0131&#8230;<\/p>\n<p>Srebrenica\u2019n\u0131n sessiz \u00f6l\u00fcm\u00fc 1995 y\u0131l\u0131n\u0131n Haziran ay\u0131 sonlar\u0131nda S\u0131rp Cumhuriyeti Ordusunun UN \u2018g\u00fcvenli b\u00f6lgesine\u2019 \u015fiddetli sald\u0131r\u0131lar\u0131 ile h\u0131zland\u0131r\u0131ld\u0131. O s\u0131rada UN askerlerini Hollandal\u0131lar te\u015fkil ediyordu- 600 asker Ocak ay\u0131nda var\u0131p Poto\u00e7ari\u2019de ak\u00fc fabrikas\u0131nda yerle\u015ftirilmi\u015fti.<\/p>\n<p>6 Temmuz 1995 tarihinde general Ratko Mladi\u00e7 komutanl\u0131\u011f\u0131 alt\u0131nda S\u0131rp Cumhuriyeti ordusu taraf\u0131ndan \u015fiddetli bombalamalar ba\u015flad\u0131. \u2018Krivaja 95\u2019 olarak adland\u0131r\u0131lan askeri operasyon erkekler, kad\u0131nlar hatta \u00e7ocuklardan olu\u015fan m\u00fcsl\u00fcman sivillerin korkun\u00e7 katliam\u0131na neden oldu. Srebrenica 11 Temmuz tarihinde kaybedildi ve 25.000 ki\u015fi \u015fehri terkederek UN\u2019in taburu \u00e7evresine korunmalar\u0131 amac\u0131yla topland\u0131. Ayn\u0131 zamanda 10.000- 15.000 ki\u015fi de S\u0131rp Cumhuriyeti\u2019nin elinde olan b\u00f6lgelerden ge\u00e7meye \u00e7al\u0131\u015farak Tuzla serbest b\u00f6lgesine varmaya \u00e7al\u0131\u015ft\u0131. S\u0131rayla bombalama kesildi. Daha sonra k\u00fc\u00e7\u00fck gruplar ve \u015fah\u0131slar yakalanarak tutukland\u0131 daha sonra da \u00f6ld\u00fcr\u00fcld\u00fc.<\/p>\n<p>Poto\u00e7ari\u2019de o s\u0131rada insanlar \u00f6ld\u00fcr\u00fcld\u00fc, tecav\u00fcz edildi. S\u0131rp Cumuriyeti ordusu UN ile sivillerin evakuasyonunu ile ilgili anla\u015fma yapt\u0131 ve general Ratko Mladi\u00e7 bunun kendilerinin otob\u00fcs ve kamyonlarla yapaca\u011f\u0131n\u0131 s\u00f6yledi.<\/p>\n<p>\u0130lk olarak erkekler kad\u0131n ve \u00e7ocuklardan ay\u0131r\u0131ld\u0131 ve Bratunac\u2019a g\u00f6t\u00fcr\u00fcld\u00fc. Onlar\u0131n b\u00fcy\u00fck k\u0131sm\u0131 spor salonlar\u0131, fabrikalar, \u00e7ay\u0131r, orman vb. yerlerde 12-15 Temmuz aras\u0131da toplu infazla \u00f6ld\u00fcr\u00fcld\u00fc.<\/p>\n<p>S\u0131rp Cumhuriyeti ordusu kurbanlar\u0131n\u0131 Zvornik, Vlasenica ve Srebrenica\u2019da toplu mezarlara g\u00f6m\u00fcld\u00fcler. Forensik ara\u015ft\u0131rmalar\u0131 1995 y\u0131l\u0131n\u0131n yaz ve sonbahar aylar\u0131nda kemiklerin ilk toplu mezardan ikinci toplu mezarlara ta\u015f\u0131nd\u0131\u011f\u0131n\u0131 g\u00f6stermi\u015ftir.<\/p>\n","protected":false},"excerpt":{"rendered":"<p>Srebrenica Bosna Hersek\u2019in do\u011fusunda bulunan k\u00fc\u00e7\u00fck bir \u015fehir olarak, bug\u00fcn S\u0131rp Cumhuriyeti entitesinde yer almaktad\u0131r. 1995 y\u0131l\u0131nda d\u00fcnya tarihinde sadece ad\u0131 bile 20. yy\u2019\u0131n sonrar\u0131nda Avrupa\u2019da ya\u015fanan en b\u00fcy\u00fck deh\u015fetin simgesi olarak kanl\u0131 harflerle yaz\u0131lan bir \u015fehirdir. Sava\u015f\u0131n en ba\u015flar\u0131nda, 1992 y\u0131l\u0131nda, JNA (Yugoslav Halk Ordusu) birimleri, paramiliter birimler ve S\u0131rp Demokrat Partisi Srebrenica\u2019y\u0131 ku\u015fatarak &hellip; <a href=\"https:\/\/galerija110795.ba\/tr\/srebrenica\/\">Continued<\/a><\/p>\n","protected":false},"author":1,"featured_media":0,"parent":0,"menu_order":2,"comment_status":"closed","ping_status":"open","template":"","meta":{"_acf_changed":false,"footnotes":""},"class_list":["post-512","page","type-page","status-publish","hentry"],"acf":[],"yoast_head":"<!-- This site is optimized with the Yoast SEO plugin v26.8 - https:\/\/yoast.com\/product\/yoast-seo-wordpress\/ -->\n<title>Srebrenica - Galerija 11\/07\/95<\/title>\n<meta name=\"robots\" content=\"index, follow, max-snippet:-1, max-image-preview:large, max-video-preview:-1\" \/>\n<link rel=\"canonical\" href=\"https:\/\/galerija110795.ba\/tr\/srebrenica\/\" \/>\n<meta property=\"og:locale\" content=\"tr_TR\" \/>\n<meta property=\"og:type\" content=\"article\" \/>\n<meta property=\"og:title\" content=\"Srebrenica - Galerija 11\/07\/95\" \/>\n<meta property=\"og:description\" content=\"Srebrenica Bosna Hersek\u2019in do\u011fusunda bulunan k\u00fc\u00e7\u00fck bir \u015fehir olarak, bug\u00fcn S\u0131rp Cumhuriyeti entitesinde yer almaktad\u0131r. 1995 y\u0131l\u0131nda d\u00fcnya tarihinde sadece ad\u0131 bile 20. yy\u2019\u0131n sonrar\u0131nda Avrupa\u2019da ya\u015fanan en b\u00fcy\u00fck deh\u015fetin simgesi olarak kanl\u0131 harflerle yaz\u0131lan bir \u015fehirdir. Sava\u015f\u0131n en ba\u015flar\u0131nda, 1992 y\u0131l\u0131nda, JNA (Yugoslav Halk Ordusu) birimleri, paramiliter birimler ve S\u0131rp Demokrat Partisi Srebrenica\u2019y\u0131 ku\u015fatarak &hellip; Continued\" \/>\n<meta property=\"og:url\" content=\"https:\/\/galerija110795.ba\/tr\/srebrenica\/\" \/>\n<meta property=\"og:site_name\" content=\"Galerija 11\/07\/95\" \/>\n<meta property=\"article:modified_time\" content=\"2026-01-31T15:17:57+00:00\" \/>\n<meta property=\"og:image\" content=\"https:\/\/galerija110795.ba\/app\/uploads\/2012\/10\/panorama_srebrenica.jpg\" \/>\n<meta name=\"twitter:card\" content=\"summary_large_image\" \/>\n<meta name=\"twitter:label1\" content=\"Est. reading time\" \/>\n\t<meta name=\"twitter:data1\" content=\"2 minutes\" \/>\n<script type=\"application\/ld+json\" class=\"yoast-schema-graph\">{\"@context\":\"https:\/\/schema.org\",\"@graph\":[{\"@type\":\"WebPage\",\"@id\":\"https:\/\/galerija110795.ba\/tr\/srebrenica\/\",\"url\":\"https:\/\/galerija110795.ba\/tr\/srebrenica\/\",\"name\":\"Srebrenica - Galerija 11\/07\/95\",\"isPartOf\":{\"@id\":\"https:\/\/galerija110795.ba\/#website\"},\"primaryImageOfPage\":{\"@id\":\"https:\/\/galerija110795.ba\/tr\/srebrenica\/#primaryimage\"},\"image\":{\"@id\":\"https:\/\/galerija110795.ba\/tr\/srebrenica\/#primaryimage\"},\"thumbnailUrl\":\"https:\/\/galerija110795.ba\/app\/uploads\/2012\/10\/panorama_srebrenica.jpg\",\"datePublished\":\"2013-11-11T18:31:59+00:00\",\"dateModified\":\"2026-01-31T15:17:57+00:00\",\"breadcrumb\":{\"@id\":\"https:\/\/galerija110795.ba\/tr\/srebrenica\/#breadcrumb\"},\"inLanguage\":\"tr\",\"potentialAction\":[{\"@type\":\"ReadAction\",\"target\":[\"https:\/\/galerija110795.ba\/tr\/srebrenica\/\"]}]},{\"@type\":\"ImageObject\",\"inLanguage\":\"tr\",\"@id\":\"https:\/\/galerija110795.ba\/tr\/srebrenica\/#primaryimage\",\"url\":\"https:\/\/galerija110795.ba\/app\/uploads\/2012\/10\/panorama_srebrenica.jpg\",\"contentUrl\":\"https:\/\/galerija110795.ba\/app\/uploads\/2012\/10\/panorama_srebrenica.jpg\"},{\"@type\":\"BreadcrumbList\",\"@id\":\"https:\/\/galerija110795.ba\/tr\/srebrenica\/#breadcrumb\",\"itemListElement\":[{\"@type\":\"ListItem\",\"position\":1,\"name\":\"Home\",\"item\":\"https:\/\/galerija110795.ba\/tr\/\"},{\"@type\":\"ListItem\",\"position\":2,\"name\":\"Srebrenica\"}]},{\"@type\":\"WebSite\",\"@id\":\"https:\/\/galerija110795.ba\/#website\",\"url\":\"https:\/\/galerija110795.ba\/\",\"name\":\"Galerija 11\/07\/95\",\"description\":\"Bosna-Hersek\u2019te d\u00fczenlenen ilk anma galerisi, Srebrenitsa trajedisi ve Srebrenitsa soyk\u0131r\u0131m\u0131nda  katledilen 8372 ki\u015fi  an\u0131lar\u0131n\u0131n korunmas\u0131 amac\u0131yla a\u00e7\u0131lan  sergi alan\u0131d\u0131r.\",\"publisher\":{\"@id\":\"https:\/\/galerija110795.ba\/#organization\"},\"potentialAction\":[{\"@type\":\"SearchAction\",\"target\":{\"@type\":\"EntryPoint\",\"urlTemplate\":\"https:\/\/galerija110795.ba\/?s={search_term_string}\"},\"query-input\":{\"@type\":\"PropertyValueSpecification\",\"valueRequired\":true,\"valueName\":\"search_term_string\"}}],\"inLanguage\":\"tr\"},{\"@type\":\"Organization\",\"@id\":\"https:\/\/galerija110795.ba\/#organization\",\"name\":\"Galerija 11\/07\/95\",\"url\":\"https:\/\/galerija110795.ba\/\",\"logo\":{\"@type\":\"ImageObject\",\"inLanguage\":\"tr\",\"@id\":\"https:\/\/galerija110795.ba\/#\/schema\/logo\/image\/\",\"url\":\"https:\/\/galerija110795.ba\/app\/uploads\/2013\/09\/galerija_110795_logo.png\",\"contentUrl\":\"https:\/\/galerija110795.ba\/app\/uploads\/2013\/09\/galerija_110795_logo.png\",\"width\":1254,\"height\":408,\"caption\":\"Galerija 11\/07\/95\"},\"image\":{\"@id\":\"https:\/\/galerija110795.ba\/#\/schema\/logo\/image\/\"}}]}<\/script>\n<!-- \/ Yoast SEO plugin. -->","yoast_head_json":{"title":"Srebrenica - Galerija 11\/07\/95","robots":{"index":"index","follow":"follow","max-snippet":"max-snippet:-1","max-image-preview":"max-image-preview:large","max-video-preview":"max-video-preview:-1"},"canonical":"https:\/\/galerija110795.ba\/tr\/srebrenica\/","og_locale":"tr_TR","og_type":"article","og_title":"Srebrenica - Galerija 11\/07\/95","og_description":"Srebrenica Bosna Hersek\u2019in do\u011fusunda bulunan k\u00fc\u00e7\u00fck bir \u015fehir olarak, bug\u00fcn S\u0131rp Cumhuriyeti entitesinde yer almaktad\u0131r. 1995 y\u0131l\u0131nda d\u00fcnya tarihinde sadece ad\u0131 bile 20. yy\u2019\u0131n sonrar\u0131nda Avrupa\u2019da ya\u015fanan en b\u00fcy\u00fck deh\u015fetin simgesi olarak kanl\u0131 harflerle yaz\u0131lan bir \u015fehirdir. Sava\u015f\u0131n en ba\u015flar\u0131nda, 1992 y\u0131l\u0131nda, JNA (Yugoslav Halk Ordusu) birimleri, paramiliter birimler ve S\u0131rp Demokrat Partisi Srebrenica\u2019y\u0131 ku\u015fatarak &hellip; Continued","og_url":"https:\/\/galerija110795.ba\/tr\/srebrenica\/","og_site_name":"Galerija 11\/07\/95","article_modified_time":"2026-01-31T15:17:57+00:00","og_image":[{"url":"https:\/\/galerija110795.ba\/app\/uploads\/2012\/10\/panorama_srebrenica.jpg","type":"","width":"","height":""}],"twitter_card":"summary_large_image","twitter_misc":{"Est. reading time":"2 minutes"},"schema":{"@context":"https:\/\/schema.org","@graph":[{"@type":"WebPage","@id":"https:\/\/galerija110795.ba\/tr\/srebrenica\/","url":"https:\/\/galerija110795.ba\/tr\/srebrenica\/","name":"Srebrenica - Galerija 11\/07\/95","isPartOf":{"@id":"https:\/\/galerija110795.ba\/#website"},"primaryImageOfPage":{"@id":"https:\/\/galerija110795.ba\/tr\/srebrenica\/#primaryimage"},"image":{"@id":"https:\/\/galerija110795.ba\/tr\/srebrenica\/#primaryimage"},"thumbnailUrl":"https:\/\/galerija110795.ba\/app\/uploads\/2012\/10\/panorama_srebrenica.jpg","datePublished":"2013-11-11T18:31:59+00:00","dateModified":"2026-01-31T15:17:57+00:00","breadcrumb":{"@id":"https:\/\/galerija110795.ba\/tr\/srebrenica\/#breadcrumb"},"inLanguage":"tr","potentialAction":[{"@type":"ReadAction","target":["https:\/\/galerija110795.ba\/tr\/srebrenica\/"]}]},{"@type":"ImageObject","inLanguage":"tr","@id":"https:\/\/galerija110795.ba\/tr\/srebrenica\/#primaryimage","url":"https:\/\/galerija110795.ba\/app\/uploads\/2012\/10\/panorama_srebrenica.jpg","contentUrl":"https:\/\/galerija110795.ba\/app\/uploads\/2012\/10\/panorama_srebrenica.jpg"},{"@type":"BreadcrumbList","@id":"https:\/\/galerija110795.ba\/tr\/srebrenica\/#breadcrumb","itemListElement":[{"@type":"ListItem","position":1,"name":"Home","item":"https:\/\/galerija110795.ba\/tr\/"},{"@type":"ListItem","position":2,"name":"Srebrenica"}]},{"@type":"WebSite","@id":"https:\/\/galerija110795.ba\/#website","url":"https:\/\/galerija110795.ba\/","name":"Galerija 11\/07\/95","description":"Bosna-Hersek\u2019te d\u00fczenlenen ilk anma galerisi, Srebrenitsa trajedisi ve Srebrenitsa soyk\u0131r\u0131m\u0131nda  katledilen 8372 ki\u015fi  an\u0131lar\u0131n\u0131n korunmas\u0131 amac\u0131yla a\u00e7\u0131lan  sergi alan\u0131d\u0131r.","publisher":{"@id":"https:\/\/galerija110795.ba\/#organization"},"potentialAction":[{"@type":"SearchAction","target":{"@type":"EntryPoint","urlTemplate":"https:\/\/galerija110795.ba\/?s={search_term_string}"},"query-input":{"@type":"PropertyValueSpecification","valueRequired":true,"valueName":"search_term_string"}}],"inLanguage":"tr"},{"@type":"Organization","@id":"https:\/\/galerija110795.ba\/#organization","name":"Galerija 11\/07\/95","url":"https:\/\/galerija110795.ba\/","logo":{"@type":"ImageObject","inLanguage":"tr","@id":"https:\/\/galerija110795.ba\/#\/schema\/logo\/image\/","url":"https:\/\/galerija110795.ba\/app\/uploads\/2013\/09\/galerija_110795_logo.png","contentUrl":"https:\/\/galerija110795.ba\/app\/uploads\/2013\/09\/galerija_110795_logo.png","width":1254,"height":408,"caption":"Galerija 11\/07\/95"},"image":{"@id":"https:\/\/galerija110795.ba\/#\/schema\/logo\/image\/"}}]}},"wpml_current_locale":"tr","wpml_translations":{"bs_BA":{"locale":"bs_BA","id":71,"slug":"srebrenica","post_title":"Srebrenica","href":"https:\/\/galerija110795.ba\/bs\/srebrenica\/"},"en_US":{"locale":"en_US","id":298,"slug":"srebrenica","post_title":"Srebrenica","href":"https:\/\/galerija110795.ba\/srebrenica\/"},"fr_FR":{"locale":"fr_FR","id":362,"slug":"srebrenica","post_title":"Srebrenica","href":"https:\/\/galerija110795.ba\/fr\/srebrenica\/"},"de_DE":{"locale":"de_DE","id":510,"slug":"srebrenica","post_title":"Srebrenica","href":"https:\/\/galerija110795.ba\/de\/srebrenica\/"},"it_IT":{"locale":"it_IT","id":511,"slug":"srebrenica","post_title":"Srebrenica","href":"https:\/\/galerija110795.ba\/it\/srebrenica\/"},"tr":{"locale":"tr","id":512,"slug":"srebrenica","post_title":"Srebrenica","href":"https:\/\/galerija110795.ba\/tr\/srebrenica\/"}},"_links":{"self":[{"href":"https:\/\/galerija110795.ba\/tr\/wp-json\/wp\/v2\/pages\/512","targetHints":{"allow":["GET"]}}],"collection":[{"href":"https:\/\/galerija110795.ba\/tr\/wp-json\/wp\/v2\/pages"}],"about":[{"href":"https:\/\/galerija110795.ba\/tr\/wp-json\/wp\/v2\/types\/page"}],"author":[{"embeddable":true,"href":"https:\/\/galerija110795.ba\/tr\/wp-json\/wp\/v2\/users\/1"}],"replies":[{"embeddable":true,"href":"https:\/\/galerija110795.ba\/tr\/wp-json\/wp\/v2\/comments?post=512"}],"version-history":[{"count":1,"href":"https:\/\/galerija110795.ba\/tr\/wp-json\/wp\/v2\/pages\/512\/revisions"}],"predecessor-version":[{"id":5324,"href":"https:\/\/galerija110795.ba\/tr\/wp-json\/wp\/v2\/pages\/512\/revisions\/5324"}],"wp:attachment":[{"href":"https:\/\/galerija110795.ba\/tr\/wp-json\/wp\/v2\/media?parent=512"}],"curies":[{"name":"wp","href":"https:\/\/api.w.org\/{rel}","templated":true}]}}