{"id":506,"date":"2013-11-11T18:27:42","date_gmt":"2013-11-11T18:27:42","guid":{"rendered":"https:\/\/galerija110795.ba\/?page_id=506"},"modified":"2013-11-11T18:27:42","modified_gmt":"2013-11-11T18:27:42","slug":"srebrenica-daimi-sergi","status":"publish","type":"page","link":"https:\/\/galerija110795.ba\/tr\/110795-galerisi-hakkinda\/srebrenica-daimi-sergi\/","title":{"rendered":"\u2018Srebrenica\u2019 daimi sergi"},"content":{"rendered":"<p>11\/07\/95 Galerisi ziyaret\u00e7ileri Srebrenica soyk\u0131r\u0131m\u0131n\u0131 ve 11.07.1995 tarihinden sonra sa\u011f kalanlar\u0131n hayatlar\u0131n\u0131 g\u00f6steren belgesel ve sanatsal g\u00f6r\u00fcnt\u00fcleri izleme imkan\u0131na sahiptir. Sergi multimedya \u00f6zelli\u011fine sahip olup a\u015fa\u011f\u0131da belirtilen par\u00e7alardan olu\u015fmaktad\u0131r.<\/p>\n<h3>An\u0131t Duvar (Srebrenica- Poto\u00e7ari Anma Merkezi)<\/h3>\n<p>16 metre uzunlu\u011fundaki duvarda Srebrenica soyk\u0131r\u0131m\u0131nda hayat\u0131n\u0131 kaybeden 8372 ki\u015finin ismi ve do\u011fum y\u0131llar\u0131 bulunmaktad\u0131r. Hayatlar\u0131n\u0131 kaybedenlerin adlar\u0131 ve onlar hakk\u0131ndaki di\u011fer bilgiler 2003 y\u0131l\u0131n\u0131n Eyl\u00fcl ay\u0131nda a\u00e7\u0131lan Poto\u00e7ari Anma Merkezi taraf\u0131ndan haz\u0131rlanm\u0131\u015ft\u0131r.<\/p>\n<h3>Hayatlar\u0131n\u0131 kaybedenlerin portreleri (Srebrenica ve Zepa Anneleri Hareketi Birli\u011fi)<\/h3>\n<p>Daimi serginin bir k\u0131sm\u0131n\u0131 Srebrenica annelerinin toplad\u0131\u011f\u0131 hayat\u0131n\u0131 kaybeden 640 ki\u015finin \u015fahsi foto\u011fraflardan olu\u015fmaktad\u0131r. Foto\u011fraflar Srebrenica\u2019da erkek \u00e7ocuklar\u0131n, gen\u00e7 erkeklerin ve ya\u015fl\u0131lar\u0131n, k\u0131sacas\u0131 her ya\u015fta erke\u011fin sadece adlar\u0131 y\u00fcz\u00fcnden \u00f6ld\u00fcr\u00fcld\u00fc\u011f\u00fcn\u00fc g\u00f6stermektedir.<\/p>\n<h3>Soyk\u0131r\u0131m haritas\u0131 (\u0130nsan Haklar\u0131 Gen\u00e7ler \u0130nisiyatifi YIHR\/Fama)<\/h3>\n<p>Soyk\u0131r\u0131m\u0131n haritalanmas\u0131 17 animasyon y\u00f6ntemiyle yap\u0131lm\u0131\u015f haritadan olu\u015fan metin, resim, foto\u011fraf, video ve interaktif soyk\u0131r\u0131m \u00e7al\u0131\u015fmas\u0131 temsil eden Srebrenica soyk\u0131r\u0131m\u0131n\u0131n detayl\u0131 bilgileri verilmektedir. Soyk\u0131r\u0131m\u0131n ara\u015ft\u0131r\u0131ld\u0131\u011f\u0131 her \u00e7al\u0131\u015fmada ara\u015ft\u0131r\u0131lan b\u00fct\u00fcn soyk\u0131r\u0131mlarda oldu\u011fu gibi\u00a0 b\u00fct\u00fcn fazlardan ge\u00e7ildi\u011fini g\u00f6stermektedir. Bu varsay\u0131mdan yola \u00e7\u0131k\u0131larak \u2018Soyk\u0131r\u0131m\u0131n haritalanmas\u0131\u2019 projesinin metodolojisi soyk\u0131r\u0131m fazlar\u0131n\u0131 takip etmektedir. 17 haritan\u0131n her birinde delillerin bulundu\u011fu anahtar noktalar\u0131 bulunmaktad\u0131r. Projenin amac\u0131 soyk\u0131r\u0131m mekanizmas\u0131n\u0131n a\u00e7\u0131klanmas\u0131 ve alg\u0131lanmas\u0131n\u0131n evrensel bilgi verici modelinin olu\u015fturulmas\u0131d\u0131r. Burada online versiyonuna bakabilirsiniz<\/p>\n<h3>Srebrenica konulu foto\u011fraflar (Tarik Samarah)<\/h3>\n<p>Tarik Samarah\u2019\u0131n foto\u011fraflar\u0131 Srebrenica katliam\u0131ndan sonra kalan belgesel- sanatsal g\u00f6rselleridir. Orada sa\u011f kalanlar\u0131n bug\u00fcnk\u00fc ya\u015famlar\u0131, toplu mezarlardan kal\u0131nt\u0131lar\u0131n \u00e7\u0131kart\u0131lmas\u0131, kimliklerin belirlenmesi s\u00fcreci, hayatlar\u0131n\u0131 kaybedenlerin tekrar topra\u011fa verilmesinden ge\u00e7ilerek meydana gelen foto\u011fraflar II. D\u00fcnya Sava\u015f\u0131\u2019ndan sonra Avrupa\u2019da ya\u015fanan en b\u00fcy\u00fck katliam\u0131n huzursuzluk verici hikayesini sunmaktad\u0131r.<\/p>\n<h3>Soyk\u0131r\u0131m video ar\u015fivi (Cinema for Peace Foundation)<\/h3>\n<p>Soyk\u0131r\u0131m video ar\u015fivi sa\u011f kalan Srebrenical\u0131lar\u0131n \u015fahsi hikayelerini i\u00e7eren Cinema for Peace Vakf\u0131n\u0131n projesidir. \u2018Soyk\u0131r\u0131m video ar\u015fivi\u2019 projesi s\u00f6zl\u00fc tarih modeli olarak sa\u011f kalan Srebrenical\u0131lar\u0131n hayati tecr\u00fcbelerinin sunmaktad\u0131r.<\/p>\n<h3>Toplu mezarlar\u0131n yerlerinin belirtildi\u011fi harita (Bosna Hersek Kay\u0131plar Enstit\u00fcs\u00fc)<\/h3>\n<p>Bosna Hersek Kay\u0131plar Enstit\u00fcs\u00fc ba\u011f\u0131ms\u0131z ve profesyonel bir kurum olup 1992- 1995 y\u0131llar\u0131 aras\u0131nda ya\u015fanan sava\u015f s\u0131ras\u0131nda kaybolan insanlar\u0131n bulunmas\u0131 s\u00fcrecinin h\u0131zland\u0131r\u0131lmas\u0131, kay\u0131plar\u0131n merkezi kay\u0131t\u0131n\u0131n (KMK) olu\u015fturulmas\u0131 ve Bosan Hersek\u2019te bulunan tek ve toplu mezarlar\u0131n korunmas\u0131 ve kataloglanmas\u0131 amac\u0131yla kurulmu\u015ftur.<\/p>\n","protected":false},"excerpt":{"rendered":"<p>11\/07\/95 Galerisi ziyaret\u00e7ileri Srebrenica soyk\u0131r\u0131m\u0131n\u0131 ve 11.07.1995 tarihinden sonra sa\u011f kalanlar\u0131n hayatlar\u0131n\u0131 g\u00f6steren belgesel ve sanatsal g\u00f6r\u00fcnt\u00fcleri izleme imkan\u0131na sahiptir. Sergi multimedya \u00f6zelli\u011fine sahip olup a\u015fa\u011f\u0131da belirtilen par\u00e7alardan olu\u015fmaktad\u0131r. An\u0131t Duvar (Srebrenica- Poto\u00e7ari Anma Merkezi) 16 metre uzunlu\u011fundaki duvarda Srebrenica soyk\u0131r\u0131m\u0131nda hayat\u0131n\u0131 kaybeden 8372 ki\u015finin ismi ve do\u011fum y\u0131llar\u0131 bulunmaktad\u0131r. Hayatlar\u0131n\u0131 kaybedenlerin adlar\u0131 ve onlar &hellip; <a href=\"https:\/\/galerija110795.ba\/tr\/110795-galerisi-hakkinda\/srebrenica-daimi-sergi\/\">Continued<\/a><\/p>\n","protected":false},"author":1,"featured_media":1127,"parent":489,"menu_order":1,"comment_status":"closed","ping_status":"closed","template":"","meta":{"_acf_changed":false,"footnotes":""},"class_list":["post-506","page","type-page","status-publish","has-post-thumbnail","hentry"],"acf":[],"yoast_head":"<!-- This site is optimized with the Yoast SEO plugin v26.8 - https:\/\/yoast.com\/product\/yoast-seo-wordpress\/ -->\n<title>\u2018Srebrenica\u2019 daimi sergi - Galerija 11\/07\/95<\/title>\n<meta name=\"robots\" content=\"index, follow, max-snippet:-1, max-image-preview:large, max-video-preview:-1\" \/>\n<link rel=\"canonical\" href=\"https:\/\/galerija110795.ba\/tr\/110795-galerisi-hakkinda\/srebrenica-daimi-sergi\/\" \/>\n<meta property=\"og:locale\" content=\"tr_TR\" \/>\n<meta property=\"og:type\" content=\"article\" \/>\n<meta property=\"og:title\" content=\"\u2018Srebrenica\u2019 daimi sergi - Galerija 11\/07\/95\" \/>\n<meta property=\"og:description\" content=\"11\/07\/95 Galerisi ziyaret\u00e7ileri Srebrenica soyk\u0131r\u0131m\u0131n\u0131 ve 11.07.1995 tarihinden sonra sa\u011f kalanlar\u0131n hayatlar\u0131n\u0131 g\u00f6steren belgesel ve sanatsal g\u00f6r\u00fcnt\u00fcleri izleme imkan\u0131na sahiptir. Sergi multimedya \u00f6zelli\u011fine sahip olup a\u015fa\u011f\u0131da belirtilen par\u00e7alardan olu\u015fmaktad\u0131r. An\u0131t Duvar (Srebrenica- Poto\u00e7ari Anma Merkezi) 16 metre uzunlu\u011fundaki duvarda Srebrenica soyk\u0131r\u0131m\u0131nda hayat\u0131n\u0131 kaybeden 8372 ki\u015finin ismi ve do\u011fum y\u0131llar\u0131 bulunmaktad\u0131r. Hayatlar\u0131n\u0131 kaybedenlerin adlar\u0131 ve onlar &hellip; Continued\" \/>\n<meta property=\"og:url\" content=\"https:\/\/galerija110795.ba\/tr\/110795-galerisi-hakkinda\/srebrenica-daimi-sergi\/\" \/>\n<meta property=\"og:site_name\" content=\"Galerija 11\/07\/95\" \/>\n<meta property=\"og:image\" content=\"https:\/\/galerija110795.ba\/app\/uploads\/2012\/10\/gallery_110795_03-1200x800.jpg\" \/>\n\t<meta property=\"og:image:width\" content=\"1200\" \/>\n\t<meta property=\"og:image:height\" content=\"800\" \/>\n\t<meta property=\"og:image:type\" content=\"image\/jpeg\" \/>\n<meta name=\"twitter:card\" content=\"summary_large_image\" \/>\n<meta name=\"twitter:label1\" content=\"Est. reading time\" \/>\n\t<meta name=\"twitter:data1\" content=\"3 minutes\" \/>\n<script type=\"application\/ld+json\" class=\"yoast-schema-graph\">{\"@context\":\"https:\/\/schema.org\",\"@graph\":[{\"@type\":\"WebPage\",\"@id\":\"https:\/\/galerija110795.ba\/tr\/110795-galerisi-hakkinda\/srebrenica-daimi-sergi\/\",\"url\":\"https:\/\/galerija110795.ba\/tr\/110795-galerisi-hakkinda\/srebrenica-daimi-sergi\/\",\"name\":\"\u2018Srebrenica\u2019 daimi sergi - Galerija 11\/07\/95\",\"isPartOf\":{\"@id\":\"https:\/\/galerija110795.ba\/#website\"},\"primaryImageOfPage\":{\"@id\":\"https:\/\/galerija110795.ba\/tr\/110795-galerisi-hakkinda\/srebrenica-daimi-sergi\/#primaryimage\"},\"image\":{\"@id\":\"https:\/\/galerija110795.ba\/tr\/110795-galerisi-hakkinda\/srebrenica-daimi-sergi\/#primaryimage\"},\"thumbnailUrl\":\"https:\/\/galerija110795.ba\/app\/uploads\/2012\/10\/gallery_110795_03.jpg\",\"datePublished\":\"2013-11-11T18:27:42+00:00\",\"breadcrumb\":{\"@id\":\"https:\/\/galerija110795.ba\/tr\/110795-galerisi-hakkinda\/srebrenica-daimi-sergi\/#breadcrumb\"},\"inLanguage\":\"tr\",\"potentialAction\":[{\"@type\":\"ReadAction\",\"target\":[\"https:\/\/galerija110795.ba\/tr\/110795-galerisi-hakkinda\/srebrenica-daimi-sergi\/\"]}]},{\"@type\":\"ImageObject\",\"inLanguage\":\"tr\",\"@id\":\"https:\/\/galerija110795.ba\/tr\/110795-galerisi-hakkinda\/srebrenica-daimi-sergi\/#primaryimage\",\"url\":\"https:\/\/galerija110795.ba\/app\/uploads\/2012\/10\/gallery_110795_03.jpg\",\"contentUrl\":\"https:\/\/galerija110795.ba\/app\/uploads\/2012\/10\/gallery_110795_03.jpg\",\"width\":2400,\"height\":1600},{\"@type\":\"BreadcrumbList\",\"@id\":\"https:\/\/galerija110795.ba\/tr\/110795-galerisi-hakkinda\/srebrenica-daimi-sergi\/#breadcrumb\",\"itemListElement\":[{\"@type\":\"ListItem\",\"position\":1,\"name\":\"Home\",\"item\":\"https:\/\/galerija110795.ba\/tr\/\"},{\"@type\":\"ListItem\",\"position\":2,\"name\":\"11\/07\/95 Galerisi hakk\u0131nda\",\"item\":\"https:\/\/galerija110795.ba\/tr\/110795-galerisi-hakkinda\/\"},{\"@type\":\"ListItem\",\"position\":3,\"name\":\"\u2018Srebrenica\u2019 daimi sergi\"}]},{\"@type\":\"WebSite\",\"@id\":\"https:\/\/galerija110795.ba\/#website\",\"url\":\"https:\/\/galerija110795.ba\/\",\"name\":\"Galerija 11\/07\/95\",\"description\":\"Bosna-Hersek\u2019te d\u00fczenlenen ilk anma galerisi, Srebrenitsa trajedisi ve Srebrenitsa soyk\u0131r\u0131m\u0131nda  katledilen 8372 ki\u015fi  an\u0131lar\u0131n\u0131n korunmas\u0131 amac\u0131yla a\u00e7\u0131lan  sergi alan\u0131d\u0131r.\",\"publisher\":{\"@id\":\"https:\/\/galerija110795.ba\/#organization\"},\"potentialAction\":[{\"@type\":\"SearchAction\",\"target\":{\"@type\":\"EntryPoint\",\"urlTemplate\":\"https:\/\/galerija110795.ba\/?s={search_term_string}\"},\"query-input\":{\"@type\":\"PropertyValueSpecification\",\"valueRequired\":true,\"valueName\":\"search_term_string\"}}],\"inLanguage\":\"tr\"},{\"@type\":\"Organization\",\"@id\":\"https:\/\/galerija110795.ba\/#organization\",\"name\":\"Galerija 11\/07\/95\",\"url\":\"https:\/\/galerija110795.ba\/\",\"logo\":{\"@type\":\"ImageObject\",\"inLanguage\":\"tr\",\"@id\":\"https:\/\/galerija110795.ba\/#\/schema\/logo\/image\/\",\"url\":\"https:\/\/galerija110795.ba\/app\/uploads\/2013\/09\/galerija_110795_logo.png\",\"contentUrl\":\"https:\/\/galerija110795.ba\/app\/uploads\/2013\/09\/galerija_110795_logo.png\",\"width\":1254,\"height\":408,\"caption\":\"Galerija 11\/07\/95\"},\"image\":{\"@id\":\"https:\/\/galerija110795.ba\/#\/schema\/logo\/image\/\"}}]}<\/script>\n<!-- \/ Yoast SEO plugin. -->","yoast_head_json":{"title":"\u2018Srebrenica\u2019 daimi sergi - Galerija 11\/07\/95","robots":{"index":"index","follow":"follow","max-snippet":"max-snippet:-1","max-image-preview":"max-image-preview:large","max-video-preview":"max-video-preview:-1"},"canonical":"https:\/\/galerija110795.ba\/tr\/110795-galerisi-hakkinda\/srebrenica-daimi-sergi\/","og_locale":"tr_TR","og_type":"article","og_title":"\u2018Srebrenica\u2019 daimi sergi - Galerija 11\/07\/95","og_description":"11\/07\/95 Galerisi ziyaret\u00e7ileri Srebrenica soyk\u0131r\u0131m\u0131n\u0131 ve 11.07.1995 tarihinden sonra sa\u011f kalanlar\u0131n hayatlar\u0131n\u0131 g\u00f6steren belgesel ve sanatsal g\u00f6r\u00fcnt\u00fcleri izleme imkan\u0131na sahiptir. Sergi multimedya \u00f6zelli\u011fine sahip olup a\u015fa\u011f\u0131da belirtilen par\u00e7alardan olu\u015fmaktad\u0131r. An\u0131t Duvar (Srebrenica- Poto\u00e7ari Anma Merkezi) 16 metre uzunlu\u011fundaki duvarda Srebrenica soyk\u0131r\u0131m\u0131nda hayat\u0131n\u0131 kaybeden 8372 ki\u015finin ismi ve do\u011fum y\u0131llar\u0131 bulunmaktad\u0131r. Hayatlar\u0131n\u0131 kaybedenlerin adlar\u0131 ve onlar &hellip; Continued","og_url":"https:\/\/galerija110795.ba\/tr\/110795-galerisi-hakkinda\/srebrenica-daimi-sergi\/","og_site_name":"Galerija 11\/07\/95","og_image":[{"width":1200,"height":800,"url":"https:\/\/galerija110795.ba\/app\/uploads\/2012\/10\/gallery_110795_03-1200x800.jpg","type":"image\/jpeg"}],"twitter_card":"summary_large_image","twitter_misc":{"Est. reading time":"3 minutes"},"schema":{"@context":"https:\/\/schema.org","@graph":[{"@type":"WebPage","@id":"https:\/\/galerija110795.ba\/tr\/110795-galerisi-hakkinda\/srebrenica-daimi-sergi\/","url":"https:\/\/galerija110795.ba\/tr\/110795-galerisi-hakkinda\/srebrenica-daimi-sergi\/","name":"\u2018Srebrenica\u2019 daimi sergi - Galerija 11\/07\/95","isPartOf":{"@id":"https:\/\/galerija110795.ba\/#website"},"primaryImageOfPage":{"@id":"https:\/\/galerija110795.ba\/tr\/110795-galerisi-hakkinda\/srebrenica-daimi-sergi\/#primaryimage"},"image":{"@id":"https:\/\/galerija110795.ba\/tr\/110795-galerisi-hakkinda\/srebrenica-daimi-sergi\/#primaryimage"},"thumbnailUrl":"https:\/\/galerija110795.ba\/app\/uploads\/2012\/10\/gallery_110795_03.jpg","datePublished":"2013-11-11T18:27:42+00:00","breadcrumb":{"@id":"https:\/\/galerija110795.ba\/tr\/110795-galerisi-hakkinda\/srebrenica-daimi-sergi\/#breadcrumb"},"inLanguage":"tr","potentialAction":[{"@type":"ReadAction","target":["https:\/\/galerija110795.ba\/tr\/110795-galerisi-hakkinda\/srebrenica-daimi-sergi\/"]}]},{"@type":"ImageObject","inLanguage":"tr","@id":"https:\/\/galerija110795.ba\/tr\/110795-galerisi-hakkinda\/srebrenica-daimi-sergi\/#primaryimage","url":"https:\/\/galerija110795.ba\/app\/uploads\/2012\/10\/gallery_110795_03.jpg","contentUrl":"https:\/\/galerija110795.ba\/app\/uploads\/2012\/10\/gallery_110795_03.jpg","width":2400,"height":1600},{"@type":"BreadcrumbList","@id":"https:\/\/galerija110795.ba\/tr\/110795-galerisi-hakkinda\/srebrenica-daimi-sergi\/#breadcrumb","itemListElement":[{"@type":"ListItem","position":1,"name":"Home","item":"https:\/\/galerija110795.ba\/tr\/"},{"@type":"ListItem","position":2,"name":"11\/07\/95 Galerisi hakk\u0131nda","item":"https:\/\/galerija110795.ba\/tr\/110795-galerisi-hakkinda\/"},{"@type":"ListItem","position":3,"name":"\u2018Srebrenica\u2019 daimi sergi"}]},{"@type":"WebSite","@id":"https:\/\/galerija110795.ba\/#website","url":"https:\/\/galerija110795.ba\/","name":"Galerija 11\/07\/95","description":"Bosna-Hersek\u2019te d\u00fczenlenen ilk anma galerisi, Srebrenitsa trajedisi ve Srebrenitsa soyk\u0131r\u0131m\u0131nda  katledilen 8372 ki\u015fi  an\u0131lar\u0131n\u0131n korunmas\u0131 amac\u0131yla a\u00e7\u0131lan  sergi alan\u0131d\u0131r.","publisher":{"@id":"https:\/\/galerija110795.ba\/#organization"},"potentialAction":[{"@type":"SearchAction","target":{"@type":"EntryPoint","urlTemplate":"https:\/\/galerija110795.ba\/?s={search_term_string}"},"query-input":{"@type":"PropertyValueSpecification","valueRequired":true,"valueName":"search_term_string"}}],"inLanguage":"tr"},{"@type":"Organization","@id":"https:\/\/galerija110795.ba\/#organization","name":"Galerija 11\/07\/95","url":"https:\/\/galerija110795.ba\/","logo":{"@type":"ImageObject","inLanguage":"tr","@id":"https:\/\/galerija110795.ba\/#\/schema\/logo\/image\/","url":"https:\/\/galerija110795.ba\/app\/uploads\/2013\/09\/galerija_110795_logo.png","contentUrl":"https:\/\/galerija110795.ba\/app\/uploads\/2013\/09\/galerija_110795_logo.png","width":1254,"height":408,"caption":"Galerija 11\/07\/95"},"image":{"@id":"https:\/\/galerija110795.ba\/#\/schema\/logo\/image\/"}}]}},"wpml_current_locale":"tr","wpml_translations":{"bs_BA":{"locale":"bs_BA","id":95,"slug":"stalna-postavka-srebrenica","post_title":"Stalna postavka \"Srebrenica\"","href":"https:\/\/galerija110795.ba\/bs\/izlozbe\/stalna-postavka-srebrenica\/"},"en_US":{"locale":"en_US","id":296,"slug":"permanent-exhibition-srebrenica","post_title":"Permanent Exhibition \"Srebrenica\"","href":"https:\/\/galerija110795.ba\/exhibitions\/permanent-exhibition-srebrenica\/"},"fr_FR":{"locale":"fr_FR","id":360,"slug":"lexposition-permanente-srebrenica","post_title":"L\u2019exposition permanente \u00abSrebrenica\u00bb","href":"https:\/\/galerija110795.ba\/fr\/sur-la-galerie-110795\/lexposition-permanente-srebrenica\/"},"de_DE":{"locale":"de_DE","id":504,"slug":"standige-ausstellung-srebrenica","post_title":"St\u00e4ndige Ausstellung \"Srebrenica\"","href":"https:\/\/galerija110795.ba\/de\/uber-die-galerija-110795\/standige-ausstellung-srebrenica\/"},"it_IT":{"locale":"it_IT","id":505,"slug":"esposizione-permanente-srebrenica","post_title":"Esposizione permanente \"Srebrenica\"","href":"https:\/\/galerija110795.ba\/it\/sulla-galleria-110795\/esposizione-permanente-srebrenica\/"},"tr":{"locale":"tr","id":506,"slug":"srebrenica-daimi-sergi","post_title":"\u2018Srebrenica\u2019 daimi sergi","href":"https:\/\/galerija110795.ba\/tr\/110795-galerisi-hakkinda\/srebrenica-daimi-sergi\/"}},"_links":{"self":[{"href":"https:\/\/galerija110795.ba\/tr\/wp-json\/wp\/v2\/pages\/506","targetHints":{"allow":["GET"]}}],"collection":[{"href":"https:\/\/galerija110795.ba\/tr\/wp-json\/wp\/v2\/pages"}],"about":[{"href":"https:\/\/galerija110795.ba\/tr\/wp-json\/wp\/v2\/types\/page"}],"author":[{"embeddable":true,"href":"https:\/\/galerija110795.ba\/tr\/wp-json\/wp\/v2\/users\/1"}],"replies":[{"embeddable":true,"href":"https:\/\/galerija110795.ba\/tr\/wp-json\/wp\/v2\/comments?post=506"}],"version-history":[{"count":0,"href":"https:\/\/galerija110795.ba\/tr\/wp-json\/wp\/v2\/pages\/506\/revisions"}],"up":[{"embeddable":true,"href":"https:\/\/galerija110795.ba\/tr\/wp-json\/wp\/v2\/pages\/489"}],"wp:featuredmedia":[{"embeddable":true,"href":"https:\/\/galerija110795.ba\/tr\/wp-json\/wp\/v2\/media\/1127"}],"wp:attachment":[{"href":"https:\/\/galerija110795.ba\/tr\/wp-json\/wp\/v2\/media?parent=506"}],"curies":[{"name":"wp","href":"https:\/\/api.w.org\/{rel}","templated":true}]}}