{"version":"1.0","provider_name":"Galerija 11\/07\/95","provider_url":"https:\/\/galerija110795.ba\/tr\/","author_name":"enes","author_url":"https:\/\/galerija110795.ba\/tr\/author\/enes\/","title":"11\/07\/95 Galerisi hakk\u0131nda - Galerija 11\/07\/95","type":"rich","width":600,"height":338,"html":"<blockquote class=\"wp-embedded-content\" data-secret=\"Mj0Cc9VFsN\"><a href=\"https:\/\/galerija110795.ba\/tr\/110795-galerisi-hakkinda\/\">11\/07\/95 Galerisi hakk\u0131nda<\/a><\/blockquote><iframe sandbox=\"allow-scripts\" security=\"restricted\" src=\"https:\/\/galerija110795.ba\/tr\/110795-galerisi-hakkinda\/embed\/#?secret=Mj0Cc9VFsN\" width=\"600\" height=\"338\" title=\"&#8220;11\/07\/95 Galerisi hakk\u0131nda&#8221; &#8212; Galerija 11\/07\/95\" data-secret=\"Mj0Cc9VFsN\" frameborder=\"0\" marginwidth=\"0\" marginheight=\"0\" scrolling=\"no\" class=\"wp-embedded-content\"><\/iframe><script type=\"text\/javascript\">\n\/* <![CDATA[ *\/\n\/*! This file is auto-generated *\/\n!function(d,l){\"use strict\";l.querySelector&&d.addEventListener&&\"undefined\"!=typeof URL&&(d.wp=d.wp||{},d.wp.receiveEmbedMessage||(d.wp.receiveEmbedMessage=function(e){var t=e.data;if((t||t.secret||t.message||t.value)&&!\/[^a-zA-Z0-9]\/.test(t.secret)){for(var s,r,n,a=l.querySelectorAll('iframe[data-secret=\"'+t.secret+'\"]'),o=l.querySelectorAll('blockquote[data-secret=\"'+t.secret+'\"]'),c=new RegExp(\"^https?:$\",\"i\"),i=0;i<o.length;i++)o[i].style.display=\"none\";for(i=0;i<a.length;i++)s=a[i],e.source===s.contentWindow&&(s.removeAttribute(\"style\"),\"height\"===t.message?(1e3<(r=parseInt(t.value,10))?r=1e3:~~r<200&&(r=200),s.height=r):\"link\"===t.message&&(r=new URL(s.getAttribute(\"src\")),n=new URL(t.value),c.test(n.protocol))&&n.host===r.host&&l.activeElement===s&&(d.top.location.href=t.value))}},d.addEventListener(\"message\",d.wp.receiveEmbedMessage,!1),l.addEventListener(\"DOMContentLoaded\",function(){for(var e,t,s=l.querySelectorAll(\"iframe.wp-embedded-content\"),r=0;r<s.length;r++)(t=(e=s[r]).getAttribute(\"data-secret\"))||(t=Math.random().toString(36).substring(2,12),e.src+=\"#?secret=\"+t,e.setAttribute(\"data-secret\",t)),e.contentWindow.postMessage({message:\"ready\",secret:t},\"*\")},!1)))}(window,document);\n\/\/# sourceURL=https:\/\/galerija110795.ba\/wp\/wp-includes\/js\/wp-embed.min.js\n\/* ]]> *\/\n<\/script>\n","description":"11\/07\/95 Galerisi Srebrenica soyk\u0131r\u0131m\u0131nda trajik \u015fekilde hayatlar\u0131n\u0131 kaybeden 8372 ki\u015finin an\u0131s\u0131n\u0131n korunmas\u0131 i\u00e7in Bosna Hersek\u2019te ilk a\u00e7\u0131lan anma galerisidir. 12 Temmuz 2012 tarihinde, Srebrenica anma g\u00fcn\u00fcn\u00fcn ertesi g\u00fcn\u00fc, sembolik olarak ve anma k\u00fclt\u00fcr\u00fcn\u00fcn bir par\u00e7as\u0131 olmas\u0131 amac\u0131yla- ayn\u0131 zamanda anma ve \u015fiddete uyar\u0131 olarak a\u00e7\u0131lm\u0131\u015ft\u0131r. Serginin as\u0131l amac\u0131 Srebrenica\u2019dan kalma belgesel sahnelerini sunmakt\u0131r. Hayatlar\u0131n\u0131 kaybeden &hellip; Continued","thumbnail_url":"https:\/\/galerija110795.ba\/app\/uploads\/2012\/10\/gallery_110795_01-600x400.jpg"}