{"id":362,"date":"2013-04-12T10:47:03","date_gmt":"2013-04-12T10:47:03","guid":{"rendered":"https:\/\/galerija110795.ba\/?page_id=362"},"modified":"2026-01-31T16:17:22","modified_gmt":"2026-01-31T15:17:22","slug":"srebrenica","status":"publish","type":"page","link":"https:\/\/galerija110795.ba\/fr\/srebrenica\/","title":{"rendered":"Srebrenica"},"content":{"rendered":"<p>Srebrenica est une petite ville situ\u00e9e \u00e0 l\u2019est de Bosnie-Herz\u00e9govine, et appartenant aujourd\u2019hui \u00e0 l\u2019entit\u00e9 Republika Srpska. Par son histoire sanglante, cette ville est entr\u00e9e en 1995 dans l\u2019histoire mondiale\u00a0; son nom est devenu le synonyme du plus grand crime commis en Europe \u00e0 la fin du XXe si\u00e8cle.<\/p>\n<p>Au commencement de la guerre, en 1992, les unit\u00e9s de l\u2019Arm\u00e9e Yougoslave (JNA), les unit\u00e9s paramilitaires et les membres du Partie D\u00e9mocratique Serbe occup\u00e8rent Srebrenica. Au d\u00e9but de 1993, le territoire entre Zvornik et Srebrenica tomba entre les mains de l\u2019Arm\u00e9e de la R\u00e9publique Serbe, \u00e0 la suite de quoi un grand nombre de personnes trouva refuge pr\u00e9cis\u00e9ment sur le territoire de Srebrenica. En raison de sa position sp\u00e9cifique et de son occupation, Srebrenica fut dans un premier temps d\u00e9militaris\u00e9e, pour \u00eatre ensuite d\u00e9cr\u00e9t\u00e9e par le Conseil de S\u00e9curit\u00e9 de l\u2019ONU \u00ab\u00a0zone prot\u00e9g\u00e9e\u00a0\u00bb par les forces internationales.<\/p>\n<p><img decoding=\"async\" class=\"img-responsive alignnone\" src=\"https:\/\/galerija110795.ba\/app\/uploads\/2012\/10\/panorama_srebrenica.jpg\" alt=\"Panorama\"\/><\/p>\n<p>A ce moment, Srebrenica comptait plus de 50000 habitants \u2013 cinq fois plus qu\u2019au d\u00e9but de la guerre.<\/p>\n<p>Formellement sous la protection de l\u2019ONU, Srebrenica fut quotidiennement bombard\u00e9e, et ses habitants v\u00e9curent sans nourriture suffisante et sans pouvoir satisfaire des besoins \u00e9l\u00e9mentaires indispensables \u00e0 la vie.<\/p>\n<p><em>Et arriva alors 1995\u2026<\/em><\/p>\n<p>La mort silencieuse de Srebrenica s\u2019acc\u00e9l\u00e9ra fin juin 1995, lorsque les violentes offensives de l\u2019Arm\u00e9e de R\u00e9publique Srpska s\u2019abattirent sur la \u00ab\u00a0zone prot\u00e9g\u00e9e\u00a0\u00bb de l\u2019ONU. Les troupes de l\u2019ONU \u00e9taient compos\u00e9es de soldats hollandais\u00a0; 600 militaires arriv\u00e9s en janvier et bas\u00e9s dans l\u2019usine d\u2019accumulateurs \u00e0 Poto\u010dari.<\/p>\n<p>Le 6 juillet 1995, l\u2019Arm\u00e9 de la R\u00e9publique Srpska, sous les ordres du g\u00e9n\u00e9ral Ratko Mladi\u0107, entreprit de violents bombardements sur Srebrenica. L\u2019op\u00e9ration militaire appel\u00e9e \u00ab\u00a0Krivaja 95\u00a0\u00bb eut pour r\u00e9sultat l\u2019horrible massacre des civils musulmans\u00a0: hommes, femmes et enfants. Srebrenica tomba \u00a0le 11 juillet\u00a0; suite \u00e0 cela, 25 000 personnes quitt\u00e8rent la ville et se r\u00e9unirent autour de la base de l\u2019ONU pour y trouver refuge. Simultan\u00e9ment, une colonne de 10000 \u00e0 15000 personnes tenta de rejoindre le territoire libre de Tuzla en passant par le territoire occup\u00e9 par l\u2019Arm\u00e9 de la R\u00e9publique Srpska. La colonne fut tout d\u2019abord bris\u00e9e par des bombardements qui eurent pour cons\u00e9quence de permettre de capturer, emprisonner puis tuer ces r\u00e9fugi\u00e9s.<\/p>\n<p>Pendant ce temps, \u00e0 Poto\u010dari, \u00e9taient perp\u00e9tr\u00e9s viols et meurtres. L\u2019arm\u00e9e de la R\u00e9publique Serbe n\u00e9gocia avec l\u2019ONU l\u2019\u00e9vacuation des civils\u00a0; par la suite, le g\u00e9n\u00e9ral Ratko Mladi\u0107 prit la d\u00e9cision que ce seront ses propres troupes qui \u00e9vacueront les civils, en autobus et en camion.<\/p>\n<p>La s\u00e9lection commen\u00e7a alors\u00a0; on s\u00e9para les hommes des femmes et enfants, qui seront ensuite transport\u00e9s \u00e0 Bratunac. La plupart d\u2019entre eux seront tu\u00e9s du 12 au 15 juillet, par des ex\u00e9cutions de masse dans les halles de sport, les usines, dans les champs et les forets\u2026<\/p>\n<p>L\u2019Arm\u00e9 de R\u00e9publique Srpska enterrait les victimes dans des charniers sur le territoire de Zvornik, Vlasenica et Srebrenica. Les analyses forensiques montrent que pendant l\u2019\u00e9t\u00e9 et l\u2019automne 1995, les corps ont \u00e9t\u00e9 retir\u00e9s des fosses primaires, pour \u00eatre enterr\u00e9s \u00e0 nouveau dans des fosses secondaires plus \u00e9loign\u00e9es.<\/p>\n","protected":false},"excerpt":{"rendered":"<p>Srebrenica est une petite ville situ\u00e9e \u00e0 l\u2019est de Bosnie-Herz\u00e9govine, et appartenant aujourd\u2019hui \u00e0 l\u2019entit\u00e9 Republika Srpska. Par son histoire sanglante, cette ville est entr\u00e9e en 1995 dans l\u2019histoire mondiale\u00a0; son nom est devenu le synonyme du plus grand crime commis en Europe \u00e0 la fin du XXe si\u00e8cle. Au commencement de la guerre, en &hellip; <a href=\"https:\/\/galerija110795.ba\/fr\/srebrenica\/\">Continued<\/a><\/p>\n","protected":false},"author":1,"featured_media":0,"parent":0,"menu_order":2,"comment_status":"closed","ping_status":"open","template":"","meta":{"_acf_changed":false,"footnotes":""},"class_list":["post-362","page","type-page","status-publish","hentry"],"acf":[],"yoast_head":"<!-- This site is optimized with the Yoast SEO plugin v26.8 - https:\/\/yoast.com\/product\/yoast-seo-wordpress\/ -->\n<title>Srebrenica - Galerija 11\/07\/95<\/title>\n<meta name=\"robots\" content=\"index, follow, max-snippet:-1, max-image-preview:large, max-video-preview:-1\" \/>\n<link rel=\"canonical\" href=\"https:\/\/galerija110795.ba\/fr\/srebrenica\/\" \/>\n<meta property=\"og:locale\" content=\"fr_FR\" \/>\n<meta property=\"og:type\" content=\"article\" \/>\n<meta property=\"og:title\" content=\"Srebrenica - Galerija 11\/07\/95\" \/>\n<meta property=\"og:description\" content=\"Srebrenica est une petite ville situ\u00e9e \u00e0 l\u2019est de Bosnie-Herz\u00e9govine, et appartenant aujourd\u2019hui \u00e0 l\u2019entit\u00e9 Republika Srpska. Par son histoire sanglante, cette ville est entr\u00e9e en 1995 dans l\u2019histoire mondiale\u00a0; son nom est devenu le synonyme du plus grand crime commis en Europe \u00e0 la fin du XXe si\u00e8cle. Au commencement de la guerre, en &hellip; Continued\" \/>\n<meta property=\"og:url\" content=\"https:\/\/galerija110795.ba\/fr\/srebrenica\/\" \/>\n<meta property=\"og:site_name\" content=\"Galerija 11\/07\/95\" \/>\n<meta property=\"article:modified_time\" content=\"2026-01-31T15:17:22+00:00\" \/>\n<meta property=\"og:image\" content=\"https:\/\/galerija110795.ba\/app\/uploads\/2012\/10\/panorama_srebrenica.jpg\" \/>\n<meta name=\"twitter:card\" content=\"summary_large_image\" \/>\n<meta name=\"twitter:label1\" content=\"Dur\u00e9e de lecture estim\u00e9e\" \/>\n\t<meta name=\"twitter:data1\" content=\"3 minutes\" \/>\n<script type=\"application\/ld+json\" class=\"yoast-schema-graph\">{\"@context\":\"https:\/\/schema.org\",\"@graph\":[{\"@type\":\"WebPage\",\"@id\":\"https:\/\/galerija110795.ba\/fr\/srebrenica\/\",\"url\":\"https:\/\/galerija110795.ba\/fr\/srebrenica\/\",\"name\":\"Srebrenica - Galerija 11\/07\/95\",\"isPartOf\":{\"@id\":\"https:\/\/galerija110795.ba\/#website\"},\"primaryImageOfPage\":{\"@id\":\"https:\/\/galerija110795.ba\/fr\/srebrenica\/#primaryimage\"},\"image\":{\"@id\":\"https:\/\/galerija110795.ba\/fr\/srebrenica\/#primaryimage\"},\"thumbnailUrl\":\"https:\/\/galerija110795.ba\/app\/uploads\/2012\/10\/panorama_srebrenica.jpg\",\"datePublished\":\"2013-04-12T10:47:03+00:00\",\"dateModified\":\"2026-01-31T15:17:22+00:00\",\"breadcrumb\":{\"@id\":\"https:\/\/galerija110795.ba\/fr\/srebrenica\/#breadcrumb\"},\"inLanguage\":\"fr-FR\",\"potentialAction\":[{\"@type\":\"ReadAction\",\"target\":[\"https:\/\/galerija110795.ba\/fr\/srebrenica\/\"]}]},{\"@type\":\"ImageObject\",\"inLanguage\":\"fr-FR\",\"@id\":\"https:\/\/galerija110795.ba\/fr\/srebrenica\/#primaryimage\",\"url\":\"https:\/\/galerija110795.ba\/app\/uploads\/2012\/10\/panorama_srebrenica.jpg\",\"contentUrl\":\"https:\/\/galerija110795.ba\/app\/uploads\/2012\/10\/panorama_srebrenica.jpg\"},{\"@type\":\"BreadcrumbList\",\"@id\":\"https:\/\/galerija110795.ba\/fr\/srebrenica\/#breadcrumb\",\"itemListElement\":[{\"@type\":\"ListItem\",\"position\":1,\"name\":\"Home\",\"item\":\"https:\/\/galerija110795.ba\/fr\/\"},{\"@type\":\"ListItem\",\"position\":2,\"name\":\"Srebrenica\"}]},{\"@type\":\"WebSite\",\"@id\":\"https:\/\/galerija110795.ba\/#website\",\"url\":\"https:\/\/galerija110795.ba\/\",\"name\":\"Galerija 11\/07\/95\",\"description\":\"La premi\u00e8re galerie comm\u00e9morative en Bosnie-Herz\u00e9govine, une salle d'exposition qui a pour but de pr\u00e9server la m\u00e9moire sur la trag\u00e9die de Srebrenica et de 8372 personnes tragiquement tu\u00e9s dans le g\u00e9nocide de Srebrenica.\",\"publisher\":{\"@id\":\"https:\/\/galerija110795.ba\/#organization\"},\"potentialAction\":[{\"@type\":\"SearchAction\",\"target\":{\"@type\":\"EntryPoint\",\"urlTemplate\":\"https:\/\/galerija110795.ba\/?s={search_term_string}\"},\"query-input\":{\"@type\":\"PropertyValueSpecification\",\"valueRequired\":true,\"valueName\":\"search_term_string\"}}],\"inLanguage\":\"fr-FR\"},{\"@type\":\"Organization\",\"@id\":\"https:\/\/galerija110795.ba\/#organization\",\"name\":\"Galerija 11\/07\/95\",\"url\":\"https:\/\/galerija110795.ba\/\",\"logo\":{\"@type\":\"ImageObject\",\"inLanguage\":\"fr-FR\",\"@id\":\"https:\/\/galerija110795.ba\/#\/schema\/logo\/image\/\",\"url\":\"https:\/\/galerija110795.ba\/app\/uploads\/2013\/09\/galerija_110795_logo.png\",\"contentUrl\":\"https:\/\/galerija110795.ba\/app\/uploads\/2013\/09\/galerija_110795_logo.png\",\"width\":1254,\"height\":408,\"caption\":\"Galerija 11\/07\/95\"},\"image\":{\"@id\":\"https:\/\/galerija110795.ba\/#\/schema\/logo\/image\/\"}}]}<\/script>\n<!-- \/ Yoast SEO plugin. -->","yoast_head_json":{"title":"Srebrenica - Galerija 11\/07\/95","robots":{"index":"index","follow":"follow","max-snippet":"max-snippet:-1","max-image-preview":"max-image-preview:large","max-video-preview":"max-video-preview:-1"},"canonical":"https:\/\/galerija110795.ba\/fr\/srebrenica\/","og_locale":"fr_FR","og_type":"article","og_title":"Srebrenica - Galerija 11\/07\/95","og_description":"Srebrenica est une petite ville situ\u00e9e \u00e0 l\u2019est de Bosnie-Herz\u00e9govine, et appartenant aujourd\u2019hui \u00e0 l\u2019entit\u00e9 Republika Srpska. Par son histoire sanglante, cette ville est entr\u00e9e en 1995 dans l\u2019histoire mondiale\u00a0; son nom est devenu le synonyme du plus grand crime commis en Europe \u00e0 la fin du XXe si\u00e8cle. Au commencement de la guerre, en &hellip; Continued","og_url":"https:\/\/galerija110795.ba\/fr\/srebrenica\/","og_site_name":"Galerija 11\/07\/95","article_modified_time":"2026-01-31T15:17:22+00:00","og_image":[{"url":"https:\/\/galerija110795.ba\/app\/uploads\/2012\/10\/panorama_srebrenica.jpg","type":"","width":"","height":""}],"twitter_card":"summary_large_image","twitter_misc":{"Dur\u00e9e de lecture estim\u00e9e":"3 minutes"},"schema":{"@context":"https:\/\/schema.org","@graph":[{"@type":"WebPage","@id":"https:\/\/galerija110795.ba\/fr\/srebrenica\/","url":"https:\/\/galerija110795.ba\/fr\/srebrenica\/","name":"Srebrenica - Galerija 11\/07\/95","isPartOf":{"@id":"https:\/\/galerija110795.ba\/#website"},"primaryImageOfPage":{"@id":"https:\/\/galerija110795.ba\/fr\/srebrenica\/#primaryimage"},"image":{"@id":"https:\/\/galerija110795.ba\/fr\/srebrenica\/#primaryimage"},"thumbnailUrl":"https:\/\/galerija110795.ba\/app\/uploads\/2012\/10\/panorama_srebrenica.jpg","datePublished":"2013-04-12T10:47:03+00:00","dateModified":"2026-01-31T15:17:22+00:00","breadcrumb":{"@id":"https:\/\/galerija110795.ba\/fr\/srebrenica\/#breadcrumb"},"inLanguage":"fr-FR","potentialAction":[{"@type":"ReadAction","target":["https:\/\/galerija110795.ba\/fr\/srebrenica\/"]}]},{"@type":"ImageObject","inLanguage":"fr-FR","@id":"https:\/\/galerija110795.ba\/fr\/srebrenica\/#primaryimage","url":"https:\/\/galerija110795.ba\/app\/uploads\/2012\/10\/panorama_srebrenica.jpg","contentUrl":"https:\/\/galerija110795.ba\/app\/uploads\/2012\/10\/panorama_srebrenica.jpg"},{"@type":"BreadcrumbList","@id":"https:\/\/galerija110795.ba\/fr\/srebrenica\/#breadcrumb","itemListElement":[{"@type":"ListItem","position":1,"name":"Home","item":"https:\/\/galerija110795.ba\/fr\/"},{"@type":"ListItem","position":2,"name":"Srebrenica"}]},{"@type":"WebSite","@id":"https:\/\/galerija110795.ba\/#website","url":"https:\/\/galerija110795.ba\/","name":"Galerija 11\/07\/95","description":"La premi\u00e8re galerie comm\u00e9morative en Bosnie-Herz\u00e9govine, une salle d'exposition qui a pour but de pr\u00e9server la m\u00e9moire sur la trag\u00e9die de Srebrenica et de 8372 personnes tragiquement tu\u00e9s dans le g\u00e9nocide de Srebrenica.","publisher":{"@id":"https:\/\/galerija110795.ba\/#organization"},"potentialAction":[{"@type":"SearchAction","target":{"@type":"EntryPoint","urlTemplate":"https:\/\/galerija110795.ba\/?s={search_term_string}"},"query-input":{"@type":"PropertyValueSpecification","valueRequired":true,"valueName":"search_term_string"}}],"inLanguage":"fr-FR"},{"@type":"Organization","@id":"https:\/\/galerija110795.ba\/#organization","name":"Galerija 11\/07\/95","url":"https:\/\/galerija110795.ba\/","logo":{"@type":"ImageObject","inLanguage":"fr-FR","@id":"https:\/\/galerija110795.ba\/#\/schema\/logo\/image\/","url":"https:\/\/galerija110795.ba\/app\/uploads\/2013\/09\/galerija_110795_logo.png","contentUrl":"https:\/\/galerija110795.ba\/app\/uploads\/2013\/09\/galerija_110795_logo.png","width":1254,"height":408,"caption":"Galerija 11\/07\/95"},"image":{"@id":"https:\/\/galerija110795.ba\/#\/schema\/logo\/image\/"}}]}},"wpml_current_locale":"fr_FR","wpml_translations":{"bs_BA":{"locale":"bs_BA","id":71,"slug":"srebrenica","post_title":"Srebrenica","href":"https:\/\/galerija110795.ba\/bs\/srebrenica\/"},"en_US":{"locale":"en_US","id":298,"slug":"srebrenica","post_title":"Srebrenica","href":"https:\/\/galerija110795.ba\/srebrenica\/"},"fr_FR":{"locale":"fr_FR","id":362,"slug":"srebrenica","post_title":"Srebrenica","href":"https:\/\/galerija110795.ba\/fr\/srebrenica\/"},"de_DE":{"locale":"de_DE","id":510,"slug":"srebrenica","post_title":"Srebrenica","href":"https:\/\/galerija110795.ba\/de\/srebrenica\/"},"it_IT":{"locale":"it_IT","id":511,"slug":"srebrenica","post_title":"Srebrenica","href":"https:\/\/galerija110795.ba\/it\/srebrenica\/"},"tr":{"locale":"tr","id":512,"slug":"srebrenica","post_title":"Srebrenica","href":"https:\/\/galerija110795.ba\/tr\/srebrenica\/"}},"_links":{"self":[{"href":"https:\/\/galerija110795.ba\/fr\/wp-json\/wp\/v2\/pages\/362","targetHints":{"allow":["GET"]}}],"collection":[{"href":"https:\/\/galerija110795.ba\/fr\/wp-json\/wp\/v2\/pages"}],"about":[{"href":"https:\/\/galerija110795.ba\/fr\/wp-json\/wp\/v2\/types\/page"}],"author":[{"embeddable":true,"href":"https:\/\/galerija110795.ba\/fr\/wp-json\/wp\/v2\/users\/1"}],"replies":[{"embeddable":true,"href":"https:\/\/galerija110795.ba\/fr\/wp-json\/wp\/v2\/comments?post=362"}],"version-history":[{"count":1,"href":"https:\/\/galerija110795.ba\/fr\/wp-json\/wp\/v2\/pages\/362\/revisions"}],"predecessor-version":[{"id":5321,"href":"https:\/\/galerija110795.ba\/fr\/wp-json\/wp\/v2\/pages\/362\/revisions\/5321"}],"wp:attachment":[{"href":"https:\/\/galerija110795.ba\/fr\/wp-json\/wp\/v2\/media?parent=362"}],"curies":[{"name":"wp","href":"https:\/\/api.w.org\/{rel}","templated":true}]}}