{"id":360,"date":"2013-04-12T10:45:54","date_gmt":"2013-04-12T10:45:54","guid":{"rendered":"https:\/\/galerija110795.ba\/?page_id=360"},"modified":"2013-11-11T18:35:56","modified_gmt":"2013-11-11T18:35:56","slug":"lexposition-permanente-srebrenica","status":"publish","type":"page","link":"https:\/\/galerija110795.ba\/fr\/sur-la-galerie-110795\/lexposition-permanente-srebrenica\/","title":{"rendered":"L\u2019exposition permanente \u00abSrebrenica\u00bb"},"content":{"rendered":"<p>Les visiteurs de la Galerie 11\/07\/95 ont acc\u00e8s \u00e0 l\u2019exposition permanente \u00ab\u00a0Srebrenica\u00a0\u00bb, qui pr\u00e9sente une vision \u00e0 la fois documentaire et artistique des horreurs de Srebrenica et de la vie des survivants apr\u00e8s le 11.07.1995. L\u2019exposition est une exposition multim\u00e9dia qui se compose de plusieurs parties\u00a0:<\/p>\n<h3>Le mur de la mort (Le centre de m\u00e9moire Srebrenica-Poto\u010dari)<\/h3>\n<p>Sur un mur d\u2019une longueur de 16 m\u00e8tres sont inscrits les noms et les dates de naissance des 8372 victimes tu\u00e9es lors du g\u00e9nocide de Srebrenica. Les noms et les informations concernant les victimes ont \u00e9t\u00e9 rassembl\u00e9s par le Centre de M\u00e9moire de Poto\u010dari, ouvert en septembre 2003.<\/p>\n<h3>Les portraits des personnes tu\u00e9es (L\u2019association\u00a0Mouvement de M\u00e8res d\u2019enclaves de Srebrenica et \u017depa)<\/h3>\n<p>Les 640 photos personnelles des victimes que les m\u00e8res de Srebrenica ont recueillies font partie de l\u2019exposition permanente. Sur les photos, on d\u00e9couvre que les gar\u00e7ons, les jeunes hommes et les hommes \u00e2g\u00e9s, des gens de tous les \u00e2ges qui ont \u00e9t\u00e9 tu\u00e9s \u00e0 Srebrenica, l\u2019ont \u00e9t\u00e9 \u00e0 cause du nom qu\u2019ils portaient.<\/p>\n<h3>La mise en carte du g\u00e9nocide (The Youth Initiative for Human Rights YIHR\/Fama)<\/h3>\n<p>\u00ab\u00a0La mise en carte du g\u00e9nocide\u00a0\u00bb est une \u00e9tude interactive du g\u00e9nocide compos\u00e9e de 17 cartes anim\u00e9es \u00e0 travers lesquelles le g\u00e9nocide de Srebrenica est retrac\u00e9 \u00e0 l\u2019aide de textes, dessins, photos et vid\u00e9os. Les \u00e9tudes portant sur le g\u00e9nocide ont d\u00e9montr\u00e9 que les m\u00eames \u00e9tapes se retrouvent toujours dans le proc\u00e9d\u00e9 du g\u00e9nocide. En prenant cela en compte, la m\u00e9thodologie du projet \u00ab\u00a0La mise en carte du g\u00e9nocide\u00a0\u00bb suit les diff\u00e9rentes phases de sa mise en \u0153uvre. Chacune des 17 cartes insiste sur les secteurs cl\u00e9s dans lesquels se trouvent les preuves. Le but du projet est d\u2019offrir un model universel et \u00e9ducatif qui permettrait de comprendre le m\u00e9canisme du g\u00e9nocide. Vous pouvez consulter la version en ligne ici.<\/p>\n<h3>Les photographies du cycle \u00ab\u00a0Srebrenica\u00a0\u00bb (Tarik Samarah)<\/h3>\n<p>Les photographies de Tarik Samarah constituent une vision documentaire et artistique de ce qu\u2019il reste apr\u00e8s le g\u00e9nocide de Srebrenica. En partant de la vie actuelle des survivants, des fouilles exhumant les restes des corps d\u00e9gag\u00e9s des charniers, du processus d\u2019identification, jusqu\u2019\u00e0 la remise en terre des victimes, les photographies r\u00e9v\u00e8lent l\u2019histoire troublante du plus grand crime commis en Europe apr\u00e8s la Seconde Guerre mondiale.<\/p>\n<h3>Les vid\u00e9os d\u2019archive du g\u00e9nocide (Cinema for Peace Foundation)<\/h3>\n<p>Les vid\u00e9os d\u2019archive du g\u00e9nocide sont un projet de la fondation \u00ab\u00a0Cinema for Peace\u00a0\u00bb qui raconte les histoires personnelles des survivants de Srebrenica. Ils ont \u00e9t\u00e9 con\u00e7us comme un mod\u00e8le d\u2019histoire orale. Le projet \u00ab\u00a0Les vid\u00e9os d\u2019archive du g\u00e9nocide\u00a0\u00bb vise \u00e0 raconter l\u2019histoire de la vie des survivants de Srebrenica, en tant que part importante du processus de constitution de la documentation du g\u00e9nocide.<\/p>\n<h3>La carte avec les localit\u00e9s o\u00f9 se situent les charniers (Institut des personnes disparues en Bosnie-Herzegovine)<\/h3>\n<p>L\u2019Institut des personnes disparues en Bosnie-Herz\u00e9govine est une institution unique, ind\u00e9pendante et professionnelle, qui a \u00e9t\u00e9 fond\u00e9e dans le but d\u2019apporter une aide au processus de recherche des personnes disparues pendant la guerre entre 1992 et 1995. Elle a aussi pour but de mettre en place <span style=\"text-decoration: underline;\">l\u2019Evidence centrale des personnes disparues<\/span> (CEN), ainsi que la protection et la mise en archives des tombes individuelles et des charniers du territoire de Bosnie-Herz\u00e9govine. L\u2019Institut des personnes disparues en Bosnie-Herz\u00e9govine participe \u00e0 l\u2019exposition permanente de la Galerie 11\/07\/95 \u2013 avec des cartes des charniers retrouv\u00e9s jusqu&rsquo;\u00e0 aujourd\u2019hui en Bosnie-Herz\u00e9govine \u2013 et \u00a0apporte par ce biais un aspect documentaire a l\u2019exposition.<\/p>\n","protected":false},"excerpt":{"rendered":"<p>Les visiteurs de la Galerie 11\/07\/95 ont acc\u00e8s \u00e0 l\u2019exposition permanente \u00ab\u00a0Srebrenica\u00a0\u00bb, qui pr\u00e9sente une vision \u00e0 la fois documentaire et artistique des horreurs de Srebrenica et de la vie des survivants apr\u00e8s le 11.07.1995. L\u2019exposition est une exposition multim\u00e9dia qui se compose de plusieurs parties\u00a0: Le mur de la mort (Le centre de m\u00e9moire &hellip; <a href=\"https:\/\/galerija110795.ba\/fr\/sur-la-galerie-110795\/lexposition-permanente-srebrenica\/\">Continued<\/a><\/p>\n","protected":false},"author":1,"featured_media":0,"parent":354,"menu_order":1,"comment_status":"closed","ping_status":"closed","template":"","meta":{"_acf_changed":false,"footnotes":""},"class_list":["post-360","page","type-page","status-publish","hentry"],"acf":[],"yoast_head":"<!-- This site is optimized with the Yoast SEO plugin v26.8 - https:\/\/yoast.com\/product\/yoast-seo-wordpress\/ -->\n<title>L\u2019exposition permanente \u00abSrebrenica\u00bb - Galerija 11\/07\/95<\/title>\n<meta name=\"robots\" content=\"index, follow, max-snippet:-1, max-image-preview:large, max-video-preview:-1\" \/>\n<link rel=\"canonical\" href=\"https:\/\/galerija110795.ba\/fr\/sur-la-galerie-110795\/lexposition-permanente-srebrenica\/\" \/>\n<meta property=\"og:locale\" content=\"fr_FR\" \/>\n<meta property=\"og:type\" content=\"article\" \/>\n<meta property=\"og:title\" content=\"L\u2019exposition permanente \u00abSrebrenica\u00bb - Galerija 11\/07\/95\" \/>\n<meta property=\"og:description\" content=\"Les visiteurs de la Galerie 11\/07\/95 ont acc\u00e8s \u00e0 l\u2019exposition permanente \u00ab\u00a0Srebrenica\u00a0\u00bb, qui pr\u00e9sente une vision \u00e0 la fois documentaire et artistique des horreurs de Srebrenica et de la vie des survivants apr\u00e8s le 11.07.1995. L\u2019exposition est une exposition multim\u00e9dia qui se compose de plusieurs parties\u00a0: Le mur de la mort (Le centre de m\u00e9moire &hellip; Continued\" \/>\n<meta property=\"og:url\" content=\"https:\/\/galerija110795.ba\/fr\/sur-la-galerie-110795\/lexposition-permanente-srebrenica\/\" \/>\n<meta property=\"og:site_name\" content=\"Galerija 11\/07\/95\" \/>\n<meta property=\"article:modified_time\" content=\"2013-11-11T18:35:56+00:00\" \/>\n<meta property=\"og:image\" content=\"https:\/\/galerija110795.ba\/app\/uploads\/2012\/10\/gallery_110795_03-1200x800.jpg\" \/>\n\t<meta property=\"og:image:width\" content=\"1200\" \/>\n\t<meta property=\"og:image:height\" content=\"800\" \/>\n\t<meta property=\"og:image:type\" content=\"image\/jpeg\" \/>\n<meta name=\"twitter:card\" content=\"summary_large_image\" \/>\n<meta name=\"twitter:label1\" content=\"Dur\u00e9e de lecture estim\u00e9e\" \/>\n\t<meta name=\"twitter:data1\" content=\"3 minutes\" \/>\n<script type=\"application\/ld+json\" class=\"yoast-schema-graph\">{\"@context\":\"https:\/\/schema.org\",\"@graph\":[{\"@type\":\"WebPage\",\"@id\":\"https:\/\/galerija110795.ba\/fr\/sur-la-galerie-110795\/lexposition-permanente-srebrenica\/\",\"url\":\"https:\/\/galerija110795.ba\/fr\/sur-la-galerie-110795\/lexposition-permanente-srebrenica\/\",\"name\":\"L\u2019exposition permanente \u00abSrebrenica\u00bb - Galerija 11\/07\/95\",\"isPartOf\":{\"@id\":\"https:\/\/galerija110795.ba\/#website\"},\"datePublished\":\"2013-04-12T10:45:54+00:00\",\"dateModified\":\"2013-11-11T18:35:56+00:00\",\"breadcrumb\":{\"@id\":\"https:\/\/galerija110795.ba\/fr\/sur-la-galerie-110795\/lexposition-permanente-srebrenica\/#breadcrumb\"},\"inLanguage\":\"fr-FR\",\"potentialAction\":[{\"@type\":\"ReadAction\",\"target\":[\"https:\/\/galerija110795.ba\/fr\/sur-la-galerie-110795\/lexposition-permanente-srebrenica\/\"]}]},{\"@type\":\"BreadcrumbList\",\"@id\":\"https:\/\/galerija110795.ba\/fr\/sur-la-galerie-110795\/lexposition-permanente-srebrenica\/#breadcrumb\",\"itemListElement\":[{\"@type\":\"ListItem\",\"position\":1,\"name\":\"Home\",\"item\":\"https:\/\/galerija110795.ba\/fr\/\"},{\"@type\":\"ListItem\",\"position\":2,\"name\":\"Sur la Galerie 11\/07\/95\",\"item\":\"https:\/\/galerija110795.ba\/fr\/sur-la-galerie-110795\/\"},{\"@type\":\"ListItem\",\"position\":3,\"name\":\"L\u2019exposition permanente \u00abSrebrenica\u00bb\"}]},{\"@type\":\"WebSite\",\"@id\":\"https:\/\/galerija110795.ba\/#website\",\"url\":\"https:\/\/galerija110795.ba\/\",\"name\":\"Galerija 11\/07\/95\",\"description\":\"La premi\u00e8re galerie comm\u00e9morative en Bosnie-Herz\u00e9govine, une salle d'exposition qui a pour but de pr\u00e9server la m\u00e9moire sur la trag\u00e9die de Srebrenica et de 8372 personnes tragiquement tu\u00e9s dans le g\u00e9nocide de Srebrenica.\",\"publisher\":{\"@id\":\"https:\/\/galerija110795.ba\/#organization\"},\"potentialAction\":[{\"@type\":\"SearchAction\",\"target\":{\"@type\":\"EntryPoint\",\"urlTemplate\":\"https:\/\/galerija110795.ba\/?s={search_term_string}\"},\"query-input\":{\"@type\":\"PropertyValueSpecification\",\"valueRequired\":true,\"valueName\":\"search_term_string\"}}],\"inLanguage\":\"fr-FR\"},{\"@type\":\"Organization\",\"@id\":\"https:\/\/galerija110795.ba\/#organization\",\"name\":\"Galerija 11\/07\/95\",\"url\":\"https:\/\/galerija110795.ba\/\",\"logo\":{\"@type\":\"ImageObject\",\"inLanguage\":\"fr-FR\",\"@id\":\"https:\/\/galerija110795.ba\/#\/schema\/logo\/image\/\",\"url\":\"https:\/\/galerija110795.ba\/app\/uploads\/2013\/09\/galerija_110795_logo.png\",\"contentUrl\":\"https:\/\/galerija110795.ba\/app\/uploads\/2013\/09\/galerija_110795_logo.png\",\"width\":1254,\"height\":408,\"caption\":\"Galerija 11\/07\/95\"},\"image\":{\"@id\":\"https:\/\/galerija110795.ba\/#\/schema\/logo\/image\/\"}}]}<\/script>\n<!-- \/ Yoast SEO plugin. -->","yoast_head_json":{"title":"L\u2019exposition permanente \u00abSrebrenica\u00bb - Galerija 11\/07\/95","robots":{"index":"index","follow":"follow","max-snippet":"max-snippet:-1","max-image-preview":"max-image-preview:large","max-video-preview":"max-video-preview:-1"},"canonical":"https:\/\/galerija110795.ba\/fr\/sur-la-galerie-110795\/lexposition-permanente-srebrenica\/","og_locale":"fr_FR","og_type":"article","og_title":"L\u2019exposition permanente \u00abSrebrenica\u00bb - Galerija 11\/07\/95","og_description":"Les visiteurs de la Galerie 11\/07\/95 ont acc\u00e8s \u00e0 l\u2019exposition permanente \u00ab\u00a0Srebrenica\u00a0\u00bb, qui pr\u00e9sente une vision \u00e0 la fois documentaire et artistique des horreurs de Srebrenica et de la vie des survivants apr\u00e8s le 11.07.1995. L\u2019exposition est une exposition multim\u00e9dia qui se compose de plusieurs parties\u00a0: Le mur de la mort (Le centre de m\u00e9moire &hellip; Continued","og_url":"https:\/\/galerija110795.ba\/fr\/sur-la-galerie-110795\/lexposition-permanente-srebrenica\/","og_site_name":"Galerija 11\/07\/95","article_modified_time":"2013-11-11T18:35:56+00:00","og_image":[{"width":1200,"height":800,"url":"https:\/\/galerija110795.ba\/app\/uploads\/2012\/10\/gallery_110795_03-1200x800.jpg","type":"image\/jpeg"}],"twitter_card":"summary_large_image","twitter_misc":{"Dur\u00e9e de lecture estim\u00e9e":"3 minutes"},"schema":{"@context":"https:\/\/schema.org","@graph":[{"@type":"WebPage","@id":"https:\/\/galerija110795.ba\/fr\/sur-la-galerie-110795\/lexposition-permanente-srebrenica\/","url":"https:\/\/galerija110795.ba\/fr\/sur-la-galerie-110795\/lexposition-permanente-srebrenica\/","name":"L\u2019exposition permanente \u00abSrebrenica\u00bb - Galerija 11\/07\/95","isPartOf":{"@id":"https:\/\/galerija110795.ba\/#website"},"datePublished":"2013-04-12T10:45:54+00:00","dateModified":"2013-11-11T18:35:56+00:00","breadcrumb":{"@id":"https:\/\/galerija110795.ba\/fr\/sur-la-galerie-110795\/lexposition-permanente-srebrenica\/#breadcrumb"},"inLanguage":"fr-FR","potentialAction":[{"@type":"ReadAction","target":["https:\/\/galerija110795.ba\/fr\/sur-la-galerie-110795\/lexposition-permanente-srebrenica\/"]}]},{"@type":"BreadcrumbList","@id":"https:\/\/galerija110795.ba\/fr\/sur-la-galerie-110795\/lexposition-permanente-srebrenica\/#breadcrumb","itemListElement":[{"@type":"ListItem","position":1,"name":"Home","item":"https:\/\/galerija110795.ba\/fr\/"},{"@type":"ListItem","position":2,"name":"Sur la Galerie 11\/07\/95","item":"https:\/\/galerija110795.ba\/fr\/sur-la-galerie-110795\/"},{"@type":"ListItem","position":3,"name":"L\u2019exposition permanente \u00abSrebrenica\u00bb"}]},{"@type":"WebSite","@id":"https:\/\/galerija110795.ba\/#website","url":"https:\/\/galerija110795.ba\/","name":"Galerija 11\/07\/95","description":"La premi\u00e8re galerie comm\u00e9morative en Bosnie-Herz\u00e9govine, une salle d'exposition qui a pour but de pr\u00e9server la m\u00e9moire sur la trag\u00e9die de Srebrenica et de 8372 personnes tragiquement tu\u00e9s dans le g\u00e9nocide de Srebrenica.","publisher":{"@id":"https:\/\/galerija110795.ba\/#organization"},"potentialAction":[{"@type":"SearchAction","target":{"@type":"EntryPoint","urlTemplate":"https:\/\/galerija110795.ba\/?s={search_term_string}"},"query-input":{"@type":"PropertyValueSpecification","valueRequired":true,"valueName":"search_term_string"}}],"inLanguage":"fr-FR"},{"@type":"Organization","@id":"https:\/\/galerija110795.ba\/#organization","name":"Galerija 11\/07\/95","url":"https:\/\/galerija110795.ba\/","logo":{"@type":"ImageObject","inLanguage":"fr-FR","@id":"https:\/\/galerija110795.ba\/#\/schema\/logo\/image\/","url":"https:\/\/galerija110795.ba\/app\/uploads\/2013\/09\/galerija_110795_logo.png","contentUrl":"https:\/\/galerija110795.ba\/app\/uploads\/2013\/09\/galerija_110795_logo.png","width":1254,"height":408,"caption":"Galerija 11\/07\/95"},"image":{"@id":"https:\/\/galerija110795.ba\/#\/schema\/logo\/image\/"}}]}},"wpml_current_locale":"fr_FR","wpml_translations":{"bs_BA":{"locale":"bs_BA","id":95,"slug":"stalna-postavka-srebrenica","post_title":"Stalna postavka \"Srebrenica\"","href":"https:\/\/galerija110795.ba\/bs\/izlozbe\/stalna-postavka-srebrenica\/"},"en_US":{"locale":"en_US","id":296,"slug":"permanent-exhibition-srebrenica","post_title":"Permanent Exhibition \"Srebrenica\"","href":"https:\/\/galerija110795.ba\/exhibitions\/permanent-exhibition-srebrenica\/"},"fr_FR":{"locale":"fr_FR","id":360,"slug":"lexposition-permanente-srebrenica","post_title":"L\u2019exposition permanente \u00abSrebrenica\u00bb","href":"https:\/\/galerija110795.ba\/fr\/sur-la-galerie-110795\/lexposition-permanente-srebrenica\/"},"de_DE":{"locale":"de_DE","id":504,"slug":"standige-ausstellung-srebrenica","post_title":"St\u00e4ndige Ausstellung \"Srebrenica\"","href":"https:\/\/galerija110795.ba\/de\/uber-die-galerija-110795\/standige-ausstellung-srebrenica\/"},"it_IT":{"locale":"it_IT","id":505,"slug":"esposizione-permanente-srebrenica","post_title":"Esposizione permanente \"Srebrenica\"","href":"https:\/\/galerija110795.ba\/it\/sulla-galleria-110795\/esposizione-permanente-srebrenica\/"},"tr":{"locale":"tr","id":506,"slug":"srebrenica-daimi-sergi","post_title":"\u2018Srebrenica\u2019 daimi sergi","href":"https:\/\/galerija110795.ba\/tr\/110795-galerisi-hakkinda\/srebrenica-daimi-sergi\/"}},"_links":{"self":[{"href":"https:\/\/galerija110795.ba\/fr\/wp-json\/wp\/v2\/pages\/360","targetHints":{"allow":["GET"]}}],"collection":[{"href":"https:\/\/galerija110795.ba\/fr\/wp-json\/wp\/v2\/pages"}],"about":[{"href":"https:\/\/galerija110795.ba\/fr\/wp-json\/wp\/v2\/types\/page"}],"author":[{"embeddable":true,"href":"https:\/\/galerija110795.ba\/fr\/wp-json\/wp\/v2\/users\/1"}],"replies":[{"embeddable":true,"href":"https:\/\/galerija110795.ba\/fr\/wp-json\/wp\/v2\/comments?post=360"}],"version-history":[{"count":0,"href":"https:\/\/galerija110795.ba\/fr\/wp-json\/wp\/v2\/pages\/360\/revisions"}],"up":[{"embeddable":true,"href":"https:\/\/galerija110795.ba\/fr\/wp-json\/wp\/v2\/pages\/354"}],"wp:attachment":[{"href":"https:\/\/galerija110795.ba\/fr\/wp-json\/wp\/v2\/media?parent=360"}],"curies":[{"name":"wp","href":"https:\/\/api.w.org\/{rel}","templated":true}]}}