{"id":358,"date":"2013-04-12T10:43:20","date_gmt":"2013-04-12T10:43:20","guid":{"rendered":"https:\/\/galerija110795.ba\/?page_id=358"},"modified":"2025-11-12T10:20:04","modified_gmt":"2025-11-12T09:20:04","slug":"informations-pour-les-visiteurs","status":"publish","type":"page","link":"https:\/\/galerija110795.ba\/fr\/sur-la-galerie-110795\/informations-pour-les-visiteurs\/","title":{"rendered":"Informations pour les visiteurs"},"content":{"rendered":"<p><strong>Horaires d\u2019ouverture\u00a0:<\/strong><\/p>\n<p>10h &#8211; 18h<\/p>\n<p>Le tarif peut \u00eatre r\u00e9duit pour les groupes \u2013 sous condition de r\u00e9servation.<\/p>\n<p data-start=\"290\" data-end=\"498\"><strong data-start=\"290\" data-end=\"307\">Audioguides :<\/strong><br data-start=\"307\" data-end=\"310\" \/>Les audioguides sont disponibles dans les langues suivantes : bosnien\/croate\/serbe, anglais, allemand, fran\u00e7ais, italien, espagnol, turc, polonais, portugais, arabe, chinois et japonais.<\/p>\n<p><strong>Les r\u00e8gles de conduite:<\/strong><\/p>\n<p>La Galerie 11\/07\/95 convie l\u2019ensemble de ses visiteurs \u00e0 respecter le th\u00e8me de l\u2019exposition et \u00e0 avoir un comportement appropri\u00e9.<\/p>\n<p>Au sein de l\u2019espace d\u2019exposition de la Galerie 11\/07\/95, il est interdit\u00a0de\u00a0:<\/p>\n<ul>\n<li>faire rentrer et consommer nourriture ou boisson<\/li>\n<li>fumer<\/li>\n<li>photographier<\/li>\n<li>amener des animaux<\/li>\n<li>toucher a l\u2019exposition.<\/li>\n<\/ul>\n<p>Plan de l\u2019exposition<\/p>\n<p><img decoding=\"async\" class=\"img-responsive alignleft\" title=\"Galerija 11\/07\/95 mapa\" src=\"https:\/\/galerija110795.ba\/app\/uploads\/2012\/10\/galerija_mapa_lt.png\" alt=\"\"\/><\/p>\n<h3>Contacts<\/h3>\n<p>Trg Fra Grge Marti\u0107a 2\/III; 71 000 Sarajevo; Bosnie-Herzegovine<br \/>\nE-mail:\u00a0<a href=\"mailto:info@galerija110795.ba\">info@galerija110795.ba<\/a><br \/>\nTel: +387 33 953 170; Fax: +387 33 953 173<br \/>\n<a title=\"Facebook\" href=\"http:\/\/www.facebook.com\/Galerija110795\">Facebook<\/a>\u00a0|\u00a0<a title=\"Twitter\" href=\"http:\/\/twitter.com\/Galerija110795\">Twitter<\/a><\/p>\n","protected":false},"excerpt":{"rendered":"<p>Horaires d\u2019ouverture\u00a0: 10h &#8211; 18h Le tarif peut \u00eatre r\u00e9duit pour les groupes \u2013 sous condition de r\u00e9servation. Audioguides :Les audioguides sont disponibles dans les langues suivantes : bosnien\/croate\/serbe, anglais, allemand, fran\u00e7ais, italien, espagnol, turc, polonais, portugais, arabe, chinois et japonais. Les r\u00e8gles de conduite: La Galerie 11\/07\/95 convie l\u2019ensemble de ses visiteurs \u00e0 respecter &hellip; <a href=\"https:\/\/galerija110795.ba\/fr\/sur-la-galerie-110795\/informations-pour-les-visiteurs\/\">Continued<\/a><\/p>\n","protected":false},"author":1,"featured_media":0,"parent":354,"menu_order":1,"comment_status":"closed","ping_status":"open","template":"","meta":{"_acf_changed":false,"footnotes":""},"class_list":["post-358","page","type-page","status-publish","hentry"],"acf":[],"yoast_head":"<!-- This site is optimized with the Yoast SEO plugin v26.8 - https:\/\/yoast.com\/product\/yoast-seo-wordpress\/ -->\n<title>Informations pour les visiteurs - Galerija 11\/07\/95<\/title>\n<meta name=\"robots\" content=\"index, follow, max-snippet:-1, max-image-preview:large, max-video-preview:-1\" \/>\n<link rel=\"canonical\" href=\"https:\/\/galerija110795.ba\/fr\/sur-la-galerie-110795\/informations-pour-les-visiteurs\/\" \/>\n<meta property=\"og:locale\" content=\"fr_FR\" \/>\n<meta property=\"og:type\" content=\"article\" \/>\n<meta property=\"og:title\" content=\"Informations pour les visiteurs - Galerija 11\/07\/95\" \/>\n<meta property=\"og:description\" content=\"Horaires d\u2019ouverture\u00a0: 10h &#8211; 18h Le tarif peut \u00eatre r\u00e9duit pour les groupes \u2013 sous condition de r\u00e9servation. Audioguides :Les audioguides sont disponibles dans les langues suivantes : bosnien\/croate\/serbe, anglais, allemand, fran\u00e7ais, italien, espagnol, turc, polonais, portugais, arabe, chinois et japonais. Les r\u00e8gles de conduite: La Galerie 11\/07\/95 convie l\u2019ensemble de ses visiteurs \u00e0 respecter &hellip; Continued\" \/>\n<meta property=\"og:url\" content=\"https:\/\/galerija110795.ba\/fr\/sur-la-galerie-110795\/informations-pour-les-visiteurs\/\" \/>\n<meta property=\"og:site_name\" content=\"Galerija 11\/07\/95\" \/>\n<meta property=\"article:modified_time\" content=\"2025-11-12T09:20:04+00:00\" \/>\n<meta property=\"og:image\" content=\"https:\/\/galerija110795.ba\/app\/uploads\/2012\/10\/galerija_mapa_lt.png\" \/>\n<meta name=\"twitter:card\" content=\"summary_large_image\" \/>\n<meta name=\"twitter:label1\" content=\"Dur\u00e9e de lecture estim\u00e9e\" \/>\n\t<meta name=\"twitter:data1\" content=\"1 minute\" \/>\n<script type=\"application\/ld+json\" class=\"yoast-schema-graph\">{\"@context\":\"https:\/\/schema.org\",\"@graph\":[{\"@type\":\"WebPage\",\"@id\":\"https:\/\/galerija110795.ba\/fr\/sur-la-galerie-110795\/informations-pour-les-visiteurs\/\",\"url\":\"https:\/\/galerija110795.ba\/fr\/sur-la-galerie-110795\/informations-pour-les-visiteurs\/\",\"name\":\"Informations pour les visiteurs - Galerija 11\/07\/95\",\"isPartOf\":{\"@id\":\"https:\/\/galerija110795.ba\/#website\"},\"primaryImageOfPage\":{\"@id\":\"https:\/\/galerija110795.ba\/fr\/sur-la-galerie-110795\/informations-pour-les-visiteurs\/#primaryimage\"},\"image\":{\"@id\":\"https:\/\/galerija110795.ba\/fr\/sur-la-galerie-110795\/informations-pour-les-visiteurs\/#primaryimage\"},\"thumbnailUrl\":\"https:\/\/galerija110795.ba\/app\/uploads\/2012\/10\/galerija_mapa_lt.png\",\"datePublished\":\"2013-04-12T10:43:20+00:00\",\"dateModified\":\"2025-11-12T09:20:04+00:00\",\"breadcrumb\":{\"@id\":\"https:\/\/galerija110795.ba\/fr\/sur-la-galerie-110795\/informations-pour-les-visiteurs\/#breadcrumb\"},\"inLanguage\":\"fr-FR\",\"potentialAction\":[{\"@type\":\"ReadAction\",\"target\":[\"https:\/\/galerija110795.ba\/fr\/sur-la-galerie-110795\/informations-pour-les-visiteurs\/\"]}]},{\"@type\":\"ImageObject\",\"inLanguage\":\"fr-FR\",\"@id\":\"https:\/\/galerija110795.ba\/fr\/sur-la-galerie-110795\/informations-pour-les-visiteurs\/#primaryimage\",\"url\":\"https:\/\/galerija110795.ba\/app\/uploads\/2012\/10\/galerija_mapa_lt.png\",\"contentUrl\":\"https:\/\/galerija110795.ba\/app\/uploads\/2012\/10\/galerija_mapa_lt.png\"},{\"@type\":\"BreadcrumbList\",\"@id\":\"https:\/\/galerija110795.ba\/fr\/sur-la-galerie-110795\/informations-pour-les-visiteurs\/#breadcrumb\",\"itemListElement\":[{\"@type\":\"ListItem\",\"position\":1,\"name\":\"Home\",\"item\":\"https:\/\/galerija110795.ba\/fr\/\"},{\"@type\":\"ListItem\",\"position\":2,\"name\":\"Sur la Galerie 11\/07\/95\",\"item\":\"https:\/\/galerija110795.ba\/fr\/sur-la-galerie-110795\/\"},{\"@type\":\"ListItem\",\"position\":3,\"name\":\"Informations pour les visiteurs\"}]},{\"@type\":\"WebSite\",\"@id\":\"https:\/\/galerija110795.ba\/#website\",\"url\":\"https:\/\/galerija110795.ba\/\",\"name\":\"Galerija 11\/07\/95\",\"description\":\"La premi\u00e8re galerie comm\u00e9morative en Bosnie-Herz\u00e9govine, une salle d'exposition qui a pour but de pr\u00e9server la m\u00e9moire sur la trag\u00e9die de Srebrenica et de 8372 personnes tragiquement tu\u00e9s dans le g\u00e9nocide de Srebrenica.\",\"publisher\":{\"@id\":\"https:\/\/galerija110795.ba\/#organization\"},\"potentialAction\":[{\"@type\":\"SearchAction\",\"target\":{\"@type\":\"EntryPoint\",\"urlTemplate\":\"https:\/\/galerija110795.ba\/?s={search_term_string}\"},\"query-input\":{\"@type\":\"PropertyValueSpecification\",\"valueRequired\":true,\"valueName\":\"search_term_string\"}}],\"inLanguage\":\"fr-FR\"},{\"@type\":\"Organization\",\"@id\":\"https:\/\/galerija110795.ba\/#organization\",\"name\":\"Galerija 11\/07\/95\",\"url\":\"https:\/\/galerija110795.ba\/\",\"logo\":{\"@type\":\"ImageObject\",\"inLanguage\":\"fr-FR\",\"@id\":\"https:\/\/galerija110795.ba\/#\/schema\/logo\/image\/\",\"url\":\"https:\/\/galerija110795.ba\/app\/uploads\/2013\/09\/galerija_110795_logo.png\",\"contentUrl\":\"https:\/\/galerija110795.ba\/app\/uploads\/2013\/09\/galerija_110795_logo.png\",\"width\":1254,\"height\":408,\"caption\":\"Galerija 11\/07\/95\"},\"image\":{\"@id\":\"https:\/\/galerija110795.ba\/#\/schema\/logo\/image\/\"}}]}<\/script>\n<!-- \/ Yoast SEO plugin. -->","yoast_head_json":{"title":"Informations pour les visiteurs - Galerija 11\/07\/95","robots":{"index":"index","follow":"follow","max-snippet":"max-snippet:-1","max-image-preview":"max-image-preview:large","max-video-preview":"max-video-preview:-1"},"canonical":"https:\/\/galerija110795.ba\/fr\/sur-la-galerie-110795\/informations-pour-les-visiteurs\/","og_locale":"fr_FR","og_type":"article","og_title":"Informations pour les visiteurs - Galerija 11\/07\/95","og_description":"Horaires d\u2019ouverture\u00a0: 10h &#8211; 18h Le tarif peut \u00eatre r\u00e9duit pour les groupes \u2013 sous condition de r\u00e9servation. Audioguides :Les audioguides sont disponibles dans les langues suivantes : bosnien\/croate\/serbe, anglais, allemand, fran\u00e7ais, italien, espagnol, turc, polonais, portugais, arabe, chinois et japonais. Les r\u00e8gles de conduite: La Galerie 11\/07\/95 convie l\u2019ensemble de ses visiteurs \u00e0 respecter &hellip; Continued","og_url":"https:\/\/galerija110795.ba\/fr\/sur-la-galerie-110795\/informations-pour-les-visiteurs\/","og_site_name":"Galerija 11\/07\/95","article_modified_time":"2025-11-12T09:20:04+00:00","og_image":[{"url":"https:\/\/galerija110795.ba\/app\/uploads\/2012\/10\/galerija_mapa_lt.png","type":"","width":"","height":""}],"twitter_card":"summary_large_image","twitter_misc":{"Dur\u00e9e de lecture estim\u00e9e":"1 minute"},"schema":{"@context":"https:\/\/schema.org","@graph":[{"@type":"WebPage","@id":"https:\/\/galerija110795.ba\/fr\/sur-la-galerie-110795\/informations-pour-les-visiteurs\/","url":"https:\/\/galerija110795.ba\/fr\/sur-la-galerie-110795\/informations-pour-les-visiteurs\/","name":"Informations pour les visiteurs - Galerija 11\/07\/95","isPartOf":{"@id":"https:\/\/galerija110795.ba\/#website"},"primaryImageOfPage":{"@id":"https:\/\/galerija110795.ba\/fr\/sur-la-galerie-110795\/informations-pour-les-visiteurs\/#primaryimage"},"image":{"@id":"https:\/\/galerija110795.ba\/fr\/sur-la-galerie-110795\/informations-pour-les-visiteurs\/#primaryimage"},"thumbnailUrl":"https:\/\/galerija110795.ba\/app\/uploads\/2012\/10\/galerija_mapa_lt.png","datePublished":"2013-04-12T10:43:20+00:00","dateModified":"2025-11-12T09:20:04+00:00","breadcrumb":{"@id":"https:\/\/galerija110795.ba\/fr\/sur-la-galerie-110795\/informations-pour-les-visiteurs\/#breadcrumb"},"inLanguage":"fr-FR","potentialAction":[{"@type":"ReadAction","target":["https:\/\/galerija110795.ba\/fr\/sur-la-galerie-110795\/informations-pour-les-visiteurs\/"]}]},{"@type":"ImageObject","inLanguage":"fr-FR","@id":"https:\/\/galerija110795.ba\/fr\/sur-la-galerie-110795\/informations-pour-les-visiteurs\/#primaryimage","url":"https:\/\/galerija110795.ba\/app\/uploads\/2012\/10\/galerija_mapa_lt.png","contentUrl":"https:\/\/galerija110795.ba\/app\/uploads\/2012\/10\/galerija_mapa_lt.png"},{"@type":"BreadcrumbList","@id":"https:\/\/galerija110795.ba\/fr\/sur-la-galerie-110795\/informations-pour-les-visiteurs\/#breadcrumb","itemListElement":[{"@type":"ListItem","position":1,"name":"Home","item":"https:\/\/galerija110795.ba\/fr\/"},{"@type":"ListItem","position":2,"name":"Sur la Galerie 11\/07\/95","item":"https:\/\/galerija110795.ba\/fr\/sur-la-galerie-110795\/"},{"@type":"ListItem","position":3,"name":"Informations pour les visiteurs"}]},{"@type":"WebSite","@id":"https:\/\/galerija110795.ba\/#website","url":"https:\/\/galerija110795.ba\/","name":"Galerija 11\/07\/95","description":"La premi\u00e8re galerie comm\u00e9morative en Bosnie-Herz\u00e9govine, une salle d'exposition qui a pour but de pr\u00e9server la m\u00e9moire sur la trag\u00e9die de Srebrenica et de 8372 personnes tragiquement tu\u00e9s dans le g\u00e9nocide de Srebrenica.","publisher":{"@id":"https:\/\/galerija110795.ba\/#organization"},"potentialAction":[{"@type":"SearchAction","target":{"@type":"EntryPoint","urlTemplate":"https:\/\/galerija110795.ba\/?s={search_term_string}"},"query-input":{"@type":"PropertyValueSpecification","valueRequired":true,"valueName":"search_term_string"}}],"inLanguage":"fr-FR"},{"@type":"Organization","@id":"https:\/\/galerija110795.ba\/#organization","name":"Galerija 11\/07\/95","url":"https:\/\/galerija110795.ba\/","logo":{"@type":"ImageObject","inLanguage":"fr-FR","@id":"https:\/\/galerija110795.ba\/#\/schema\/logo\/image\/","url":"https:\/\/galerija110795.ba\/app\/uploads\/2013\/09\/galerija_110795_logo.png","contentUrl":"https:\/\/galerija110795.ba\/app\/uploads\/2013\/09\/galerija_110795_logo.png","width":1254,"height":408,"caption":"Galerija 11\/07\/95"},"image":{"@id":"https:\/\/galerija110795.ba\/#\/schema\/logo\/image\/"}}]}},"wpml_current_locale":"fr_FR","wpml_translations":{"bs_BA":{"locale":"bs_BA","id":293,"slug":"info-za-posjetitelje","post_title":"Info za posjetitelje","href":"https:\/\/galerija110795.ba\/bs\/o-galeriji-110795\/info-za-posjetitelje\/"},"en_US":{"locale":"en_US","id":289,"slug":"information-for-visitors","post_title":"Information for visitors","href":"https:\/\/galerija110795.ba\/about-gallery-110795\/information-for-visitors\/"},"fr_FR":{"locale":"fr_FR","id":358,"slug":"informations-pour-les-visiteurs","post_title":"Informations pour les visiteurs","href":"https:\/\/galerija110795.ba\/fr\/sur-la-galerie-110795\/informations-pour-les-visiteurs\/"},"de_DE":{"locale":"de_DE","id":495,"slug":"besucherinfo","post_title":"Besucherinfo","href":"https:\/\/galerija110795.ba\/de\/uber-die-galerija-110795\/besucherinfo\/"},"it_IT":{"locale":"it_IT","id":496,"slug":"info-per-i-visitatori","post_title":"Informazioni per i visitatori","href":"https:\/\/galerija110795.ba\/it\/sulla-galleria-110795\/info-per-i-visitatori\/"},"tr":{"locale":"tr","id":497,"slug":"ziyaretciler-icin-bilgi-info","post_title":"Ziyaret\u00e7iler i\u00e7in bilgi (info)","href":"https:\/\/galerija110795.ba\/tr\/110795-galerisi-hakkinda\/ziyaretciler-icin-bilgi-info\/"}},"_links":{"self":[{"href":"https:\/\/galerija110795.ba\/fr\/wp-json\/wp\/v2\/pages\/358","targetHints":{"allow":["GET"]}}],"collection":[{"href":"https:\/\/galerija110795.ba\/fr\/wp-json\/wp\/v2\/pages"}],"about":[{"href":"https:\/\/galerija110795.ba\/fr\/wp-json\/wp\/v2\/types\/page"}],"author":[{"embeddable":true,"href":"https:\/\/galerija110795.ba\/fr\/wp-json\/wp\/v2\/users\/1"}],"replies":[{"embeddable":true,"href":"https:\/\/galerija110795.ba\/fr\/wp-json\/wp\/v2\/comments?post=358"}],"version-history":[{"count":9,"href":"https:\/\/galerija110795.ba\/fr\/wp-json\/wp\/v2\/pages\/358\/revisions"}],"predecessor-version":[{"id":5271,"href":"https:\/\/galerija110795.ba\/fr\/wp-json\/wp\/v2\/pages\/358\/revisions\/5271"}],"up":[{"embeddable":true,"href":"https:\/\/galerija110795.ba\/fr\/wp-json\/wp\/v2\/pages\/354"}],"wp:attachment":[{"href":"https:\/\/galerija110795.ba\/fr\/wp-json\/wp\/v2\/media?parent=358"}],"curies":[{"name":"wp","href":"https:\/\/api.w.org\/{rel}","templated":true}]}}