{"id":510,"date":"2013-11-11T18:29:09","date_gmt":"2013-11-11T18:29:09","guid":{"rendered":"https:\/\/galerija110795.ba\/?page_id=510"},"modified":"2026-01-31T16:17:37","modified_gmt":"2026-01-31T15:17:37","slug":"srebrenica","status":"publish","type":"page","link":"https:\/\/galerija110795.ba\/de\/srebrenica\/","title":{"rendered":"Srebrenica"},"content":{"rendered":"<p>Srebrenica ist eine Kleinstadt im Osten von Bosnien und Herzegowina, heute auf dem Gebiet der Republika Srpska. Der mit Bluttinte geschriebene Name dieses St\u00e4dtchens ging 1995 in die Weltgeschichte ein. Sein Name steht seitdem f\u00fcr das gr\u00f6\u00dfte Verbrechen in Europa am Ende des 20. Jahrhunderts. Bereits 1992, beim Auftakt des Krieges, wurde Srebrenica von den Verb\u00e4nden der Jugoslawischen Volksarmee (JNA), Paramilit\u00e4rs und Freisch\u00e4rlern der Serbischen Demokratischen Partei (SDS) belagert, und schon Anfang 1993 fiel das Gebiet zwischen den St\u00e4dten Zvornik und Srebrenica in die H\u00e4nde des Heeres der Republika Srpska (VRS), wodurch eine enorme Menschenzahl gezwungen war, gerade auf dem Gebiet von Srebrenica Zuflucht zu suchen. Wegen seiner besonderen Lage sowie der anhaltenden Belagerung wurde Srebrenica zuerst entmilitarisiert, danach in der Resolution des UNO-Sicherheitsrates zu einer \u201eSicherheitszone\u201c unter dem Schutz der Vereinten Nationen erkl\u00e4rt.<\/p>\n<p><img decoding=\"async\" class=\"img-responsive alignnone\" src=\"https:\/\/galerija110795.ba\/app\/uploads\/2012\/10\/panorama_srebrenica.jpg\" alt=\"Panorama\"\/><\/p>\n<p>Zu diesem Zeitpunkt lebten in Srebrenica mehr als 50.000 Personen \u2013 das F\u00fcnffache der\u00a0 Einwohnerzahl zu Beginn des Krieges.<\/p>\n<p>Obwohl formal unter UNO-Schutz, wurde Srebrenica trotzdem t\u00e4glich aus schwerem Gesch\u00fctz beschossen und die ohnehin schlechten Lebensbedingungen seiner Einwohner wurden durch den st\u00e4ndigen Nahrungsmangel zus\u00e4tzlich beeintr\u00e4chtigt.<\/p>\n<p>Dann kam das Jahr 1995 &#8230;<\/p>\n<p>Die Katastrophe bahnte sich an, und der\u00a0 leise Tod von Srebrenica wurde Ende Juni 1995 beschleunigt, als heftige Angriffe des Heeres der Republika Srpska gegen die UNO-\u201eSchutzzone\u201c begannen. Die UNO-Truppen stellen zu diesem Zeitpunkt 600 niederl\u00e4ndische Soldaten, die im Januar angekommen und in der Akkufabrik in Poto\u010dari untergebracht waren.<\/p>\n<p>Am sechsten Juli 1995 begann der heftige Beschuss durch das Heer der Republika Srpska, das unter dem Kommando von General Ratko Mladi\u0107 stand. Die unter dem Codenamen \u201eKrivaja 95\u201c erfolgte Milit\u00e4roperation f\u00fchrte zu einem schrecklichen Massaker an den muslimischen Zivilisten, an M\u00e4nnern und Frauen, aber auch an Kindern. Srebrenica fiel am 11. Juli, 25.000 Menschen verlie\u00dfen danach die Stadt und str\u00f6mten schutzsuchend vor der UNO-Basis zusammen. Gleichzeitig versuchte eine Kolonne von rund 10.000\u201315.000 Mann, sich \u00fcber das Gebiet, das unter der Kontrolle des Heeres der Republika Srpska stand, in das freie Territorium der Stadt Tuzla durchzuk\u00e4mpfen. Die Kolonne wurde zuerst durch Granatbeschuss geteilt, danach wurden die kleinen Gruppen und Einzelpersonen aufgesp\u00fcrt, gefangen und schlie\u00dflich umgebracht.<\/p>\n<p>In Poto\u010dari kam es indessen zu Ermordungen und Vergewaltigungen. Die UNO hat bei dem Heer der Republika Srpska eine Evakuierung der Zivilisten ausgehandelt \u2013 der General Ratko Mladi\u0107 entschied aber, dass seine Kr\u00e4fte die Evakuierung mit Bussen und LKWs vorzunehmen h\u00e4tten.<\/p>\n<p>M\u00e4nner wurden von Frauen und Kindern getrennt, danach nach Bratunac gebracht. Die meisten von ihnen wurden zwischen dem 12. und dem 15. Juli von Exekutionskommandos in Sport- und Fabrikhallen, auf Wiesen, in den W\u00e4ldern hingerichtet &#8230;<\/p>\n<p>Soldaten aus dem Heer der Republika Srpska verscharrten die Opfer in Massengr\u00e4bern um Zvornik, Vlasenica und Srebrenica. Forensische Analysen zeigen, dass im Sommer und im Herbst 1995 die Leichen aus den sogenannten prim\u00e4ren Massengr\u00e4bern, in denen man die Ermordeten gleich nach der Exekution vergraben hatte, entfernt und in weit entfernten, sekund\u00e4ren Massengr\u00e4bern verscharrt wurden.<\/p>\n","protected":false},"excerpt":{"rendered":"<p>Srebrenica ist eine Kleinstadt im Osten von Bosnien und Herzegowina, heute auf dem Gebiet der Republika Srpska. Der mit Bluttinte geschriebene Name dieses St\u00e4dtchens ging 1995 in die Weltgeschichte ein. Sein Name steht seitdem f\u00fcr das gr\u00f6\u00dfte Verbrechen in Europa am Ende des 20. Jahrhunderts. Bereits 1992, beim Auftakt des Krieges, wurde Srebrenica von den &hellip; <a href=\"https:\/\/galerija110795.ba\/de\/srebrenica\/\">Continued<\/a><\/p>\n","protected":false},"author":1,"featured_media":0,"parent":0,"menu_order":2,"comment_status":"closed","ping_status":"open","template":"","meta":{"_acf_changed":false,"footnotes":""},"class_list":["post-510","page","type-page","status-publish","hentry"],"acf":[],"yoast_head":"<!-- This site is optimized with the Yoast SEO plugin v26.8 - https:\/\/yoast.com\/product\/yoast-seo-wordpress\/ -->\n<title>Srebrenica - Galerija 11\/07\/95<\/title>\n<meta name=\"robots\" content=\"index, follow, max-snippet:-1, max-image-preview:large, max-video-preview:-1\" \/>\n<link rel=\"canonical\" href=\"https:\/\/galerija110795.ba\/de\/srebrenica\/\" \/>\n<meta property=\"og:locale\" content=\"de_DE\" \/>\n<meta property=\"og:type\" content=\"article\" \/>\n<meta property=\"og:title\" content=\"Srebrenica - Galerija 11\/07\/95\" \/>\n<meta property=\"og:description\" content=\"Srebrenica ist eine Kleinstadt im Osten von Bosnien und Herzegowina, heute auf dem Gebiet der Republika Srpska. Der mit Bluttinte geschriebene Name dieses St\u00e4dtchens ging 1995 in die Weltgeschichte ein. Sein Name steht seitdem f\u00fcr das gr\u00f6\u00dfte Verbrechen in Europa am Ende des 20. Jahrhunderts. Bereits 1992, beim Auftakt des Krieges, wurde Srebrenica von den &hellip; Continued\" \/>\n<meta property=\"og:url\" content=\"https:\/\/galerija110795.ba\/de\/srebrenica\/\" \/>\n<meta property=\"og:site_name\" content=\"Galerija 11\/07\/95\" \/>\n<meta property=\"article:modified_time\" content=\"2026-01-31T15:17:37+00:00\" \/>\n<meta property=\"og:image\" content=\"https:\/\/galerija110795.ba\/app\/uploads\/2012\/10\/panorama_srebrenica.jpg\" \/>\n<meta name=\"twitter:card\" content=\"summary_large_image\" \/>\n<meta name=\"twitter:label1\" content=\"Gesch\u00e4tzte Lesezeit\" \/>\n\t<meta name=\"twitter:data1\" content=\"3\u00a0Minuten\" \/>\n<script type=\"application\/ld+json\" class=\"yoast-schema-graph\">{\"@context\":\"https:\/\/schema.org\",\"@graph\":[{\"@type\":\"WebPage\",\"@id\":\"https:\/\/galerija110795.ba\/de\/srebrenica\/\",\"url\":\"https:\/\/galerija110795.ba\/de\/srebrenica\/\",\"name\":\"Srebrenica - Galerija 11\/07\/95\",\"isPartOf\":{\"@id\":\"https:\/\/galerija110795.ba\/#website\"},\"primaryImageOfPage\":{\"@id\":\"https:\/\/galerija110795.ba\/de\/srebrenica\/#primaryimage\"},\"image\":{\"@id\":\"https:\/\/galerija110795.ba\/de\/srebrenica\/#primaryimage\"},\"thumbnailUrl\":\"https:\/\/galerija110795.ba\/app\/uploads\/2012\/10\/panorama_srebrenica.jpg\",\"datePublished\":\"2013-11-11T18:29:09+00:00\",\"dateModified\":\"2026-01-31T15:17:37+00:00\",\"breadcrumb\":{\"@id\":\"https:\/\/galerija110795.ba\/de\/srebrenica\/#breadcrumb\"},\"inLanguage\":\"de\",\"potentialAction\":[{\"@type\":\"ReadAction\",\"target\":[\"https:\/\/galerija110795.ba\/de\/srebrenica\/\"]}]},{\"@type\":\"ImageObject\",\"inLanguage\":\"de\",\"@id\":\"https:\/\/galerija110795.ba\/de\/srebrenica\/#primaryimage\",\"url\":\"https:\/\/galerija110795.ba\/app\/uploads\/2012\/10\/panorama_srebrenica.jpg\",\"contentUrl\":\"https:\/\/galerija110795.ba\/app\/uploads\/2012\/10\/panorama_srebrenica.jpg\"},{\"@type\":\"BreadcrumbList\",\"@id\":\"https:\/\/galerija110795.ba\/de\/srebrenica\/#breadcrumb\",\"itemListElement\":[{\"@type\":\"ListItem\",\"position\":1,\"name\":\"Home\",\"item\":\"https:\/\/galerija110795.ba\/de\/\"},{\"@type\":\"ListItem\",\"position\":2,\"name\":\"Srebrenica\"}]},{\"@type\":\"WebSite\",\"@id\":\"https:\/\/galerija110795.ba\/#website\",\"url\":\"https:\/\/galerija110795.ba\/\",\"name\":\"Galerija 11\/07\/95\",\"description\":\"Die erste Gedenkgalerie in Bosnien und Herzegowina, ein Ausstellungsraum, mit dem Ziel, die Erinnerung an den Genozid in Srebrenica und an die 8372 Menschen, die im Genozid von Srebrenica tragisch verungl\u00fcckt sind, zu wahren.\",\"publisher\":{\"@id\":\"https:\/\/galerija110795.ba\/#organization\"},\"potentialAction\":[{\"@type\":\"SearchAction\",\"target\":{\"@type\":\"EntryPoint\",\"urlTemplate\":\"https:\/\/galerija110795.ba\/?s={search_term_string}\"},\"query-input\":{\"@type\":\"PropertyValueSpecification\",\"valueRequired\":true,\"valueName\":\"search_term_string\"}}],\"inLanguage\":\"de\"},{\"@type\":\"Organization\",\"@id\":\"https:\/\/galerija110795.ba\/#organization\",\"name\":\"Galerija 11\/07\/95\",\"url\":\"https:\/\/galerija110795.ba\/\",\"logo\":{\"@type\":\"ImageObject\",\"inLanguage\":\"de\",\"@id\":\"https:\/\/galerija110795.ba\/#\/schema\/logo\/image\/\",\"url\":\"https:\/\/galerija110795.ba\/app\/uploads\/2013\/09\/galerija_110795_logo.png\",\"contentUrl\":\"https:\/\/galerija110795.ba\/app\/uploads\/2013\/09\/galerija_110795_logo.png\",\"width\":1254,\"height\":408,\"caption\":\"Galerija 11\/07\/95\"},\"image\":{\"@id\":\"https:\/\/galerija110795.ba\/#\/schema\/logo\/image\/\"}}]}<\/script>\n<!-- \/ Yoast SEO plugin. -->","yoast_head_json":{"title":"Srebrenica - Galerija 11\/07\/95","robots":{"index":"index","follow":"follow","max-snippet":"max-snippet:-1","max-image-preview":"max-image-preview:large","max-video-preview":"max-video-preview:-1"},"canonical":"https:\/\/galerija110795.ba\/de\/srebrenica\/","og_locale":"de_DE","og_type":"article","og_title":"Srebrenica - Galerija 11\/07\/95","og_description":"Srebrenica ist eine Kleinstadt im Osten von Bosnien und Herzegowina, heute auf dem Gebiet der Republika Srpska. Der mit Bluttinte geschriebene Name dieses St\u00e4dtchens ging 1995 in die Weltgeschichte ein. Sein Name steht seitdem f\u00fcr das gr\u00f6\u00dfte Verbrechen in Europa am Ende des 20. Jahrhunderts. Bereits 1992, beim Auftakt des Krieges, wurde Srebrenica von den &hellip; Continued","og_url":"https:\/\/galerija110795.ba\/de\/srebrenica\/","og_site_name":"Galerija 11\/07\/95","article_modified_time":"2026-01-31T15:17:37+00:00","og_image":[{"url":"https:\/\/galerija110795.ba\/app\/uploads\/2012\/10\/panorama_srebrenica.jpg","type":"","width":"","height":""}],"twitter_card":"summary_large_image","twitter_misc":{"Gesch\u00e4tzte Lesezeit":"3\u00a0Minuten"},"schema":{"@context":"https:\/\/schema.org","@graph":[{"@type":"WebPage","@id":"https:\/\/galerija110795.ba\/de\/srebrenica\/","url":"https:\/\/galerija110795.ba\/de\/srebrenica\/","name":"Srebrenica - Galerija 11\/07\/95","isPartOf":{"@id":"https:\/\/galerija110795.ba\/#website"},"primaryImageOfPage":{"@id":"https:\/\/galerija110795.ba\/de\/srebrenica\/#primaryimage"},"image":{"@id":"https:\/\/galerija110795.ba\/de\/srebrenica\/#primaryimage"},"thumbnailUrl":"https:\/\/galerija110795.ba\/app\/uploads\/2012\/10\/panorama_srebrenica.jpg","datePublished":"2013-11-11T18:29:09+00:00","dateModified":"2026-01-31T15:17:37+00:00","breadcrumb":{"@id":"https:\/\/galerija110795.ba\/de\/srebrenica\/#breadcrumb"},"inLanguage":"de","potentialAction":[{"@type":"ReadAction","target":["https:\/\/galerija110795.ba\/de\/srebrenica\/"]}]},{"@type":"ImageObject","inLanguage":"de","@id":"https:\/\/galerija110795.ba\/de\/srebrenica\/#primaryimage","url":"https:\/\/galerija110795.ba\/app\/uploads\/2012\/10\/panorama_srebrenica.jpg","contentUrl":"https:\/\/galerija110795.ba\/app\/uploads\/2012\/10\/panorama_srebrenica.jpg"},{"@type":"BreadcrumbList","@id":"https:\/\/galerija110795.ba\/de\/srebrenica\/#breadcrumb","itemListElement":[{"@type":"ListItem","position":1,"name":"Home","item":"https:\/\/galerija110795.ba\/de\/"},{"@type":"ListItem","position":2,"name":"Srebrenica"}]},{"@type":"WebSite","@id":"https:\/\/galerija110795.ba\/#website","url":"https:\/\/galerija110795.ba\/","name":"Galerija 11\/07\/95","description":"Die erste Gedenkgalerie in Bosnien und Herzegowina, ein Ausstellungsraum, mit dem Ziel, die Erinnerung an den Genozid in Srebrenica und an die 8372 Menschen, die im Genozid von Srebrenica tragisch verungl\u00fcckt sind, zu wahren.","publisher":{"@id":"https:\/\/galerija110795.ba\/#organization"},"potentialAction":[{"@type":"SearchAction","target":{"@type":"EntryPoint","urlTemplate":"https:\/\/galerija110795.ba\/?s={search_term_string}"},"query-input":{"@type":"PropertyValueSpecification","valueRequired":true,"valueName":"search_term_string"}}],"inLanguage":"de"},{"@type":"Organization","@id":"https:\/\/galerija110795.ba\/#organization","name":"Galerija 11\/07\/95","url":"https:\/\/galerija110795.ba\/","logo":{"@type":"ImageObject","inLanguage":"de","@id":"https:\/\/galerija110795.ba\/#\/schema\/logo\/image\/","url":"https:\/\/galerija110795.ba\/app\/uploads\/2013\/09\/galerija_110795_logo.png","contentUrl":"https:\/\/galerija110795.ba\/app\/uploads\/2013\/09\/galerija_110795_logo.png","width":1254,"height":408,"caption":"Galerija 11\/07\/95"},"image":{"@id":"https:\/\/galerija110795.ba\/#\/schema\/logo\/image\/"}}]}},"wpml_current_locale":"de_DE","wpml_translations":{"bs_BA":{"locale":"bs_BA","id":71,"slug":"srebrenica","post_title":"Srebrenica","href":"https:\/\/galerija110795.ba\/bs\/srebrenica\/"},"en_US":{"locale":"en_US","id":298,"slug":"srebrenica","post_title":"Srebrenica","href":"https:\/\/galerija110795.ba\/srebrenica\/"},"fr_FR":{"locale":"fr_FR","id":362,"slug":"srebrenica","post_title":"Srebrenica","href":"https:\/\/galerija110795.ba\/fr\/srebrenica\/"},"de_DE":{"locale":"de_DE","id":510,"slug":"srebrenica","post_title":"Srebrenica","href":"https:\/\/galerija110795.ba\/de\/srebrenica\/"},"it_IT":{"locale":"it_IT","id":511,"slug":"srebrenica","post_title":"Srebrenica","href":"https:\/\/galerija110795.ba\/it\/srebrenica\/"},"tr":{"locale":"tr","id":512,"slug":"srebrenica","post_title":"Srebrenica","href":"https:\/\/galerija110795.ba\/tr\/srebrenica\/"}},"_links":{"self":[{"href":"https:\/\/galerija110795.ba\/de\/wp-json\/wp\/v2\/pages\/510","targetHints":{"allow":["GET"]}}],"collection":[{"href":"https:\/\/galerija110795.ba\/de\/wp-json\/wp\/v2\/pages"}],"about":[{"href":"https:\/\/galerija110795.ba\/de\/wp-json\/wp\/v2\/types\/page"}],"author":[{"embeddable":true,"href":"https:\/\/galerija110795.ba\/de\/wp-json\/wp\/v2\/users\/1"}],"replies":[{"embeddable":true,"href":"https:\/\/galerija110795.ba\/de\/wp-json\/wp\/v2\/comments?post=510"}],"version-history":[{"count":1,"href":"https:\/\/galerija110795.ba\/de\/wp-json\/wp\/v2\/pages\/510\/revisions"}],"predecessor-version":[{"id":5322,"href":"https:\/\/galerija110795.ba\/de\/wp-json\/wp\/v2\/pages\/510\/revisions\/5322"}],"wp:attachment":[{"href":"https:\/\/galerija110795.ba\/de\/wp-json\/wp\/v2\/media?parent=510"}],"curies":[{"name":"wp","href":"https:\/\/api.w.org\/{rel}","templated":true}]}}