{"id":504,"date":"2013-11-11T18:23:28","date_gmt":"2013-11-11T18:23:28","guid":{"rendered":"https:\/\/galerija110795.ba\/?page_id=504"},"modified":"2013-11-11T18:23:28","modified_gmt":"2013-11-11T18:23:28","slug":"standige-ausstellung-srebrenica","status":"publish","type":"page","link":"https:\/\/galerija110795.ba\/de\/uber-die-galerija-110795\/standige-ausstellung-srebrenica\/","title":{"rendered":"St\u00e4ndige Ausstellung &#8222;Srebrenica&#8220;"},"content":{"rendered":"<p>Die Besucher k\u00f6nnen in der <i>Galerija 11\/07\/95<\/i> die Ausstellung &#8222;Srebrenica&#8220; besichtigen, die k\u00fcnstlerisch und dokumentarisch die Ermordungen, aber auch die Lebensumst\u00e4nde der \u00dcberlebenden des 11.07.1995 interpretiert.<\/p>\n<p>Sie ist multimedial und besteht aus:<\/p>\n<h3>der Todesmauer (<i>Memorijalni centar Srebrenica \u2013 Poto\u010dari<\/i>)<\/h3>\n<p>Auf einer 16 Meter langen Wand stehen 8372 Namen und das jeweilige Geburtsjahr der bei dem V\u00f6lkermord in Srebrenica Ermordeten. Die Opfernamen sowie die dazugeh\u00f6rigen Daten sammelte das im September 2003 er\u00f6ffnete Gedenkzentrum <i>Memorijalni centar<\/i> in Poto\u010dari.<\/p>\n<h3>Portraits der Ermordeten (<i>Udru\u017eenje Pokret majke enklave Srebrenice i \u017depe<\/i>)<\/h3>\n<p>Teil der st\u00e4ndigen Ausstellung sind auch die von den M\u00fcttern aus Srebrenica gesammelten 640 Fotografien der Ermordeten. Die Fotos, die der Hinterbliebenenverein <i>Udru\u017eenje Pokret majke enklave Srebrenice i \u017depe<\/i> zur Verf\u00fcgung gestellt hat, zeigen, dass in Srebrenica M\u00e4nner in verschiedenem Alter \u2013 kleine Jungen, M\u00e4nner und Alte \u2013 ermordet wurden, nur weil ihre Namen anderer Herkunft waren.<\/p>\n<h3>Kartieren des V\u00f6lkermordes (<i>Inicijativa mladih za ljudska prava YIHR \/ Fama<\/i>)<\/h3>\n<p>Die Jugendinitiative f\u00fcr Menschenrechte kartierte den V\u00f6lkermord: Die interaktive Studie des Genozids besteht aus 17 animierten Karten, in denen anhand von Text, Zeichnung, Foto und Video eine detaillierte Beschreibung des Srebrenica-Genozids wiedergegeben wird. Die Genozidforschung hat gezeigt, dass jeder Genozid dieselben Phasen hat. Mit diesem methodologischen Ansatz kann man bei dem Projekt \u201eKartieren des V\u00f6lkermordes\u201c den Genozidverlauf verfolgen. 17 Karten zeigen Kernpunkte auf, in denen Beweise enthalten sind. Das Projekt soll ein universales Lehrmodell f\u00fcr die Auslegung und das Verst\u00e4ndnis des Verlaufsmodells des Genozids bieten. <span style=\"text-decoration: underline;\">Online Version hier<\/span><\/p>\n<h3>Fotos aus dem Zyklus &#8222;<i>Srebrenica&#8220;<\/i>\u00a0(Tarik Samarah)<\/h3>\n<p>Die Fotodokumentation von Tarik Samarah ist eine k\u00fcnstlerische Darstellung von dem, was nach dem V\u00f6lkermord in Srebrenica \u00fcbrig geblieben ist. Er f\u00e4ngt mit einschneidenden Daseinsmomenten des \u00dcberlebenden-Alltags an, sein Fokus richtet sich auf Ausgrabungen der \u00dcberreste zerst\u00fcckelter Leichen aus den Massengr\u00e4bern, er fotografiert den Identifizierungsprozess und die Beisetzung der Ermordeten und stellt mit seinen Bildverbindungen eine beunruhigende Geschichte \u00fcber das gr\u00f6\u00dfte Verbrechen in Europa nach dem Zweiten Weltkrieg her.<\/p>\n<h3>Videoarchiv des V\u00f6lkermordes (<i>Cinema for Peace Foundation<\/i>)<\/h3>\n<p>Das Videoarchiv des V\u00f6lkermordes ist ein Projekt der <i><span style=\"text-decoration: underline;\">Cinema for Peace Foundation<\/span><\/i> mit biografischen Erz\u00e4hlungen der \u00dcberlebenden aus Srebrenica. Das Modellkonzept der m\u00fcndlichen Geschichts\u00fcbertragung des <span style=\"text-decoration: underline;\">Projektes \u201e<i>Video arhiv genocida<\/i>\u201c<\/span> ist mit den videografierten Interviews der \u00dcberlebenden aus Srebrenica, in denen sie \u00fcber ihre Erfahrungen sprechen, ein wichtiger Teil der Dokumentation des Genozids.<\/p>\n<h3>Karten mit Massengrab-Standorten (<i>Institut za nestale BiH<\/i>)<\/h3>\n<p>Das selbstst\u00e4ndige und unabh\u00e4ngige bosnisch-herzegowinische Fachinstitut <i>Institut za nestale BiH<\/i> wurde zur F\u00f6rderung und Unterst\u00fctzung der Auffindung von Verschollenen nach dem Krieg 1992\u20131995, der Bildung der zentralen Datenbank CEN, sowie zum Schutz und zur Katalogisierung der Einzel- und Massengr\u00e4ber auf dem Hoheitsgebiet von Bosnien und Herzegowina gegr\u00fcndet. In der st\u00e4ndigen Ausstellung der <i>Galerija 11\/07\/95<\/i>\u00a0 unterstreicht das <i>Institut za nestale BiH<\/i> mit Karten der bisher aufgefundenen Massengr\u00e4ber in Bosnien und Herzegowina den Dokumentaraspekt der Ausstellung.<\/p>\n","protected":false},"excerpt":{"rendered":"<p>Die Besucher k\u00f6nnen in der Galerija 11\/07\/95 die Ausstellung &#8222;Srebrenica&#8220; besichtigen, die k\u00fcnstlerisch und dokumentarisch die Ermordungen, aber auch die Lebensumst\u00e4nde der \u00dcberlebenden des 11.07.1995 interpretiert. Sie ist multimedial und besteht aus: der Todesmauer (Memorijalni centar Srebrenica \u2013 Poto\u010dari) Auf einer 16 Meter langen Wand stehen 8372 Namen und das jeweilige Geburtsjahr der bei dem &hellip; <a href=\"https:\/\/galerija110795.ba\/de\/uber-die-galerija-110795\/standige-ausstellung-srebrenica\/\">Continued<\/a><\/p>\n","protected":false},"author":1,"featured_media":0,"parent":487,"menu_order":1,"comment_status":"closed","ping_status":"closed","template":"","meta":{"_acf_changed":false,"footnotes":""},"class_list":["post-504","page","type-page","status-publish","hentry"],"acf":[],"yoast_head":"<!-- This site is optimized with the Yoast SEO plugin v26.8 - https:\/\/yoast.com\/product\/yoast-seo-wordpress\/ -->\n<title>St\u00e4ndige Ausstellung &quot;Srebrenica&quot; - Galerija 11\/07\/95<\/title>\n<meta name=\"robots\" content=\"index, follow, max-snippet:-1, max-image-preview:large, max-video-preview:-1\" \/>\n<link rel=\"canonical\" href=\"https:\/\/galerija110795.ba\/de\/uber-die-galerija-110795\/standige-ausstellung-srebrenica\/\" \/>\n<meta property=\"og:locale\" content=\"de_DE\" \/>\n<meta property=\"og:type\" content=\"article\" \/>\n<meta property=\"og:title\" content=\"St\u00e4ndige Ausstellung &quot;Srebrenica&quot; - Galerija 11\/07\/95\" \/>\n<meta property=\"og:description\" content=\"Die Besucher k\u00f6nnen in der Galerija 11\/07\/95 die Ausstellung &#8222;Srebrenica&#8220; besichtigen, die k\u00fcnstlerisch und dokumentarisch die Ermordungen, aber auch die Lebensumst\u00e4nde der \u00dcberlebenden des 11.07.1995 interpretiert. Sie ist multimedial und besteht aus: der Todesmauer (Memorijalni centar Srebrenica \u2013 Poto\u010dari) Auf einer 16 Meter langen Wand stehen 8372 Namen und das jeweilige Geburtsjahr der bei dem &hellip; Continued\" \/>\n<meta property=\"og:url\" content=\"https:\/\/galerija110795.ba\/de\/uber-die-galerija-110795\/standige-ausstellung-srebrenica\/\" \/>\n<meta property=\"og:site_name\" content=\"Galerija 11\/07\/95\" \/>\n<meta property=\"og:image\" content=\"https:\/\/galerija110795.ba\/app\/uploads\/2012\/10\/gallery_110795_03-1200x800.jpg\" \/>\n\t<meta property=\"og:image:width\" content=\"1200\" \/>\n\t<meta property=\"og:image:height\" content=\"800\" \/>\n\t<meta property=\"og:image:type\" content=\"image\/jpeg\" \/>\n<meta name=\"twitter:card\" content=\"summary_large_image\" \/>\n<meta name=\"twitter:label1\" content=\"Gesch\u00e4tzte Lesezeit\" \/>\n\t<meta name=\"twitter:data1\" content=\"2\u00a0Minuten\" \/>\n<script type=\"application\/ld+json\" class=\"yoast-schema-graph\">{\"@context\":\"https:\/\/schema.org\",\"@graph\":[{\"@type\":\"WebPage\",\"@id\":\"https:\/\/galerija110795.ba\/de\/uber-die-galerija-110795\/standige-ausstellung-srebrenica\/\",\"url\":\"https:\/\/galerija110795.ba\/de\/uber-die-galerija-110795\/standige-ausstellung-srebrenica\/\",\"name\":\"St\u00e4ndige Ausstellung \\\"Srebrenica\\\" - Galerija 11\/07\/95\",\"isPartOf\":{\"@id\":\"https:\/\/galerija110795.ba\/#website\"},\"datePublished\":\"2013-11-11T18:23:28+00:00\",\"breadcrumb\":{\"@id\":\"https:\/\/galerija110795.ba\/de\/uber-die-galerija-110795\/standige-ausstellung-srebrenica\/#breadcrumb\"},\"inLanguage\":\"de\",\"potentialAction\":[{\"@type\":\"ReadAction\",\"target\":[\"https:\/\/galerija110795.ba\/de\/uber-die-galerija-110795\/standige-ausstellung-srebrenica\/\"]}]},{\"@type\":\"BreadcrumbList\",\"@id\":\"https:\/\/galerija110795.ba\/de\/uber-die-galerija-110795\/standige-ausstellung-srebrenica\/#breadcrumb\",\"itemListElement\":[{\"@type\":\"ListItem\",\"position\":1,\"name\":\"Home\",\"item\":\"https:\/\/galerija110795.ba\/de\/\"},{\"@type\":\"ListItem\",\"position\":2,\"name\":\"\u00dcber die Galerija 11\/07\/95\",\"item\":\"https:\/\/galerija110795.ba\/de\/uber-die-galerija-110795\/\"},{\"@type\":\"ListItem\",\"position\":3,\"name\":\"St\u00e4ndige Ausstellung &#8220;Srebrenica&#8221;\"}]},{\"@type\":\"WebSite\",\"@id\":\"https:\/\/galerija110795.ba\/#website\",\"url\":\"https:\/\/galerija110795.ba\/\",\"name\":\"Galerija 11\/07\/95\",\"description\":\"Die erste Gedenkgalerie in Bosnien und Herzegowina, ein Ausstellungsraum, mit dem Ziel, die Erinnerung an den Genozid in Srebrenica und an die 8372 Menschen, die im Genozid von Srebrenica tragisch verungl\u00fcckt sind, zu wahren.\",\"publisher\":{\"@id\":\"https:\/\/galerija110795.ba\/#organization\"},\"potentialAction\":[{\"@type\":\"SearchAction\",\"target\":{\"@type\":\"EntryPoint\",\"urlTemplate\":\"https:\/\/galerija110795.ba\/?s={search_term_string}\"},\"query-input\":{\"@type\":\"PropertyValueSpecification\",\"valueRequired\":true,\"valueName\":\"search_term_string\"}}],\"inLanguage\":\"de\"},{\"@type\":\"Organization\",\"@id\":\"https:\/\/galerija110795.ba\/#organization\",\"name\":\"Galerija 11\/07\/95\",\"url\":\"https:\/\/galerija110795.ba\/\",\"logo\":{\"@type\":\"ImageObject\",\"inLanguage\":\"de\",\"@id\":\"https:\/\/galerija110795.ba\/#\/schema\/logo\/image\/\",\"url\":\"https:\/\/galerija110795.ba\/app\/uploads\/2013\/09\/galerija_110795_logo.png\",\"contentUrl\":\"https:\/\/galerija110795.ba\/app\/uploads\/2013\/09\/galerija_110795_logo.png\",\"width\":1254,\"height\":408,\"caption\":\"Galerija 11\/07\/95\"},\"image\":{\"@id\":\"https:\/\/galerija110795.ba\/#\/schema\/logo\/image\/\"}}]}<\/script>\n<!-- \/ Yoast SEO plugin. -->","yoast_head_json":{"title":"St\u00e4ndige Ausstellung \"Srebrenica\" - Galerija 11\/07\/95","robots":{"index":"index","follow":"follow","max-snippet":"max-snippet:-1","max-image-preview":"max-image-preview:large","max-video-preview":"max-video-preview:-1"},"canonical":"https:\/\/galerija110795.ba\/de\/uber-die-galerija-110795\/standige-ausstellung-srebrenica\/","og_locale":"de_DE","og_type":"article","og_title":"St\u00e4ndige Ausstellung \"Srebrenica\" - Galerija 11\/07\/95","og_description":"Die Besucher k\u00f6nnen in der Galerija 11\/07\/95 die Ausstellung &#8222;Srebrenica&#8220; besichtigen, die k\u00fcnstlerisch und dokumentarisch die Ermordungen, aber auch die Lebensumst\u00e4nde der \u00dcberlebenden des 11.07.1995 interpretiert. Sie ist multimedial und besteht aus: der Todesmauer (Memorijalni centar Srebrenica \u2013 Poto\u010dari) Auf einer 16 Meter langen Wand stehen 8372 Namen und das jeweilige Geburtsjahr der bei dem &hellip; Continued","og_url":"https:\/\/galerija110795.ba\/de\/uber-die-galerija-110795\/standige-ausstellung-srebrenica\/","og_site_name":"Galerija 11\/07\/95","og_image":[{"width":1200,"height":800,"url":"https:\/\/galerija110795.ba\/app\/uploads\/2012\/10\/gallery_110795_03-1200x800.jpg","type":"image\/jpeg"}],"twitter_card":"summary_large_image","twitter_misc":{"Gesch\u00e4tzte Lesezeit":"2\u00a0Minuten"},"schema":{"@context":"https:\/\/schema.org","@graph":[{"@type":"WebPage","@id":"https:\/\/galerija110795.ba\/de\/uber-die-galerija-110795\/standige-ausstellung-srebrenica\/","url":"https:\/\/galerija110795.ba\/de\/uber-die-galerija-110795\/standige-ausstellung-srebrenica\/","name":"St\u00e4ndige Ausstellung \"Srebrenica\" - Galerija 11\/07\/95","isPartOf":{"@id":"https:\/\/galerija110795.ba\/#website"},"datePublished":"2013-11-11T18:23:28+00:00","breadcrumb":{"@id":"https:\/\/galerija110795.ba\/de\/uber-die-galerija-110795\/standige-ausstellung-srebrenica\/#breadcrumb"},"inLanguage":"de","potentialAction":[{"@type":"ReadAction","target":["https:\/\/galerija110795.ba\/de\/uber-die-galerija-110795\/standige-ausstellung-srebrenica\/"]}]},{"@type":"BreadcrumbList","@id":"https:\/\/galerija110795.ba\/de\/uber-die-galerija-110795\/standige-ausstellung-srebrenica\/#breadcrumb","itemListElement":[{"@type":"ListItem","position":1,"name":"Home","item":"https:\/\/galerija110795.ba\/de\/"},{"@type":"ListItem","position":2,"name":"\u00dcber die Galerija 11\/07\/95","item":"https:\/\/galerija110795.ba\/de\/uber-die-galerija-110795\/"},{"@type":"ListItem","position":3,"name":"St\u00e4ndige Ausstellung &#8220;Srebrenica&#8221;"}]},{"@type":"WebSite","@id":"https:\/\/galerija110795.ba\/#website","url":"https:\/\/galerija110795.ba\/","name":"Galerija 11\/07\/95","description":"Die erste Gedenkgalerie in Bosnien und Herzegowina, ein Ausstellungsraum, mit dem Ziel, die Erinnerung an den Genozid in Srebrenica und an die 8372 Menschen, die im Genozid von Srebrenica tragisch verungl\u00fcckt sind, zu wahren.","publisher":{"@id":"https:\/\/galerija110795.ba\/#organization"},"potentialAction":[{"@type":"SearchAction","target":{"@type":"EntryPoint","urlTemplate":"https:\/\/galerija110795.ba\/?s={search_term_string}"},"query-input":{"@type":"PropertyValueSpecification","valueRequired":true,"valueName":"search_term_string"}}],"inLanguage":"de"},{"@type":"Organization","@id":"https:\/\/galerija110795.ba\/#organization","name":"Galerija 11\/07\/95","url":"https:\/\/galerija110795.ba\/","logo":{"@type":"ImageObject","inLanguage":"de","@id":"https:\/\/galerija110795.ba\/#\/schema\/logo\/image\/","url":"https:\/\/galerija110795.ba\/app\/uploads\/2013\/09\/galerija_110795_logo.png","contentUrl":"https:\/\/galerija110795.ba\/app\/uploads\/2013\/09\/galerija_110795_logo.png","width":1254,"height":408,"caption":"Galerija 11\/07\/95"},"image":{"@id":"https:\/\/galerija110795.ba\/#\/schema\/logo\/image\/"}}]}},"wpml_current_locale":"de_DE","wpml_translations":{"bs_BA":{"locale":"bs_BA","id":95,"slug":"stalna-postavka-srebrenica","post_title":"Stalna postavka \"Srebrenica\"","href":"https:\/\/galerija110795.ba\/bs\/izlozbe\/stalna-postavka-srebrenica\/"},"en_US":{"locale":"en_US","id":296,"slug":"permanent-exhibition-srebrenica","post_title":"Permanent Exhibition \"Srebrenica\"","href":"https:\/\/galerija110795.ba\/exhibitions\/permanent-exhibition-srebrenica\/"},"fr_FR":{"locale":"fr_FR","id":360,"slug":"lexposition-permanente-srebrenica","post_title":"L\u2019exposition permanente \u00abSrebrenica\u00bb","href":"https:\/\/galerija110795.ba\/fr\/sur-la-galerie-110795\/lexposition-permanente-srebrenica\/"},"de_DE":{"locale":"de_DE","id":504,"slug":"standige-ausstellung-srebrenica","post_title":"St\u00e4ndige Ausstellung \"Srebrenica\"","href":"https:\/\/galerija110795.ba\/de\/uber-die-galerija-110795\/standige-ausstellung-srebrenica\/"},"it_IT":{"locale":"it_IT","id":505,"slug":"esposizione-permanente-srebrenica","post_title":"Esposizione permanente \"Srebrenica\"","href":"https:\/\/galerija110795.ba\/it\/sulla-galleria-110795\/esposizione-permanente-srebrenica\/"},"tr":{"locale":"tr","id":506,"slug":"srebrenica-daimi-sergi","post_title":"\u2018Srebrenica\u2019 daimi sergi","href":"https:\/\/galerija110795.ba\/tr\/110795-galerisi-hakkinda\/srebrenica-daimi-sergi\/"}},"_links":{"self":[{"href":"https:\/\/galerija110795.ba\/de\/wp-json\/wp\/v2\/pages\/504","targetHints":{"allow":["GET"]}}],"collection":[{"href":"https:\/\/galerija110795.ba\/de\/wp-json\/wp\/v2\/pages"}],"about":[{"href":"https:\/\/galerija110795.ba\/de\/wp-json\/wp\/v2\/types\/page"}],"author":[{"embeddable":true,"href":"https:\/\/galerija110795.ba\/de\/wp-json\/wp\/v2\/users\/1"}],"replies":[{"embeddable":true,"href":"https:\/\/galerija110795.ba\/de\/wp-json\/wp\/v2\/comments?post=504"}],"version-history":[{"count":0,"href":"https:\/\/galerija110795.ba\/de\/wp-json\/wp\/v2\/pages\/504\/revisions"}],"up":[{"embeddable":true,"href":"https:\/\/galerija110795.ba\/de\/wp-json\/wp\/v2\/pages\/487"}],"wp:attachment":[{"href":"https:\/\/galerija110795.ba\/de\/wp-json\/wp\/v2\/media?parent=504"}],"curies":[{"name":"wp","href":"https:\/\/api.w.org\/{rel}","templated":true}]}}