{"id":495,"date":"2013-11-11T18:14:13","date_gmt":"2013-11-11T18:14:13","guid":{"rendered":"https:\/\/galerija110795.ba\/?page_id=495"},"modified":"2025-11-12T10:20:17","modified_gmt":"2025-11-12T09:20:17","slug":"besucherinfo","status":"publish","type":"page","link":"https:\/\/galerija110795.ba\/de\/uber-die-galerija-110795\/besucherinfo\/","title":{"rendered":"Besucherinfo"},"content":{"rendered":"<p style=\"text-align: left;\"><strong>\u00d6ffnungszeiten<\/strong><\/p>\n<p>T\u00e4glich 10 &#8211; 18 Uhr<br \/>\nBei angemeldeten Gruppenbesuchen ist Preisnachlass m\u00f6glich.<\/p>\n<p><strong>Audioguides<\/strong><\/p>\n<p>Audioguides sind in folgenden Sprachen verf\u00fcgbar: Bosnisch\/Kroatisch\/Serbisch, Englisch, Deutsch, Franz\u00f6sisch, Italienisch, Spanisch, T\u00fcrkisch, Polnisch, Portugiesisch, Arabisch, Chinesisch und Japanisch.<\/p>\n<p><strong>Verhaltensregeln<\/strong><\/p>\n<p><i>Galerija 11\/07\/95<\/i> bittet alle Besucher, die W\u00fcrde zu wahren und dem Thema der Ausstellung Achtung entgegen zu bringen.<\/p>\n<p>In den Ausstellungsr\u00e4umlichkeiten der <i>Galerija 11\/07\/95<\/i> ist das<\/p>\n<ul>\n<li>Mitbringen und Konsumieren von Lebensmitteln und Getr\u00e4nken<\/li>\n<li>Rauchen<\/li>\n<li>Fotografieren<\/li>\n<li>Mitbringen von Tieren<\/li>\n<li>Anfassen der Exponate untersagt.<\/li>\n<\/ul>\n<p><b>Standort<\/b><\/p>\n<p><img decoding=\"async\" title=\"Galerija 11\/07\/95 mapa\" src=\"https:\/\/galerija110795.ba\/app\/uploads\/2012\/10\/galerija_mapa_lt.png\" alt=\"\"\/><\/p>\n<h3>Verbindung<\/h3>\n<p>Anschrift: Trg fra Grge Marti\u0107a 2\/III, 71 000 Sarajevo,\u00a0Bosnien und Herzegowina<br \/>\nE-mail:\u00a0<a href=\"mailto:info@galerija110795.ba\">info@galerija110795.ba<\/a><br \/>\nTelefon: +387 33 953 170; Fax: +387 33 953 173<br \/>\n<a title=\"Facebook\" href=\"http:\/\/www.facebook.com\/Galerija110795\">Facebook<\/a>\u00a0|\u00a0<a title=\"Twitter\" href=\"http:\/\/twitter.com\/Galerija110795\">Twitter<\/a><\/p>\n","protected":false},"excerpt":{"rendered":"<p>\u00d6ffnungszeiten T\u00e4glich 10 &#8211; 18 Uhr Bei angemeldeten Gruppenbesuchen ist Preisnachlass m\u00f6glich. Audioguides Audioguides sind in folgenden Sprachen verf\u00fcgbar: Bosnisch\/Kroatisch\/Serbisch, Englisch, Deutsch, Franz\u00f6sisch, Italienisch, Spanisch, T\u00fcrkisch, Polnisch, Portugiesisch, Arabisch, Chinesisch und Japanisch. Verhaltensregeln Galerija 11\/07\/95 bittet alle Besucher, die W\u00fcrde zu wahren und dem Thema der Ausstellung Achtung entgegen zu bringen. In den Ausstellungsr\u00e4umlichkeiten der &hellip; <a href=\"https:\/\/galerija110795.ba\/de\/uber-die-galerija-110795\/besucherinfo\/\">Continued<\/a><\/p>\n","protected":false},"author":1,"featured_media":0,"parent":487,"menu_order":1,"comment_status":"closed","ping_status":"open","template":"","meta":{"_acf_changed":false,"footnotes":""},"class_list":["post-495","page","type-page","status-publish","hentry"],"acf":[],"yoast_head":"<!-- This site is optimized with the Yoast SEO plugin v26.8 - https:\/\/yoast.com\/product\/yoast-seo-wordpress\/ -->\n<title>Besucherinfo - Galerija 11\/07\/95<\/title>\n<meta name=\"robots\" content=\"index, follow, max-snippet:-1, max-image-preview:large, max-video-preview:-1\" \/>\n<link rel=\"canonical\" href=\"https:\/\/galerija110795.ba\/de\/uber-die-galerija-110795\/besucherinfo\/\" \/>\n<meta property=\"og:locale\" content=\"de_DE\" \/>\n<meta property=\"og:type\" content=\"article\" \/>\n<meta property=\"og:title\" content=\"Besucherinfo - Galerija 11\/07\/95\" \/>\n<meta property=\"og:description\" content=\"\u00d6ffnungszeiten T\u00e4glich 10 &#8211; 18 Uhr Bei angemeldeten Gruppenbesuchen ist Preisnachlass m\u00f6glich. Audioguides Audioguides sind in folgenden Sprachen verf\u00fcgbar: Bosnisch\/Kroatisch\/Serbisch, Englisch, Deutsch, Franz\u00f6sisch, Italienisch, Spanisch, T\u00fcrkisch, Polnisch, Portugiesisch, Arabisch, Chinesisch und Japanisch. Verhaltensregeln Galerija 11\/07\/95 bittet alle Besucher, die W\u00fcrde zu wahren und dem Thema der Ausstellung Achtung entgegen zu bringen. In den Ausstellungsr\u00e4umlichkeiten der &hellip; Continued\" \/>\n<meta property=\"og:url\" content=\"https:\/\/galerija110795.ba\/de\/uber-die-galerija-110795\/besucherinfo\/\" \/>\n<meta property=\"og:site_name\" content=\"Galerija 11\/07\/95\" \/>\n<meta property=\"article:modified_time\" content=\"2025-11-12T09:20:17+00:00\" \/>\n<meta property=\"og:image\" content=\"https:\/\/galerija110795.ba\/app\/uploads\/2012\/10\/galerija_mapa_lt.png\" \/>\n<meta name=\"twitter:card\" content=\"summary_large_image\" \/>\n<meta name=\"twitter:label1\" content=\"Gesch\u00e4tzte Lesezeit\" \/>\n\t<meta name=\"twitter:data1\" content=\"1\u00a0Minute\" \/>\n<script type=\"application\/ld+json\" class=\"yoast-schema-graph\">{\"@context\":\"https:\/\/schema.org\",\"@graph\":[{\"@type\":\"WebPage\",\"@id\":\"https:\/\/galerija110795.ba\/de\/uber-die-galerija-110795\/besucherinfo\/\",\"url\":\"https:\/\/galerija110795.ba\/de\/uber-die-galerija-110795\/besucherinfo\/\",\"name\":\"Besucherinfo - Galerija 11\/07\/95\",\"isPartOf\":{\"@id\":\"https:\/\/galerija110795.ba\/#website\"},\"primaryImageOfPage\":{\"@id\":\"https:\/\/galerija110795.ba\/de\/uber-die-galerija-110795\/besucherinfo\/#primaryimage\"},\"image\":{\"@id\":\"https:\/\/galerija110795.ba\/de\/uber-die-galerija-110795\/besucherinfo\/#primaryimage\"},\"thumbnailUrl\":\"https:\/\/galerija110795.ba\/app\/uploads\/2012\/10\/galerija_mapa_lt.png\",\"datePublished\":\"2013-11-11T18:14:13+00:00\",\"dateModified\":\"2025-11-12T09:20:17+00:00\",\"breadcrumb\":{\"@id\":\"https:\/\/galerija110795.ba\/de\/uber-die-galerija-110795\/besucherinfo\/#breadcrumb\"},\"inLanguage\":\"de\",\"potentialAction\":[{\"@type\":\"ReadAction\",\"target\":[\"https:\/\/galerija110795.ba\/de\/uber-die-galerija-110795\/besucherinfo\/\"]}]},{\"@type\":\"ImageObject\",\"inLanguage\":\"de\",\"@id\":\"https:\/\/galerija110795.ba\/de\/uber-die-galerija-110795\/besucherinfo\/#primaryimage\",\"url\":\"https:\/\/galerija110795.ba\/app\/uploads\/2012\/10\/galerija_mapa_lt.png\",\"contentUrl\":\"https:\/\/galerija110795.ba\/app\/uploads\/2012\/10\/galerija_mapa_lt.png\"},{\"@type\":\"BreadcrumbList\",\"@id\":\"https:\/\/galerija110795.ba\/de\/uber-die-galerija-110795\/besucherinfo\/#breadcrumb\",\"itemListElement\":[{\"@type\":\"ListItem\",\"position\":1,\"name\":\"Home\",\"item\":\"https:\/\/galerija110795.ba\/de\/\"},{\"@type\":\"ListItem\",\"position\":2,\"name\":\"\u00dcber die Galerija 11\/07\/95\",\"item\":\"https:\/\/galerija110795.ba\/de\/uber-die-galerija-110795\/\"},{\"@type\":\"ListItem\",\"position\":3,\"name\":\"Besucherinfo\"}]},{\"@type\":\"WebSite\",\"@id\":\"https:\/\/galerija110795.ba\/#website\",\"url\":\"https:\/\/galerija110795.ba\/\",\"name\":\"Galerija 11\/07\/95\",\"description\":\"Die erste Gedenkgalerie in Bosnien und Herzegowina, ein Ausstellungsraum, mit dem Ziel, die Erinnerung an den Genozid in Srebrenica und an die 8372 Menschen, die im Genozid von Srebrenica tragisch verungl\u00fcckt sind, zu wahren.\",\"publisher\":{\"@id\":\"https:\/\/galerija110795.ba\/#organization\"},\"potentialAction\":[{\"@type\":\"SearchAction\",\"target\":{\"@type\":\"EntryPoint\",\"urlTemplate\":\"https:\/\/galerija110795.ba\/?s={search_term_string}\"},\"query-input\":{\"@type\":\"PropertyValueSpecification\",\"valueRequired\":true,\"valueName\":\"search_term_string\"}}],\"inLanguage\":\"de\"},{\"@type\":\"Organization\",\"@id\":\"https:\/\/galerija110795.ba\/#organization\",\"name\":\"Galerija 11\/07\/95\",\"url\":\"https:\/\/galerija110795.ba\/\",\"logo\":{\"@type\":\"ImageObject\",\"inLanguage\":\"de\",\"@id\":\"https:\/\/galerija110795.ba\/#\/schema\/logo\/image\/\",\"url\":\"https:\/\/galerija110795.ba\/app\/uploads\/2013\/09\/galerija_110795_logo.png\",\"contentUrl\":\"https:\/\/galerija110795.ba\/app\/uploads\/2013\/09\/galerija_110795_logo.png\",\"width\":1254,\"height\":408,\"caption\":\"Galerija 11\/07\/95\"},\"image\":{\"@id\":\"https:\/\/galerija110795.ba\/#\/schema\/logo\/image\/\"}}]}<\/script>\n<!-- \/ Yoast SEO plugin. -->","yoast_head_json":{"title":"Besucherinfo - Galerija 11\/07\/95","robots":{"index":"index","follow":"follow","max-snippet":"max-snippet:-1","max-image-preview":"max-image-preview:large","max-video-preview":"max-video-preview:-1"},"canonical":"https:\/\/galerija110795.ba\/de\/uber-die-galerija-110795\/besucherinfo\/","og_locale":"de_DE","og_type":"article","og_title":"Besucherinfo - Galerija 11\/07\/95","og_description":"\u00d6ffnungszeiten T\u00e4glich 10 &#8211; 18 Uhr Bei angemeldeten Gruppenbesuchen ist Preisnachlass m\u00f6glich. Audioguides Audioguides sind in folgenden Sprachen verf\u00fcgbar: Bosnisch\/Kroatisch\/Serbisch, Englisch, Deutsch, Franz\u00f6sisch, Italienisch, Spanisch, T\u00fcrkisch, Polnisch, Portugiesisch, Arabisch, Chinesisch und Japanisch. Verhaltensregeln Galerija 11\/07\/95 bittet alle Besucher, die W\u00fcrde zu wahren und dem Thema der Ausstellung Achtung entgegen zu bringen. In den Ausstellungsr\u00e4umlichkeiten der &hellip; Continued","og_url":"https:\/\/galerija110795.ba\/de\/uber-die-galerija-110795\/besucherinfo\/","og_site_name":"Galerija 11\/07\/95","article_modified_time":"2025-11-12T09:20:17+00:00","og_image":[{"url":"https:\/\/galerija110795.ba\/app\/uploads\/2012\/10\/galerija_mapa_lt.png","type":"","width":"","height":""}],"twitter_card":"summary_large_image","twitter_misc":{"Gesch\u00e4tzte Lesezeit":"1\u00a0Minute"},"schema":{"@context":"https:\/\/schema.org","@graph":[{"@type":"WebPage","@id":"https:\/\/galerija110795.ba\/de\/uber-die-galerija-110795\/besucherinfo\/","url":"https:\/\/galerija110795.ba\/de\/uber-die-galerija-110795\/besucherinfo\/","name":"Besucherinfo - Galerija 11\/07\/95","isPartOf":{"@id":"https:\/\/galerija110795.ba\/#website"},"primaryImageOfPage":{"@id":"https:\/\/galerija110795.ba\/de\/uber-die-galerija-110795\/besucherinfo\/#primaryimage"},"image":{"@id":"https:\/\/galerija110795.ba\/de\/uber-die-galerija-110795\/besucherinfo\/#primaryimage"},"thumbnailUrl":"https:\/\/galerija110795.ba\/app\/uploads\/2012\/10\/galerija_mapa_lt.png","datePublished":"2013-11-11T18:14:13+00:00","dateModified":"2025-11-12T09:20:17+00:00","breadcrumb":{"@id":"https:\/\/galerija110795.ba\/de\/uber-die-galerija-110795\/besucherinfo\/#breadcrumb"},"inLanguage":"de","potentialAction":[{"@type":"ReadAction","target":["https:\/\/galerija110795.ba\/de\/uber-die-galerija-110795\/besucherinfo\/"]}]},{"@type":"ImageObject","inLanguage":"de","@id":"https:\/\/galerija110795.ba\/de\/uber-die-galerija-110795\/besucherinfo\/#primaryimage","url":"https:\/\/galerija110795.ba\/app\/uploads\/2012\/10\/galerija_mapa_lt.png","contentUrl":"https:\/\/galerija110795.ba\/app\/uploads\/2012\/10\/galerija_mapa_lt.png"},{"@type":"BreadcrumbList","@id":"https:\/\/galerija110795.ba\/de\/uber-die-galerija-110795\/besucherinfo\/#breadcrumb","itemListElement":[{"@type":"ListItem","position":1,"name":"Home","item":"https:\/\/galerija110795.ba\/de\/"},{"@type":"ListItem","position":2,"name":"\u00dcber die Galerija 11\/07\/95","item":"https:\/\/galerija110795.ba\/de\/uber-die-galerija-110795\/"},{"@type":"ListItem","position":3,"name":"Besucherinfo"}]},{"@type":"WebSite","@id":"https:\/\/galerija110795.ba\/#website","url":"https:\/\/galerija110795.ba\/","name":"Galerija 11\/07\/95","description":"Die erste Gedenkgalerie in Bosnien und Herzegowina, ein Ausstellungsraum, mit dem Ziel, die Erinnerung an den Genozid in Srebrenica und an die 8372 Menschen, die im Genozid von Srebrenica tragisch verungl\u00fcckt sind, zu wahren.","publisher":{"@id":"https:\/\/galerija110795.ba\/#organization"},"potentialAction":[{"@type":"SearchAction","target":{"@type":"EntryPoint","urlTemplate":"https:\/\/galerija110795.ba\/?s={search_term_string}"},"query-input":{"@type":"PropertyValueSpecification","valueRequired":true,"valueName":"search_term_string"}}],"inLanguage":"de"},{"@type":"Organization","@id":"https:\/\/galerija110795.ba\/#organization","name":"Galerija 11\/07\/95","url":"https:\/\/galerija110795.ba\/","logo":{"@type":"ImageObject","inLanguage":"de","@id":"https:\/\/galerija110795.ba\/#\/schema\/logo\/image\/","url":"https:\/\/galerija110795.ba\/app\/uploads\/2013\/09\/galerija_110795_logo.png","contentUrl":"https:\/\/galerija110795.ba\/app\/uploads\/2013\/09\/galerija_110795_logo.png","width":1254,"height":408,"caption":"Galerija 11\/07\/95"},"image":{"@id":"https:\/\/galerija110795.ba\/#\/schema\/logo\/image\/"}}]}},"wpml_current_locale":"de_DE","wpml_translations":{"bs_BA":{"locale":"bs_BA","id":293,"slug":"info-za-posjetitelje","post_title":"Info za posjetitelje","href":"https:\/\/galerija110795.ba\/bs\/o-galeriji-110795\/info-za-posjetitelje\/"},"en_US":{"locale":"en_US","id":289,"slug":"information-for-visitors","post_title":"Information for visitors","href":"https:\/\/galerija110795.ba\/about-gallery-110795\/information-for-visitors\/"},"fr_FR":{"locale":"fr_FR","id":358,"slug":"informations-pour-les-visiteurs","post_title":"Informations pour les visiteurs","href":"https:\/\/galerija110795.ba\/fr\/sur-la-galerie-110795\/informations-pour-les-visiteurs\/"},"de_DE":{"locale":"de_DE","id":495,"slug":"besucherinfo","post_title":"Besucherinfo","href":"https:\/\/galerija110795.ba\/de\/uber-die-galerija-110795\/besucherinfo\/"},"it_IT":{"locale":"it_IT","id":496,"slug":"info-per-i-visitatori","post_title":"Informazioni per i visitatori","href":"https:\/\/galerija110795.ba\/it\/sulla-galleria-110795\/info-per-i-visitatori\/"},"tr":{"locale":"tr","id":497,"slug":"ziyaretciler-icin-bilgi-info","post_title":"Ziyaret\u00e7iler i\u00e7in bilgi (info)","href":"https:\/\/galerija110795.ba\/tr\/110795-galerisi-hakkinda\/ziyaretciler-icin-bilgi-info\/"}},"_links":{"self":[{"href":"https:\/\/galerija110795.ba\/de\/wp-json\/wp\/v2\/pages\/495","targetHints":{"allow":["GET"]}}],"collection":[{"href":"https:\/\/galerija110795.ba\/de\/wp-json\/wp\/v2\/pages"}],"about":[{"href":"https:\/\/galerija110795.ba\/de\/wp-json\/wp\/v2\/types\/page"}],"author":[{"embeddable":true,"href":"https:\/\/galerija110795.ba\/de\/wp-json\/wp\/v2\/users\/1"}],"replies":[{"embeddable":true,"href":"https:\/\/galerija110795.ba\/de\/wp-json\/wp\/v2\/comments?post=495"}],"version-history":[{"count":10,"href":"https:\/\/galerija110795.ba\/de\/wp-json\/wp\/v2\/pages\/495\/revisions"}],"predecessor-version":[{"id":5272,"href":"https:\/\/galerija110795.ba\/de\/wp-json\/wp\/v2\/pages\/495\/revisions\/5272"}],"up":[{"embeddable":true,"href":"https:\/\/galerija110795.ba\/de\/wp-json\/wp\/v2\/pages\/487"}],"wp:attachment":[{"href":"https:\/\/galerija110795.ba\/de\/wp-json\/wp\/v2\/media?parent=495"}],"curies":[{"name":"wp","href":"https:\/\/api.w.org\/{rel}","templated":true}]}}