{"version":"1.0","provider_name":"Galerija 11\/07\/95","provider_url":"https:\/\/galerija110795.ba\/de\/","author_name":"enes","author_url":"https:\/\/galerija110795.ba\/de\/author\/enes\/","title":"\u00dcber die Galerija 11\/07\/95 - Galerija 11\/07\/95","type":"rich","width":600,"height":338,"html":"<blockquote class=\"wp-embedded-content\" data-secret=\"nhR0Ka6QFf\"><a href=\"https:\/\/galerija110795.ba\/de\/uber-die-galerija-110795\/\">\u00dcber die Galerija 11\/07\/95<\/a><\/blockquote><iframe sandbox=\"allow-scripts\" security=\"restricted\" src=\"https:\/\/galerija110795.ba\/de\/uber-die-galerija-110795\/embed\/#?secret=nhR0Ka6QFf\" width=\"600\" height=\"338\" title=\"&#8222;\u00dcber die Galerija 11\/07\/95&#8220; &#8211; Galerija 11\/07\/95\" data-secret=\"nhR0Ka6QFf\" frameborder=\"0\" marginwidth=\"0\" marginheight=\"0\" scrolling=\"no\" class=\"wp-embedded-content\"><\/iframe><script type=\"text\/javascript\">\n\/* <![CDATA[ *\/\n\/*! This file is auto-generated *\/\n!function(d,l){\"use strict\";l.querySelector&&d.addEventListener&&\"undefined\"!=typeof URL&&(d.wp=d.wp||{},d.wp.receiveEmbedMessage||(d.wp.receiveEmbedMessage=function(e){var t=e.data;if((t||t.secret||t.message||t.value)&&!\/[^a-zA-Z0-9]\/.test(t.secret)){for(var s,r,n,a=l.querySelectorAll('iframe[data-secret=\"'+t.secret+'\"]'),o=l.querySelectorAll('blockquote[data-secret=\"'+t.secret+'\"]'),c=new RegExp(\"^https?:$\",\"i\"),i=0;i<o.length;i++)o[i].style.display=\"none\";for(i=0;i<a.length;i++)s=a[i],e.source===s.contentWindow&&(s.removeAttribute(\"style\"),\"height\"===t.message?(1e3<(r=parseInt(t.value,10))?r=1e3:~~r<200&&(r=200),s.height=r):\"link\"===t.message&&(r=new URL(s.getAttribute(\"src\")),n=new URL(t.value),c.test(n.protocol))&&n.host===r.host&&l.activeElement===s&&(d.top.location.href=t.value))}},d.addEventListener(\"message\",d.wp.receiveEmbedMessage,!1),l.addEventListener(\"DOMContentLoaded\",function(){for(var e,t,s=l.querySelectorAll(\"iframe.wp-embedded-content\"),r=0;r<s.length;r++)(t=(e=s[r]).getAttribute(\"data-secret\"))||(t=Math.random().toString(36).substring(2,12),e.src+=\"#?secret=\"+t,e.setAttribute(\"data-secret\",t)),e.contentWindow.postMessage({message:\"ready\",secret:t},\"*\")},!1)))}(window,document);\n\/\/# sourceURL=https:\/\/galerija110795.ba\/wp\/wp-includes\/js\/wp-embed.min.js\n\/* ]]> *\/\n<\/script>\n","description":"Galerija 11\/07\/95 ist das erste Mahnmal in Bosnien und Herzegowina, eingerichtet um ein ehrendes Angedenken den 8372 Personen zu widmen, die in dem V\u00f6lkermord in Srebrenica ihr Leben verloren haben. Er\u00f6ffnet wurde sie am 12. Juli 2012, einen Tag nach der Gedenkfeier, die den Opfern des V\u00f6lkermordes in Srebrenica galt und sie steht symbolhaft f\u00fcr &hellip; Continued","thumbnail_url":"https:\/\/galerija110795.ba\/app\/uploads\/2012\/10\/gallery_110795_01-600x400.jpg"}