{"id":95,"date":"2012-10-23T12:39:47","date_gmt":"2012-10-23T12:39:47","guid":{"rendered":"https:\/\/galerija110795.ba\/site\/?page_id=95"},"modified":"2015-11-18T11:23:40","modified_gmt":"2015-11-18T11:23:40","slug":"stalna-postavka-srebrenica","status":"publish","type":"page","link":"https:\/\/galerija110795.ba\/bs\/izlozbe\/stalna-postavka-srebrenica\/","title":{"rendered":"Stalna postavka &#8220;Srebrenica&#8221;"},"content":{"rendered":"<p style=\"text-align: left;\"><img decoding=\"async\" class=\"img-responsive aligncenter\" src=\"https:\/\/galerija110795.ba\/app\/uploads\/2012\/10\/gallery_110795_03.jpg\" alt=\"03\" \/><\/p>\n<p style=\"text-align: left;\">Posjetitelji Galerije 11\/07\/95 mogu pogledati stalnu izlo\u017ebu &#8220;Srebrenica&#8221;, koja predstavlja dokumentarni \u2013 umjetni\u010dki prikaz srebreni\u010dkog stradanja i \u017eivota pre\u017eivjelih nakon 11.07.1995. Postavka je multimedijalna i sastoji se od sljede\u0107ih dijelova:<\/p>\n<h4>Zid smrti (Memorijalni centar Srebrenica \u2013 Poto\u010dari)<\/h4>\n<p>Na zidu dugom 16 metara nalaze se imena i godi\u0161ta 8.372 osobe stradale u srebreni\u010dkom genocidu. Imena i podaci o \u017ertvama prikupio je \u00a0Memorijalni centar u Poto\u010darima, koji je otvoren u septembru 2003. godine.<\/p>\n<h4>Portreti stradalih (Udru\u017eenje &#8211; Pokret Majke enklava Srebrenica i \u017depa)<\/h4>\n<p>Dio stalne postavke \u010dini i 640 li\u010dnih fotografija stradalih koje su sakupile majke Srebrenice. Fotografije pokazuju kako su u Srebrenici stradali i dje\u010daci i mladi\u0107i i straci; mu\u0161karci svih uzrasta koji su ubijeni samo zbog svog imena.<\/p>\n<h4>Mapiranje genocida (Inicijativa mladih za ljudska prava YIHR \/ Fama)<\/h4>\n<p>Mapiranje genocida je interaktivna studija genocida sastavljena od 17 animiranih mapa u kojima se kroz tekst, crte\u017e, fotografiju i video nudi detaljan opis srebreni\u010dkog genocida. U studijama u kojima se izu\u010davao genocid, pokazalo se da svaki genocid koji se izu\u010davao, ima iste faze po kojima se odvija. Polaze\u0107i od ove pretpostavke \u2013 metodologija projekta &#8220;Mapiranje genocida&#8221; slijedi faze genocida. Svaka od 17 mapa ima klju\u010dne ta\u010dke u kojima se nalaze dokazi. Namjena projekta je plasiranje univerzalnog modela tuma\u010denja i shvatanja mehanizma genocida. <a title=\"Mapiranje genocida - online\" href=\"http:\/\/www.srebrenica-mappinggenocide.com\/bh-m\/\">Pogledajte online verziju ovdje<\/a><\/p>\n<h4>Fotografije iz ciklusa &#8220;Srebrenica&#8221; (Tarik Samarah)<\/h4>\n<p>Fotografije autora Tarika Samaraha su dokumentarno\u2013umjetni\u010dki prikazi onoga \u0161to je ostalo nakon stradanja u Srebrenici. Prelaze\u0107i fokusom od trenutaka dana\u0161njeg \u017eivota pre\u017eivjelih, iskopavanja ostataka tijela iz masovnih grobnica, procesa identificiranja, zatim ponovnog ukupa nastradalih \u2013 fotografije nude uznemiruju\u0107u pri\u010du o najve\u0107em zlo\u010dinu u Evropi nakon Drugog svjetskog rata.<\/p>\n<div class=\"embed-responsive embed-responsive-4by3\"><iframe loading=\"lazy\" title=\"Srebrenica - Tarik Samarah\" width=\"500\" height=\"375\" src=\"https:\/\/www.youtube.com\/embed\/rmNBXYg8UX4?feature=oembed\" frameborder=\"0\" allow=\"accelerometer; autoplay; clipboard-write; encrypted-media; gyroscope; picture-in-picture; web-share\" referrerpolicy=\"strict-origin-when-cross-origin\" allowfullscreen><\/iframe><\/div>\n<h4>Video arhiv genocida (Cinema for Peace Foundation)<\/h4>\n<p>Video arhiv genocida je projekt <a title=\"Fondacija Cinema for Peace\" href=\"http:\/\/www.cinemaforpeace.com\/\">Fondacije Cinema for Peace<\/a> koji nudi li\u010dne pri\u010de pre\u017eivjelih Srebreni\u010dana. Koncipiran kao model usmene historije, projekt &#8220;Video arhiv genocida&#8221;, nudi \u017eivotna iskustva pre\u017eivjelih Srebreni\u010dana kao va\u017ean dio procesa dokumentiranja genocida.<\/p>\n<h4>Mape sa lokacijama masovnih grobnica (Institut za nestale BiH)<\/h4>\n<p>Institut za nestale BiH je jedinstvena, samostalna, neovisna i stru\u010dna institucija, osnovana sa ciljem unapre\u0111enja procesa tra\u017eenja osoba nestalih u ratnim sukobima u periodu od 1992. do 1995. godine, uspostavljanja Centralne evidencije nestalih (CEN) osoba, te za\u0161tite i katalogiziranja pojedina\u010dnih i masovnih grobnica na teritoriji Bosne i Hercegovine. U stalnoj postavci Galerije 11\/07\/95, Institut za nestale BiH u\u010destvuje sa mapama do sada prona\u0111enih masovnih grobnica u BiH, doprinose\u0107i na taj na\u010din dokumentarnom aspektu postavke.<\/p>\n","protected":false},"excerpt":{"rendered":"<p>Posjetitelji Galerije 11\/07\/95 mogu pogledati stalnu izlo\u017ebu &#8220;Srebrenica&#8221;, koja predstavlja dokumentarni \u2013 umjetni\u010dki prikaz srebreni\u010dkog stradanja i \u017eivota pre\u017eivjelih nakon 11.07.1995. Postavka je multimedijalna i sastoji se od sljede\u0107ih dijelova: Zid smrti (Memorijalni centar Srebrenica \u2013 Poto\u010dari) Na zidu dugom 16 metara nalaze se imena i godi\u0161ta 8.372 osobe stradale u srebreni\u010dkom genocidu. Imena i &hellip; <a href=\"https:\/\/galerija110795.ba\/bs\/izlozbe\/stalna-postavka-srebrenica\/\">Continued<\/a><\/p>\n","protected":false},"author":2,"featured_media":158,"parent":700,"menu_order":1,"comment_status":"closed","ping_status":"closed","template":"","meta":{"_acf_changed":false,"footnotes":""},"class_list":["post-95","page","type-page","status-publish","has-post-thumbnail","hentry"],"acf":[],"yoast_head":"<!-- This site is optimized with the Yoast SEO plugin v26.8 - https:\/\/yoast.com\/product\/yoast-seo-wordpress\/ -->\n<title>Stalna postavka &quot;Srebrenica&quot; - Galerija 11\/07\/95<\/title>\n<meta name=\"robots\" content=\"index, follow, max-snippet:-1, max-image-preview:large, max-video-preview:-1\" \/>\n<link rel=\"canonical\" href=\"https:\/\/galerija110795.ba\/bs\/izlozbe\/stalna-postavka-srebrenica\/\" \/>\n<meta property=\"og:locale\" content=\"bs_BA\" \/>\n<meta property=\"og:type\" content=\"article\" \/>\n<meta property=\"og:title\" content=\"Stalna postavka &quot;Srebrenica&quot; - Galerija 11\/07\/95\" \/>\n<meta property=\"og:description\" content=\"Posjetitelji Galerije 11\/07\/95 mogu pogledati stalnu izlo\u017ebu &#8220;Srebrenica&#8221;, koja predstavlja dokumentarni \u2013 umjetni\u010dki prikaz srebreni\u010dkog stradanja i \u017eivota pre\u017eivjelih nakon 11.07.1995. Postavka je multimedijalna i sastoji se od sljede\u0107ih dijelova: Zid smrti (Memorijalni centar Srebrenica \u2013 Poto\u010dari) Na zidu dugom 16 metara nalaze se imena i godi\u0161ta 8.372 osobe stradale u srebreni\u010dkom genocidu. Imena i &hellip; Continued\" \/>\n<meta property=\"og:url\" content=\"https:\/\/galerija110795.ba\/bs\/izlozbe\/stalna-postavka-srebrenica\/\" \/>\n<meta property=\"og:site_name\" content=\"Galerija 11\/07\/95\" \/>\n<meta property=\"article:modified_time\" content=\"2015-11-18T11:23:40+00:00\" \/>\n<meta property=\"og:image\" content=\"https:\/\/galerija110795.ba\/app\/uploads\/2012\/10\/gallery_110795_03-1200x800.jpg\" \/>\n\t<meta property=\"og:image:width\" content=\"1200\" \/>\n\t<meta property=\"og:image:height\" content=\"800\" \/>\n\t<meta property=\"og:image:type\" content=\"image\/jpeg\" \/>\n<meta name=\"twitter:card\" content=\"summary_large_image\" \/>\n<meta name=\"twitter:label1\" content=\"Est. reading time\" \/>\n\t<meta name=\"twitter:data1\" content=\"2 minute\" \/>\n<script type=\"application\/ld+json\" class=\"yoast-schema-graph\">{\"@context\":\"https:\/\/schema.org\",\"@graph\":[{\"@type\":\"WebPage\",\"@id\":\"https:\/\/galerija110795.ba\/bs\/izlozbe\/stalna-postavka-srebrenica\/\",\"url\":\"https:\/\/galerija110795.ba\/bs\/izlozbe\/stalna-postavka-srebrenica\/\",\"name\":\"Stalna postavka \\\"Srebrenica\\\" - Galerija 11\/07\/95\",\"isPartOf\":{\"@id\":\"https:\/\/galerija110795.ba\/#website\"},\"primaryImageOfPage\":{\"@id\":\"https:\/\/galerija110795.ba\/bs\/izlozbe\/stalna-postavka-srebrenica\/#primaryimage\"},\"image\":{\"@id\":\"https:\/\/galerija110795.ba\/bs\/izlozbe\/stalna-postavka-srebrenica\/#primaryimage\"},\"thumbnailUrl\":\"https:\/\/galerija110795.ba\/app\/uploads\/2012\/10\/gallery_110795_03.jpg\",\"datePublished\":\"2012-10-23T12:39:47+00:00\",\"dateModified\":\"2015-11-18T11:23:40+00:00\",\"breadcrumb\":{\"@id\":\"https:\/\/galerija110795.ba\/bs\/izlozbe\/stalna-postavka-srebrenica\/#breadcrumb\"},\"inLanguage\":\"bs-BA\",\"potentialAction\":[{\"@type\":\"ReadAction\",\"target\":[\"https:\/\/galerija110795.ba\/bs\/izlozbe\/stalna-postavka-srebrenica\/\"]}]},{\"@type\":\"ImageObject\",\"inLanguage\":\"bs-BA\",\"@id\":\"https:\/\/galerija110795.ba\/bs\/izlozbe\/stalna-postavka-srebrenica\/#primaryimage\",\"url\":\"https:\/\/galerija110795.ba\/app\/uploads\/2012\/10\/gallery_110795_03.jpg\",\"contentUrl\":\"https:\/\/galerija110795.ba\/app\/uploads\/2012\/10\/gallery_110795_03.jpg\",\"width\":2400,\"height\":1600},{\"@type\":\"BreadcrumbList\",\"@id\":\"https:\/\/galerija110795.ba\/bs\/izlozbe\/stalna-postavka-srebrenica\/#breadcrumb\",\"itemListElement\":[{\"@type\":\"ListItem\",\"position\":1,\"name\":\"Home\",\"item\":\"https:\/\/galerija110795.ba\/\"},{\"@type\":\"ListItem\",\"position\":2,\"name\":\"Izlo\u017ebe\",\"item\":\"https:\/\/galerija110795.ba\/bs\/izlozbe\/\"},{\"@type\":\"ListItem\",\"position\":3,\"name\":\"Stalna postavka &#8220;Srebrenica&#8221;\"}]},{\"@type\":\"WebSite\",\"@id\":\"https:\/\/galerija110795.ba\/#website\",\"url\":\"https:\/\/galerija110795.ba\/\",\"name\":\"Galerija 11\/07\/95\",\"description\":\"Prva memorijalna galerija u Bosni i Hercegovini, izlo\u017ebeni prostor kojem je cilj o\u010duvati sje\u0107anja na  tragediju Srebrenice i 8372 osobe tragi\u010dno stradale u srebreni\u010dkom genocidu.\",\"publisher\":{\"@id\":\"https:\/\/galerija110795.ba\/#organization\"},\"potentialAction\":[{\"@type\":\"SearchAction\",\"target\":{\"@type\":\"EntryPoint\",\"urlTemplate\":\"https:\/\/galerija110795.ba\/?s={search_term_string}\"},\"query-input\":{\"@type\":\"PropertyValueSpecification\",\"valueRequired\":true,\"valueName\":\"search_term_string\"}}],\"inLanguage\":\"bs-BA\"},{\"@type\":\"Organization\",\"@id\":\"https:\/\/galerija110795.ba\/#organization\",\"name\":\"Galerija 11\/07\/95\",\"url\":\"https:\/\/galerija110795.ba\/\",\"logo\":{\"@type\":\"ImageObject\",\"inLanguage\":\"bs-BA\",\"@id\":\"https:\/\/galerija110795.ba\/#\/schema\/logo\/image\/\",\"url\":\"https:\/\/galerija110795.ba\/app\/uploads\/2013\/09\/galerija_110795_logo.png\",\"contentUrl\":\"https:\/\/galerija110795.ba\/app\/uploads\/2013\/09\/galerija_110795_logo.png\",\"width\":1254,\"height\":408,\"caption\":\"Galerija 11\/07\/95\"},\"image\":{\"@id\":\"https:\/\/galerija110795.ba\/#\/schema\/logo\/image\/\"}}]}<\/script>\n<!-- \/ Yoast SEO plugin. -->","yoast_head_json":{"title":"Stalna postavka \"Srebrenica\" - Galerija 11\/07\/95","robots":{"index":"index","follow":"follow","max-snippet":"max-snippet:-1","max-image-preview":"max-image-preview:large","max-video-preview":"max-video-preview:-1"},"canonical":"https:\/\/galerija110795.ba\/bs\/izlozbe\/stalna-postavka-srebrenica\/","og_locale":"bs_BA","og_type":"article","og_title":"Stalna postavka \"Srebrenica\" - Galerija 11\/07\/95","og_description":"Posjetitelji Galerije 11\/07\/95 mogu pogledati stalnu izlo\u017ebu &#8220;Srebrenica&#8221;, koja predstavlja dokumentarni \u2013 umjetni\u010dki prikaz srebreni\u010dkog stradanja i \u017eivota pre\u017eivjelih nakon 11.07.1995. Postavka je multimedijalna i sastoji se od sljede\u0107ih dijelova: Zid smrti (Memorijalni centar Srebrenica \u2013 Poto\u010dari) Na zidu dugom 16 metara nalaze se imena i godi\u0161ta 8.372 osobe stradale u srebreni\u010dkom genocidu. Imena i &hellip; Continued","og_url":"https:\/\/galerija110795.ba\/bs\/izlozbe\/stalna-postavka-srebrenica\/","og_site_name":"Galerija 11\/07\/95","article_modified_time":"2015-11-18T11:23:40+00:00","og_image":[{"width":1200,"height":800,"url":"https:\/\/galerija110795.ba\/app\/uploads\/2012\/10\/gallery_110795_03-1200x800.jpg","type":"image\/jpeg"}],"twitter_card":"summary_large_image","twitter_misc":{"Est. reading time":"2 minute"},"schema":{"@context":"https:\/\/schema.org","@graph":[{"@type":"WebPage","@id":"https:\/\/galerija110795.ba\/bs\/izlozbe\/stalna-postavka-srebrenica\/","url":"https:\/\/galerija110795.ba\/bs\/izlozbe\/stalna-postavka-srebrenica\/","name":"Stalna postavka \"Srebrenica\" - Galerija 11\/07\/95","isPartOf":{"@id":"https:\/\/galerija110795.ba\/#website"},"primaryImageOfPage":{"@id":"https:\/\/galerija110795.ba\/bs\/izlozbe\/stalna-postavka-srebrenica\/#primaryimage"},"image":{"@id":"https:\/\/galerija110795.ba\/bs\/izlozbe\/stalna-postavka-srebrenica\/#primaryimage"},"thumbnailUrl":"https:\/\/galerija110795.ba\/app\/uploads\/2012\/10\/gallery_110795_03.jpg","datePublished":"2012-10-23T12:39:47+00:00","dateModified":"2015-11-18T11:23:40+00:00","breadcrumb":{"@id":"https:\/\/galerija110795.ba\/bs\/izlozbe\/stalna-postavka-srebrenica\/#breadcrumb"},"inLanguage":"bs-BA","potentialAction":[{"@type":"ReadAction","target":["https:\/\/galerija110795.ba\/bs\/izlozbe\/stalna-postavka-srebrenica\/"]}]},{"@type":"ImageObject","inLanguage":"bs-BA","@id":"https:\/\/galerija110795.ba\/bs\/izlozbe\/stalna-postavka-srebrenica\/#primaryimage","url":"https:\/\/galerija110795.ba\/app\/uploads\/2012\/10\/gallery_110795_03.jpg","contentUrl":"https:\/\/galerija110795.ba\/app\/uploads\/2012\/10\/gallery_110795_03.jpg","width":2400,"height":1600},{"@type":"BreadcrumbList","@id":"https:\/\/galerija110795.ba\/bs\/izlozbe\/stalna-postavka-srebrenica\/#breadcrumb","itemListElement":[{"@type":"ListItem","position":1,"name":"Home","item":"https:\/\/galerija110795.ba\/"},{"@type":"ListItem","position":2,"name":"Izlo\u017ebe","item":"https:\/\/galerija110795.ba\/bs\/izlozbe\/"},{"@type":"ListItem","position":3,"name":"Stalna postavka &#8220;Srebrenica&#8221;"}]},{"@type":"WebSite","@id":"https:\/\/galerija110795.ba\/#website","url":"https:\/\/galerija110795.ba\/","name":"Galerija 11\/07\/95","description":"Prva memorijalna galerija u Bosni i Hercegovini, izlo\u017ebeni prostor kojem je cilj o\u010duvati sje\u0107anja na  tragediju Srebrenice i 8372 osobe tragi\u010dno stradale u srebreni\u010dkom genocidu.","publisher":{"@id":"https:\/\/galerija110795.ba\/#organization"},"potentialAction":[{"@type":"SearchAction","target":{"@type":"EntryPoint","urlTemplate":"https:\/\/galerija110795.ba\/?s={search_term_string}"},"query-input":{"@type":"PropertyValueSpecification","valueRequired":true,"valueName":"search_term_string"}}],"inLanguage":"bs-BA"},{"@type":"Organization","@id":"https:\/\/galerija110795.ba\/#organization","name":"Galerija 11\/07\/95","url":"https:\/\/galerija110795.ba\/","logo":{"@type":"ImageObject","inLanguage":"bs-BA","@id":"https:\/\/galerija110795.ba\/#\/schema\/logo\/image\/","url":"https:\/\/galerija110795.ba\/app\/uploads\/2013\/09\/galerija_110795_logo.png","contentUrl":"https:\/\/galerija110795.ba\/app\/uploads\/2013\/09\/galerija_110795_logo.png","width":1254,"height":408,"caption":"Galerija 11\/07\/95"},"image":{"@id":"https:\/\/galerija110795.ba\/#\/schema\/logo\/image\/"}}]}},"wpml_current_locale":"bs_BA","wpml_translations":{"bs_BA":{"locale":"bs_BA","id":95,"slug":"stalna-postavka-srebrenica","post_title":"Stalna postavka \"Srebrenica\"","href":"https:\/\/galerija110795.ba\/bs\/izlozbe\/stalna-postavka-srebrenica\/"},"en_US":{"locale":"en_US","id":296,"slug":"permanent-exhibition-srebrenica","post_title":"Permanent Exhibition \"Srebrenica\"","href":"https:\/\/galerija110795.ba\/exhibitions\/permanent-exhibition-srebrenica\/"},"fr_FR":{"locale":"fr_FR","id":360,"slug":"lexposition-permanente-srebrenica","post_title":"L\u2019exposition permanente \u00abSrebrenica\u00bb","href":"https:\/\/galerija110795.ba\/fr\/sur-la-galerie-110795\/lexposition-permanente-srebrenica\/"},"de_DE":{"locale":"de_DE","id":504,"slug":"standige-ausstellung-srebrenica","post_title":"St\u00e4ndige Ausstellung \"Srebrenica\"","href":"https:\/\/galerija110795.ba\/de\/uber-die-galerija-110795\/standige-ausstellung-srebrenica\/"},"it_IT":{"locale":"it_IT","id":505,"slug":"esposizione-permanente-srebrenica","post_title":"Esposizione permanente \"Srebrenica\"","href":"https:\/\/galerija110795.ba\/it\/sulla-galleria-110795\/esposizione-permanente-srebrenica\/"},"tr":{"locale":"tr","id":506,"slug":"srebrenica-daimi-sergi","post_title":"\u2018Srebrenica\u2019 daimi sergi","href":"https:\/\/galerija110795.ba\/tr\/110795-galerisi-hakkinda\/srebrenica-daimi-sergi\/"}},"_links":{"self":[{"href":"https:\/\/galerija110795.ba\/bs\/wp-json\/wp\/v2\/pages\/95","targetHints":{"allow":["GET"]}}],"collection":[{"href":"https:\/\/galerija110795.ba\/bs\/wp-json\/wp\/v2\/pages"}],"about":[{"href":"https:\/\/galerija110795.ba\/bs\/wp-json\/wp\/v2\/types\/page"}],"author":[{"embeddable":true,"href":"https:\/\/galerija110795.ba\/bs\/wp-json\/wp\/v2\/users\/2"}],"replies":[{"embeddable":true,"href":"https:\/\/galerija110795.ba\/bs\/wp-json\/wp\/v2\/comments?post=95"}],"version-history":[{"count":0,"href":"https:\/\/galerija110795.ba\/bs\/wp-json\/wp\/v2\/pages\/95\/revisions"}],"up":[{"embeddable":true,"href":"https:\/\/galerija110795.ba\/bs\/wp-json\/wp\/v2\/pages\/700"}],"wp:featuredmedia":[{"embeddable":true,"href":"https:\/\/galerija110795.ba\/bs\/wp-json\/wp\/v2\/media\/158"}],"wp:attachment":[{"href":"https:\/\/galerija110795.ba\/bs\/wp-json\/wp\/v2\/media?parent=95"}],"curies":[{"name":"wp","href":"https:\/\/api.w.org\/{rel}","templated":true}]}}