{"id":838,"date":"2015-08-31T16:09:56","date_gmt":"2015-08-31T16:09:56","guid":{"rendered":"https:\/\/galerija110795.ba\/?page_id=838"},"modified":"2016-06-18T11:52:26","modified_gmt":"2016-06-18T11:52:26","slug":"krv-i-med-dnevnik-balkanskog-rata","status":"publish","type":"page","link":"https:\/\/galerija110795.ba\/bs\/izlozbe\/prosle-izlozbe\/krv-i-med-dnevnik-balkanskog-rata\/","title":{"rendered":"Krv i med: Dnevnik balkanskog rata"},"content":{"rendered":"<div class=\"img-responsive embed-responsive embed-responsive-4by3\"><iframe loading=\"lazy\" title=\"Blood and Honey: A Balkan War Journal (ORIGINAL VIDEO)\" width=\"500\" height=\"281\" src=\"https:\/\/www.youtube.com\/embed\/lIoAEYTS7rU?feature=oembed\" frameborder=\"0\" allow=\"accelerometer; autoplay; clipboard-write; encrypted-media; gyroscope; picture-in-picture; web-share\" referrerpolicy=\"strict-origin-when-cross-origin\" allowfullscreen><\/iframe><\/div>\n<p>Izlo\u017eba <strong>Krv i med: Dnevnik balkanskog rata <\/strong>zapis\u00a0je Rona Haviva o sukobu u Jugoslaviji devedesetih godina 20.\u00a0stolje\u0107a. Od prvog izbijanja rata 1991. godine pa do previranja na Kosovu Haviv\u00a0je stvarao fotografije koje opisuju \u00a0tragediju rata.<\/p>\n<p><img decoding=\"async\" class=\"img-responsive alignright \" src=\"https:\/\/galerija110795.ba\/app\/uploads\/2015\/05\/ron_haviv_poster_b1_date_print.jpg\" alt=\"\"\/><em>Gledao sam rat kako po\u010dinje i slu\u0161ao predvi\u0111anja. Prvenstvena namjera mog rada bila je fotoreporterska. Nadao sam se da \u0107u privu\u0107i pa\u017enju ljudi na situaciju, da \u0107u pomo\u0107i da se iznudi\u00a0reakcija svijeta, da \u0107u sprije\u010diti ono \u0161to je\u00a0narode Jugoslavije o\u010dekivalo. Na\u017ealost, nisam bio u stanju to u\u010diniti. Rat se pro\u0161irio, gutaju\u0107i sve regije biv\u0161e Jugoslavije. Bio sam prisutan\u00a0do kraja, a danas se nadam da \u0107e moj rad biti svjedo\u010danstvo o ratu. To je optu\u017eba za one\u00a0koji su imali mo\u0107 da urade ne\u0161to, a ipak su samo stajali i nisu u\u010dinili ni\u0161ta dok su hiljade i hiljade umirale, a milioni postajali izbjeglice.<\/em><\/p>\n<p>Ron Haviv je nagra\u0111ivani fotoreporter, nominiran za nagradu Emmy i suosniva\u010d Foto-grafske agencije VII, posve\u0107ene dokumentaciji sukoba i podizanju svijesti o pitanjima ljudskih <img decoding=\"async\" class=\"img-responsive alignright \" src=\"https:\/\/galerija110795.ba\/app\/uploads\/2015\/05\/ron_haviv_credit_john_stanmeyer_VII-copy-900x871.jpeg\" alt=\"\"\/>prava \u0161irom svijeta.Tokom posljednje tri decenije Haviv je kao fotoreporter pokrivao vi\u0161e od 25 sukoba u vi\u0161e od 100 razli\u010ditih zemalja svijeta. Objavio je tri zapa\u017eene zbirke fotografija, a njegovi radovi\u00a0izlagani su u brojnim muzejima, galerijama, i institucijama kao \u0161to su Muzej Louvre, Ujedinjene nacije, i Savjet za me\u0111unarodne odnose. Havivove fotografije nalaze se i u kolekcijama Muzeja primijenjenih umjetnosti u Houstonu, u George Eastman House, kao i u brojnim privatnim zbirkama.\u00a0Haviv je kreirao nepobitne dokaze nepravde rata, a njegove fotografije imaju nemjerljiv zna\u010daj.\u00a0Njegov rad na Balkanu, koji obuhvata vi\u0161e od decenije sukoba, kori\u0161ten je kao dokazni materijal u optu\u017enicama i presudama ratnim zlo\u010dincima pri Me\u0111unarodnom sudu pravde u Den Haagu.<\/p>\n\n<div id=\"blueimp-gallery\" class=\"blueimp-gallery\" data-use-bootstrap-modal=\"false\">\n    <!-- The container for the modal slides -->\n    <div class=\"slides\"><\/div>\n    <!-- Controls for the borderless lightbox -->\n    <h3 class=\"title\"><\/h3>\n    <a class=\"prev\">\u2039<\/a>\n    <a class=\"next\">\u203a<\/a>\n    <a class=\"close\">\u00d7<\/a>\n    <a class=\"play-pause\"><\/a>\n    <!-- The modal dialog, which will be used to wrap the lightbox content -->\n    <div class=\"modal fade\">\n        <div class=\"modal-dialog\">\n            <div class=\"modal-content\">\n                <div class=\"modal-header\">\n                    <button type=\"button\" class=\"close\" aria-hidden=\"true\">&times;<\/button>\n                    <h4 class=\"modal-title\"><\/h4>\n                <\/div>\n                <div class=\"modal-body next\"><\/div>\n                <div class=\"modal-footer\">\n                    <button type=\"button\" class=\"btn btn-default pull-left prev\">\n                        <i class=\"glyphicon glyphicon-chevron-left\"><\/i>\n                        Previous\n                    <\/button>\n                    <button type=\"button\" class=\"btn btn-primary next\">\n                        Next\n                        <i class=\"glyphicon glyphicon-chevron-right\"><\/i>\n                    <\/button>\n                <\/div>\n            <\/div>\n        <\/div>\n    <\/div>\n<\/div><div id=\"links\" class=\"gallery gallery-838-1\"><div class=\"gallery-row gallery-columns-2\"><div class=\"gallery-item\"><a class=\"thumbnail img-thumbnail\" href='https:\/\/galerija110795.ba\/app\/uploads\/2015\/01\/haviv-a-panjeta-23.jpg'><img loading=\"lazy\" decoding=\"async\" width=\"600\" height=\"400\" src=\"https:\/\/galerija110795.ba\/app\/uploads\/2015\/01\/haviv-a-panjeta-23-600x400.jpg\" class=\"attachment-thumbnail size-thumbnail\" alt=\"\" srcset=\"https:\/\/galerija110795.ba\/app\/uploads\/2015\/01\/haviv-a-panjeta-23-600x400.jpg 600w, https:\/\/galerija110795.ba\/app\/uploads\/2015\/01\/haviv-a-panjeta-23-900x600.jpg 900w, https:\/\/galerija110795.ba\/app\/uploads\/2015\/01\/haviv-a-panjeta-23-1200x800.jpg 1200w\" sizes=\"auto, (max-width: 600px) 100vw, 600px\" \/><\/a><\/div><div class=\"gallery-item\"><a class=\"thumbnail img-thumbnail\" href='https:\/\/galerija110795.ba\/app\/uploads\/2015\/01\/haviv-a-panjeta-12.jpg'><img loading=\"lazy\" decoding=\"async\" width=\"600\" height=\"400\" src=\"https:\/\/galerija110795.ba\/app\/uploads\/2015\/01\/haviv-a-panjeta-12-600x400.jpg\" class=\"attachment-thumbnail size-thumbnail\" alt=\"\" srcset=\"https:\/\/galerija110795.ba\/app\/uploads\/2015\/01\/haviv-a-panjeta-12-600x400.jpg 600w, https:\/\/galerija110795.ba\/app\/uploads\/2015\/01\/haviv-a-panjeta-12-900x600.jpg 900w, https:\/\/galerija110795.ba\/app\/uploads\/2015\/01\/haviv-a-panjeta-12-1200x800.jpg 1200w\" sizes=\"auto, (max-width: 600px) 100vw, 600px\" \/><\/a><\/div><\/div><div class=\"gallery-row gallery-columns-2\"><div class=\"gallery-item\"><a class=\"thumbnail img-thumbnail\" href='https:\/\/galerija110795.ba\/app\/uploads\/2015\/01\/haviv-a-panjeta-15.jpg'><img loading=\"lazy\" decoding=\"async\" width=\"600\" height=\"400\" src=\"https:\/\/galerija110795.ba\/app\/uploads\/2015\/01\/haviv-a-panjeta-15-600x400.jpg\" class=\"attachment-thumbnail size-thumbnail\" alt=\"\" srcset=\"https:\/\/galerija110795.ba\/app\/uploads\/2015\/01\/haviv-a-panjeta-15-600x400.jpg 600w, https:\/\/galerija110795.ba\/app\/uploads\/2015\/01\/haviv-a-panjeta-15-900x600.jpg 900w, https:\/\/galerija110795.ba\/app\/uploads\/2015\/01\/haviv-a-panjeta-15-1200x800.jpg 1200w\" sizes=\"auto, (max-width: 600px) 100vw, 600px\" \/><\/a><\/div><div class=\"gallery-item\"><a class=\"thumbnail img-thumbnail\" href='https:\/\/galerija110795.ba\/app\/uploads\/2015\/01\/haviv-a-panjeta-04.jpg'><img loading=\"lazy\" decoding=\"async\" width=\"600\" height=\"400\" src=\"https:\/\/galerija110795.ba\/app\/uploads\/2015\/01\/haviv-a-panjeta-04-600x400.jpg\" class=\"attachment-thumbnail size-thumbnail\" alt=\"\" srcset=\"https:\/\/galerija110795.ba\/app\/uploads\/2015\/01\/haviv-a-panjeta-04-600x400.jpg 600w, https:\/\/galerija110795.ba\/app\/uploads\/2015\/01\/haviv-a-panjeta-04-900x600.jpg 900w, https:\/\/galerija110795.ba\/app\/uploads\/2015\/01\/haviv-a-panjeta-04-1200x800.jpg 1200w\" sizes=\"auto, (max-width: 600px) 100vw, 600px\" \/><\/a><\/div><\/div><\/div>\n  <script>\n    jQuery(document).ready(function($) {\n\ndocument.getElementById(\"links\").onclick = function (event) {\n    event = event || window.event;\n    var target = event.target || event.srcElement,\n        link = target.src ? target.parentNode : target,\n        options = {index: link, event: event},\n        links = this.getElementsByTagName(\"a\");\n    blueimp.Gallery(links, options);\n};\n    });\n    \n<\/script>\n  \n<p>Predsjednik Sjedinjenih Ameri\u010dkih Dr\u017eava H.W. George Bush naveo je Havivove potresne fotografije nasilja u Panami kao jedan od razloga za ameri\u010dku intervenciju 1989. godine.\u00a0Njegov filmski rad prikazivan je na kanalu PBS, u emisijama\u00a0Need to Know i Frontline, kao i na\u00a0NBC\u00a0 kanalu u emisijama Nightly News i ABC World News Tonight. Re\u017eirao je kratke filmove za ESPN, People Magazine, Doktore bez granica, Asia Society i American Photography. Havivovi muzi\u010dki video zapisi prikazivani su na MTV Europe i kanalu Sol Musica u \u0160paniji.\u00a0Njegova prva knjiga fotografija Blood and Honey: A Balkan War Journal (Krv i med: Dnevnik balkanskog rata) progla\u0161ena je &#8220;jednom od najboljih nefikcionalnih knjiga godine&#8221; po izboru The Los Angeles Timesa, te &#8220;potresnim, ali jako va\u017enim svjedo\u010danstvom ljudske patnje&#8221; prema\u00a0magazinu Newsweek. Njegove monografije su tako\u0111er: Afganistan: The Road to Kabul (Afganistan: Put u Kabul) i Haiti: 12 January 2010 (Haiti 12. januar 2010)\u00a0Haviv se pojavljuje kao sredi\u0161nji lik\u00a0u \u0161est dokumentarnih filmova, uklju\u010duju\u0107i Freelance in a World of Risk National Geografic Explorera, u kojem govori o opasnostima vezanim za ratnu fotografiju, o brojnim pritvaranjima i opasnim situacijama. Pojavljivao se kao analiti\u010dar i komentator u televizijskim emisijama ABC World News, BBC, CNN, NPR, MSNBC, NBC Nightly News, Good Morning America i The Charlie Rose Show.<\/p>\n","protected":false},"excerpt":{"rendered":"<p>Izlo\u017eba Krv i med: Dnevnik balkanskog rata zapis\u00a0je Rona Haviva o sukobu u Jugoslaviji devedesetih godina 20.\u00a0stolje\u0107a. Od prvog izbijanja rata 1991. godine pa do previranja na Kosovu Haviv\u00a0je stvarao fotografije koje opisuju \u00a0tragediju rata. Gledao sam rat kako po\u010dinje i slu\u0161ao predvi\u0111anja. Prvenstvena namjera mog rada bila je fotoreporterska. Nadao sam se da \u0107u &hellip; <a href=\"https:\/\/galerija110795.ba\/bs\/izlozbe\/prosle-izlozbe\/krv-i-med-dnevnik-balkanskog-rata\/\">Continued<\/a><\/p>\n","protected":false},"author":2,"featured_media":788,"parent":705,"menu_order":1,"comment_status":"closed","ping_status":"closed","template":"templates\/page-exhibitions.php","meta":{"_acf_changed":false,"footnotes":""},"class_list":["post-838","page","type-page","status-publish","has-post-thumbnail","hentry"],"acf":[],"yoast_head":"<!-- This site is optimized with the Yoast SEO plugin v26.8 - https:\/\/yoast.com\/product\/yoast-seo-wordpress\/ -->\n<title>Krv i med: Dnevnik balkanskog rata - Galerija 11\/07\/95<\/title>\n<meta name=\"robots\" content=\"index, follow, max-snippet:-1, max-image-preview:large, max-video-preview:-1\" \/>\n<link rel=\"canonical\" href=\"https:\/\/galerija110795.ba\/bs\/izlozbe\/prosle-izlozbe\/krv-i-med-dnevnik-balkanskog-rata\/\" \/>\n<meta property=\"og:locale\" content=\"bs_BA\" \/>\n<meta property=\"og:type\" content=\"article\" \/>\n<meta property=\"og:title\" content=\"Krv i med: Dnevnik balkanskog rata - Galerija 11\/07\/95\" \/>\n<meta property=\"og:description\" content=\"Izlo\u017eba Krv i med: Dnevnik balkanskog rata zapis\u00a0je Rona Haviva o sukobu u Jugoslaviji devedesetih godina 20.\u00a0stolje\u0107a. Od prvog izbijanja rata 1991. godine pa do previranja na Kosovu Haviv\u00a0je stvarao fotografije koje opisuju \u00a0tragediju rata. Gledao sam rat kako po\u010dinje i slu\u0161ao predvi\u0111anja. Prvenstvena namjera mog rada bila je fotoreporterska. Nadao sam se da \u0107u &hellip; Continued\" \/>\n<meta property=\"og:url\" content=\"https:\/\/galerija110795.ba\/bs\/izlozbe\/prosle-izlozbe\/krv-i-med-dnevnik-balkanskog-rata\/\" \/>\n<meta property=\"og:site_name\" content=\"Galerija 11\/07\/95\" \/>\n<meta property=\"article:modified_time\" content=\"2016-06-18T11:52:26+00:00\" \/>\n<meta property=\"og:image\" content=\"https:\/\/galerija110795.ba\/app\/uploads\/2015\/05\/ron_haviv_poster_b1_date_print.jpg\" \/>\n\t<meta property=\"og:image:width\" content=\"700\" \/>\n\t<meta property=\"og:image:height\" content=\"1000\" \/>\n\t<meta property=\"og:image:type\" content=\"image\/jpeg\" \/>\n<meta name=\"twitter:card\" content=\"summary_large_image\" \/>\n<meta name=\"twitter:label1\" content=\"Est. reading time\" \/>\n\t<meta name=\"twitter:data1\" content=\"3 minute\" \/>\n<script type=\"application\/ld+json\" class=\"yoast-schema-graph\">{\"@context\":\"https:\/\/schema.org\",\"@graph\":[{\"@type\":\"WebPage\",\"@id\":\"https:\/\/galerija110795.ba\/bs\/izlozbe\/prosle-izlozbe\/krv-i-med-dnevnik-balkanskog-rata\/\",\"url\":\"https:\/\/galerija110795.ba\/bs\/izlozbe\/prosle-izlozbe\/krv-i-med-dnevnik-balkanskog-rata\/\",\"name\":\"Krv i med: Dnevnik balkanskog rata - Galerija 11\/07\/95\",\"isPartOf\":{\"@id\":\"https:\/\/galerija110795.ba\/#website\"},\"primaryImageOfPage\":{\"@id\":\"https:\/\/galerija110795.ba\/bs\/izlozbe\/prosle-izlozbe\/krv-i-med-dnevnik-balkanskog-rata\/#primaryimage\"},\"image\":{\"@id\":\"https:\/\/galerija110795.ba\/bs\/izlozbe\/prosle-izlozbe\/krv-i-med-dnevnik-balkanskog-rata\/#primaryimage\"},\"thumbnailUrl\":\"https:\/\/galerija110795.ba\/app\/uploads\/2015\/05\/ron_haviv_poster_b1_date_print.jpg\",\"datePublished\":\"2015-08-31T16:09:56+00:00\",\"dateModified\":\"2016-06-18T11:52:26+00:00\",\"breadcrumb\":{\"@id\":\"https:\/\/galerija110795.ba\/bs\/izlozbe\/prosle-izlozbe\/krv-i-med-dnevnik-balkanskog-rata\/#breadcrumb\"},\"inLanguage\":\"bs-BA\",\"potentialAction\":[{\"@type\":\"ReadAction\",\"target\":[\"https:\/\/galerija110795.ba\/bs\/izlozbe\/prosle-izlozbe\/krv-i-med-dnevnik-balkanskog-rata\/\"]}]},{\"@type\":\"ImageObject\",\"inLanguage\":\"bs-BA\",\"@id\":\"https:\/\/galerija110795.ba\/bs\/izlozbe\/prosle-izlozbe\/krv-i-med-dnevnik-balkanskog-rata\/#primaryimage\",\"url\":\"https:\/\/galerija110795.ba\/app\/uploads\/2015\/05\/ron_haviv_poster_b1_date_print.jpg\",\"contentUrl\":\"https:\/\/galerija110795.ba\/app\/uploads\/2015\/05\/ron_haviv_poster_b1_date_print.jpg\",\"width\":700,\"height\":1000},{\"@type\":\"BreadcrumbList\",\"@id\":\"https:\/\/galerija110795.ba\/bs\/izlozbe\/prosle-izlozbe\/krv-i-med-dnevnik-balkanskog-rata\/#breadcrumb\",\"itemListElement\":[{\"@type\":\"ListItem\",\"position\":1,\"name\":\"Home\",\"item\":\"https:\/\/galerija110795.ba\/\"},{\"@type\":\"ListItem\",\"position\":2,\"name\":\"Izlo\u017ebe\",\"item\":\"https:\/\/galerija110795.ba\/bs\/izlozbe\/\"},{\"@type\":\"ListItem\",\"position\":3,\"name\":\"Pro\u0161le izlo\u017ebe\",\"item\":\"https:\/\/galerija110795.ba\/bs\/izlozbe\/prosle-izlozbe\/\"},{\"@type\":\"ListItem\",\"position\":4,\"name\":\"Krv i med: Dnevnik balkanskog rata\"}]},{\"@type\":\"WebSite\",\"@id\":\"https:\/\/galerija110795.ba\/#website\",\"url\":\"https:\/\/galerija110795.ba\/\",\"name\":\"Galerija 11\/07\/95\",\"description\":\"Prva memorijalna galerija u Bosni i Hercegovini, izlo\u017ebeni prostor kojem je cilj o\u010duvati sje\u0107anja na  tragediju Srebrenice i 8372 osobe tragi\u010dno stradale u srebreni\u010dkom genocidu.\",\"publisher\":{\"@id\":\"https:\/\/galerija110795.ba\/#organization\"},\"potentialAction\":[{\"@type\":\"SearchAction\",\"target\":{\"@type\":\"EntryPoint\",\"urlTemplate\":\"https:\/\/galerija110795.ba\/?s={search_term_string}\"},\"query-input\":{\"@type\":\"PropertyValueSpecification\",\"valueRequired\":true,\"valueName\":\"search_term_string\"}}],\"inLanguage\":\"bs-BA\"},{\"@type\":\"Organization\",\"@id\":\"https:\/\/galerija110795.ba\/#organization\",\"name\":\"Galerija 11\/07\/95\",\"url\":\"https:\/\/galerija110795.ba\/\",\"logo\":{\"@type\":\"ImageObject\",\"inLanguage\":\"bs-BA\",\"@id\":\"https:\/\/galerija110795.ba\/#\/schema\/logo\/image\/\",\"url\":\"https:\/\/galerija110795.ba\/app\/uploads\/2013\/09\/galerija_110795_logo.png\",\"contentUrl\":\"https:\/\/galerija110795.ba\/app\/uploads\/2013\/09\/galerija_110795_logo.png\",\"width\":1254,\"height\":408,\"caption\":\"Galerija 11\/07\/95\"},\"image\":{\"@id\":\"https:\/\/galerija110795.ba\/#\/schema\/logo\/image\/\"}}]}<\/script>\n<!-- \/ Yoast SEO plugin. -->","yoast_head_json":{"title":"Krv i med: Dnevnik balkanskog rata - Galerija 11\/07\/95","robots":{"index":"index","follow":"follow","max-snippet":"max-snippet:-1","max-image-preview":"max-image-preview:large","max-video-preview":"max-video-preview:-1"},"canonical":"https:\/\/galerija110795.ba\/bs\/izlozbe\/prosle-izlozbe\/krv-i-med-dnevnik-balkanskog-rata\/","og_locale":"bs_BA","og_type":"article","og_title":"Krv i med: Dnevnik balkanskog rata - Galerija 11\/07\/95","og_description":"Izlo\u017eba Krv i med: Dnevnik balkanskog rata zapis\u00a0je Rona Haviva o sukobu u Jugoslaviji devedesetih godina 20.\u00a0stolje\u0107a. Od prvog izbijanja rata 1991. godine pa do previranja na Kosovu Haviv\u00a0je stvarao fotografije koje opisuju \u00a0tragediju rata. Gledao sam rat kako po\u010dinje i slu\u0161ao predvi\u0111anja. Prvenstvena namjera mog rada bila je fotoreporterska. Nadao sam se da \u0107u &hellip; Continued","og_url":"https:\/\/galerija110795.ba\/bs\/izlozbe\/prosle-izlozbe\/krv-i-med-dnevnik-balkanskog-rata\/","og_site_name":"Galerija 11\/07\/95","article_modified_time":"2016-06-18T11:52:26+00:00","og_image":[{"width":700,"height":1000,"url":"https:\/\/galerija110795.ba\/app\/uploads\/2015\/05\/ron_haviv_poster_b1_date_print.jpg","type":"image\/jpeg"}],"twitter_card":"summary_large_image","twitter_misc":{"Est. reading time":"3 minute"},"schema":{"@context":"https:\/\/schema.org","@graph":[{"@type":"WebPage","@id":"https:\/\/galerija110795.ba\/bs\/izlozbe\/prosle-izlozbe\/krv-i-med-dnevnik-balkanskog-rata\/","url":"https:\/\/galerija110795.ba\/bs\/izlozbe\/prosle-izlozbe\/krv-i-med-dnevnik-balkanskog-rata\/","name":"Krv i med: Dnevnik balkanskog rata - Galerija 11\/07\/95","isPartOf":{"@id":"https:\/\/galerija110795.ba\/#website"},"primaryImageOfPage":{"@id":"https:\/\/galerija110795.ba\/bs\/izlozbe\/prosle-izlozbe\/krv-i-med-dnevnik-balkanskog-rata\/#primaryimage"},"image":{"@id":"https:\/\/galerija110795.ba\/bs\/izlozbe\/prosle-izlozbe\/krv-i-med-dnevnik-balkanskog-rata\/#primaryimage"},"thumbnailUrl":"https:\/\/galerija110795.ba\/app\/uploads\/2015\/05\/ron_haviv_poster_b1_date_print.jpg","datePublished":"2015-08-31T16:09:56+00:00","dateModified":"2016-06-18T11:52:26+00:00","breadcrumb":{"@id":"https:\/\/galerija110795.ba\/bs\/izlozbe\/prosle-izlozbe\/krv-i-med-dnevnik-balkanskog-rata\/#breadcrumb"},"inLanguage":"bs-BA","potentialAction":[{"@type":"ReadAction","target":["https:\/\/galerija110795.ba\/bs\/izlozbe\/prosle-izlozbe\/krv-i-med-dnevnik-balkanskog-rata\/"]}]},{"@type":"ImageObject","inLanguage":"bs-BA","@id":"https:\/\/galerija110795.ba\/bs\/izlozbe\/prosle-izlozbe\/krv-i-med-dnevnik-balkanskog-rata\/#primaryimage","url":"https:\/\/galerija110795.ba\/app\/uploads\/2015\/05\/ron_haviv_poster_b1_date_print.jpg","contentUrl":"https:\/\/galerija110795.ba\/app\/uploads\/2015\/05\/ron_haviv_poster_b1_date_print.jpg","width":700,"height":1000},{"@type":"BreadcrumbList","@id":"https:\/\/galerija110795.ba\/bs\/izlozbe\/prosle-izlozbe\/krv-i-med-dnevnik-balkanskog-rata\/#breadcrumb","itemListElement":[{"@type":"ListItem","position":1,"name":"Home","item":"https:\/\/galerija110795.ba\/"},{"@type":"ListItem","position":2,"name":"Izlo\u017ebe","item":"https:\/\/galerija110795.ba\/bs\/izlozbe\/"},{"@type":"ListItem","position":3,"name":"Pro\u0161le izlo\u017ebe","item":"https:\/\/galerija110795.ba\/bs\/izlozbe\/prosle-izlozbe\/"},{"@type":"ListItem","position":4,"name":"Krv i med: Dnevnik balkanskog rata"}]},{"@type":"WebSite","@id":"https:\/\/galerija110795.ba\/#website","url":"https:\/\/galerija110795.ba\/","name":"Galerija 11\/07\/95","description":"Prva memorijalna galerija u Bosni i Hercegovini, izlo\u017ebeni prostor kojem je cilj o\u010duvati sje\u0107anja na  tragediju Srebrenice i 8372 osobe tragi\u010dno stradale u srebreni\u010dkom genocidu.","publisher":{"@id":"https:\/\/galerija110795.ba\/#organization"},"potentialAction":[{"@type":"SearchAction","target":{"@type":"EntryPoint","urlTemplate":"https:\/\/galerija110795.ba\/?s={search_term_string}"},"query-input":{"@type":"PropertyValueSpecification","valueRequired":true,"valueName":"search_term_string"}}],"inLanguage":"bs-BA"},{"@type":"Organization","@id":"https:\/\/galerija110795.ba\/#organization","name":"Galerija 11\/07\/95","url":"https:\/\/galerija110795.ba\/","logo":{"@type":"ImageObject","inLanguage":"bs-BA","@id":"https:\/\/galerija110795.ba\/#\/schema\/logo\/image\/","url":"https:\/\/galerija110795.ba\/app\/uploads\/2013\/09\/galerija_110795_logo.png","contentUrl":"https:\/\/galerija110795.ba\/app\/uploads\/2013\/09\/galerija_110795_logo.png","width":1254,"height":408,"caption":"Galerija 11\/07\/95"},"image":{"@id":"https:\/\/galerija110795.ba\/#\/schema\/logo\/image\/"}}]}},"wpml_current_locale":"bs_BA","wpml_translations":{"bs_BA":{"locale":"bs_BA","id":838,"slug":"krv-i-med-dnevnik-balkanskog-rata","post_title":"Krv i med: Dnevnik balkanskog rata","href":"https:\/\/galerija110795.ba\/bs\/izlozbe\/prosle-izlozbe\/krv-i-med-dnevnik-balkanskog-rata\/"},"en_US":{"locale":"en_US","id":786,"slug":"blood-and-honey-a-balkan-war-journal","post_title":"Blood and Honey: A Balkan War Journal","href":"https:\/\/galerija110795.ba\/exhibitions\/past-exhibitions\/blood-and-honey-a-balkan-war-journal\/"}},"_links":{"self":[{"href":"https:\/\/galerija110795.ba\/bs\/wp-json\/wp\/v2\/pages\/838","targetHints":{"allow":["GET"]}}],"collection":[{"href":"https:\/\/galerija110795.ba\/bs\/wp-json\/wp\/v2\/pages"}],"about":[{"href":"https:\/\/galerija110795.ba\/bs\/wp-json\/wp\/v2\/types\/page"}],"author":[{"embeddable":true,"href":"https:\/\/galerija110795.ba\/bs\/wp-json\/wp\/v2\/users\/2"}],"replies":[{"embeddable":true,"href":"https:\/\/galerija110795.ba\/bs\/wp-json\/wp\/v2\/comments?post=838"}],"version-history":[{"count":0,"href":"https:\/\/galerija110795.ba\/bs\/wp-json\/wp\/v2\/pages\/838\/revisions"}],"up":[{"embeddable":true,"href":"https:\/\/galerija110795.ba\/bs\/wp-json\/wp\/v2\/pages\/705"}],"wp:featuredmedia":[{"embeddable":true,"href":"https:\/\/galerija110795.ba\/bs\/wp-json\/wp\/v2\/media\/788"}],"wp:attachment":[{"href":"https:\/\/galerija110795.ba\/bs\/wp-json\/wp\/v2\/media?parent=838"}],"curies":[{"name":"wp","href":"https:\/\/api.w.org\/{rel}","templated":true}]}}