{"id":710,"date":"2015-01-15T19:24:32","date_gmt":"2015-01-15T19:24:32","guid":{"rendered":"https:\/\/galerija110795.ba\/?page_id=710"},"modified":"2016-06-18T11:52:27","modified_gmt":"2016-06-18T11:52:27","slug":"antimasonski-plakati","status":"publish","type":"page","link":"https:\/\/galerija110795.ba\/bs\/izlozbe\/prosle-izlozbe\/antimasonski-plakati\/","title":{"rendered":"Antimasonski plakati"},"content":{"rendered":"<p><img decoding=\"async\" class=\"img-responsive alignleft\" src=\"https:\/\/galerija110795.ba\/app\/uploads\/2015\/01\/AP_1-900x1286.jpg\" alt=\"AP_1\" \/>Izlo\u017eba <strong>Antimasonski plakati\u00a0<\/strong>obuhva\u0107a 17 originalnih njema\u010dkih nacisti\u010dkih propagandnih plakata dizajniranih za\u00a0Srbiju u Drugom svjetskom ratu. Plakati se danas nalaze u vlasni\u0161tvu svjetski poznatog dizajnera<strong> Mirka Ili\u0107a.<\/strong><\/p>\n<p><strong>Veliku antimasonsku izlo\u017ebu<\/strong> u Beogradu\u00a0naru\u010dila je nacisti\u010dka njema\u010dka vlada neposredno pred Drugi svjetski rat, s ciljem da se prodube ve\u0107 postoje\u0107i negativni stereotipi o Jevrejima. Izlo\u017ebu je tada podr\u017eala i pronacisti\u010dki orijentirana vlast, na \u010delu sa <strong>Milanom Nedi\u0107em<\/strong>. Izlo\u017eba\u00a0je imala namjeru da oja\u010da i \u00a0produbi mr\u017enju prema Jevrejima i stvori\u00a0sliku Jevreja kao neprijatelja.<\/p>\n<p>Najzna\u010dajniji osvrt na izlo\u017ebu dao je <strong>Steven Heller<\/strong>, jedan od najistaknutijih ameri\u010dkih grafi\u010dkih dizajnera, teoreti\u010dara i kriti\u010dara. Heller ukazuje na to da je <em>&#8220;klju\u010dna tema izlo\u017ebe bila uvrije\u017eena krvna kleveta, navodna jevrejska (u ovom slu\u010daju jevrejsko-komunisti\u010dko-masonska) zavjera o dominaciji svijeta. Pored same izlo\u017ebe, postojala je i ogromna koli\u010dina propagandnog materijala: vi\u0161e od 200.000 razli\u010ditih bro\u0161ura, 60.000 plakata, 100.000 letaka, 108.000 primjeraka devet razli\u010ditih vrsta ilustrovanih koverata, 176 filmskih isje\u010daka, \u010detiri po\u0161tanske marke itd. Velikoj la\u017ei bilo je lak\u0161e povjerovati kada je bila prisutna posvuda<\/em>&#8220;.<\/p>\n\n<div id=\"blueimp-gallery\" class=\"blueimp-gallery\" data-use-bootstrap-modal=\"false\">\n    <!-- The container for the modal slides -->\n    <div class=\"slides\"><\/div>\n    <!-- Controls for the borderless lightbox -->\n    <h3 class=\"title\"><\/h3>\n    <a class=\"prev\">\u2039<\/a>\n    <a class=\"next\">\u203a<\/a>\n    <a class=\"close\">\u00d7<\/a>\n    <a class=\"play-pause\"><\/a>\n    <!-- The modal dialog, which will be used to wrap the lightbox content -->\n    <div class=\"modal fade\">\n        <div class=\"modal-dialog\">\n            <div class=\"modal-content\">\n                <div class=\"modal-header\">\n                    <button type=\"button\" class=\"close\" aria-hidden=\"true\">&times;<\/button>\n                    <h4 class=\"modal-title\"><\/h4>\n                <\/div>\n                <div class=\"modal-body next\"><\/div>\n                <div class=\"modal-footer\">\n                    <button type=\"button\" class=\"btn btn-default pull-left prev\">\n                        <i class=\"glyphicon glyphicon-chevron-left\"><\/i>\n                        Previous\n                    <\/button>\n                    <button type=\"button\" class=\"btn btn-primary next\">\n                        Next\n                        <i class=\"glyphicon glyphicon-chevron-right\"><\/i>\n                    <\/button>\n                <\/div>\n            <\/div>\n        <\/div>\n    <\/div>\n<\/div><div id=\"links\" class=\"gallery gallery-710-1\"><div class=\"gallery-row gallery-columns-3\"><div class=\"gallery-item\"><a class=\"thumbnail img-thumbnail\" href='https:\/\/galerija110795.ba\/app\/uploads\/2015\/01\/EF7B00451.jpg'><img loading=\"lazy\" decoding=\"async\" width=\"600\" height=\"400\" src=\"https:\/\/galerija110795.ba\/app\/uploads\/2015\/01\/EF7B00451-600x400.jpg\" class=\"attachment-thumbnail size-thumbnail\" alt=\"\" srcset=\"https:\/\/galerija110795.ba\/app\/uploads\/2015\/01\/EF7B00451-600x400.jpg 600w, https:\/\/galerija110795.ba\/app\/uploads\/2015\/01\/EF7B00451-900x600.jpg 900w, https:\/\/galerija110795.ba\/app\/uploads\/2015\/01\/EF7B00451-1200x800.jpg 1200w\" sizes=\"auto, (max-width: 600px) 100vw, 600px\" \/><\/a><\/div><div class=\"gallery-item\"><a class=\"thumbnail img-thumbnail\" href='https:\/\/galerija110795.ba\/app\/uploads\/2015\/01\/EF7B0039.jpg'><img loading=\"lazy\" decoding=\"async\" width=\"600\" height=\"400\" src=\"https:\/\/galerija110795.ba\/app\/uploads\/2015\/01\/EF7B0039-600x400.jpg\" class=\"attachment-thumbnail size-thumbnail\" alt=\"\" srcset=\"https:\/\/galerija110795.ba\/app\/uploads\/2015\/01\/EF7B0039-600x400.jpg 600w, https:\/\/galerija110795.ba\/app\/uploads\/2015\/01\/EF7B0039-900x600.jpg 900w, https:\/\/galerija110795.ba\/app\/uploads\/2015\/01\/EF7B0039-1200x800.jpg 1200w\" sizes=\"auto, (max-width: 600px) 100vw, 600px\" \/><\/a><\/div><div class=\"gallery-item\"><a class=\"thumbnail img-thumbnail\" href='https:\/\/galerija110795.ba\/app\/uploads\/2015\/01\/EF7B0028.jpg'><img loading=\"lazy\" decoding=\"async\" width=\"600\" height=\"400\" src=\"https:\/\/galerija110795.ba\/app\/uploads\/2015\/01\/EF7B0028-600x400.jpg\" class=\"attachment-thumbnail size-thumbnail\" alt=\"\" srcset=\"https:\/\/galerija110795.ba\/app\/uploads\/2015\/01\/EF7B0028-600x400.jpg 600w, https:\/\/galerija110795.ba\/app\/uploads\/2015\/01\/EF7B0028-900x600.jpg 900w, https:\/\/galerija110795.ba\/app\/uploads\/2015\/01\/EF7B0028-1200x800.jpg 1200w\" sizes=\"auto, (max-width: 600px) 100vw, 600px\" \/><\/a><\/div><\/div><div class=\"gallery-row gallery-columns-3\"><div class=\"gallery-item\"><a class=\"thumbnail img-thumbnail\" href='https:\/\/galerija110795.ba\/app\/uploads\/2015\/01\/IMG_1634.jpg'><img loading=\"lazy\" decoding=\"async\" width=\"600\" height=\"400\" src=\"https:\/\/galerija110795.ba\/app\/uploads\/2015\/01\/IMG_1634-600x400.jpg\" class=\"attachment-thumbnail size-thumbnail\" alt=\"\" srcset=\"https:\/\/galerija110795.ba\/app\/uploads\/2015\/01\/IMG_1634-600x400.jpg 600w, https:\/\/galerija110795.ba\/app\/uploads\/2015\/01\/IMG_1634-900x600.jpg 900w, https:\/\/galerija110795.ba\/app\/uploads\/2015\/01\/IMG_1634-1200x800.jpg 1200w\" sizes=\"auto, (max-width: 600px) 100vw, 600px\" \/><\/a><\/div><div class=\"gallery-item\"><a class=\"thumbnail img-thumbnail\" href='https:\/\/galerija110795.ba\/app\/uploads\/2015\/01\/2014-11-27-19.55.47.jpg'><img loading=\"lazy\" decoding=\"async\" width=\"600\" height=\"400\" src=\"https:\/\/galerija110795.ba\/app\/uploads\/2015\/01\/2014-11-27-19.55.47-600x400.jpg\" class=\"attachment-thumbnail size-thumbnail\" alt=\"\" srcset=\"https:\/\/galerija110795.ba\/app\/uploads\/2015\/01\/2014-11-27-19.55.47-600x400.jpg 600w, https:\/\/galerija110795.ba\/app\/uploads\/2015\/01\/2014-11-27-19.55.47-900x600.jpg 900w, https:\/\/galerija110795.ba\/app\/uploads\/2015\/01\/2014-11-27-19.55.47-1200x800.jpg 1200w\" sizes=\"auto, (max-width: 600px) 100vw, 600px\" \/><\/a><\/div><div class=\"gallery-item\"><a class=\"thumbnail img-thumbnail\" href='https:\/\/galerija110795.ba\/app\/uploads\/2015\/01\/Anti_masonski_plakati1.jpg'><img loading=\"lazy\" decoding=\"async\" width=\"600\" height=\"400\" src=\"https:\/\/galerija110795.ba\/app\/uploads\/2015\/01\/Anti_masonski_plakati1-600x400.jpg\" class=\"attachment-thumbnail size-thumbnail\" alt=\"\" srcset=\"https:\/\/galerija110795.ba\/app\/uploads\/2015\/01\/Anti_masonski_plakati1-600x400.jpg 600w, https:\/\/galerija110795.ba\/app\/uploads\/2015\/01\/Anti_masonski_plakati1-900x600.jpg 900w, https:\/\/galerija110795.ba\/app\/uploads\/2015\/01\/Anti_masonski_plakati1-1200x800.jpg 1200w\" sizes=\"auto, (max-width: 600px) 100vw, 600px\" \/><\/a><\/div><\/div><\/div>\n  <script>\n    jQuery(document).ready(function($) {\n\ndocument.getElementById(\"links\").onclick = function (event) {\n    event = event || window.event;\n    var target = event.target || event.srcElement,\n        link = target.src ? target.parentNode : target,\n        options = {index: link, event: event},\n        links = this.getElementsByTagName(\"a\");\n    blueimp.Gallery(links, options);\n};\n    });\n    \n<\/script>\n  \n<p>Vi\u0161e od sedamdeset godina kasnije, ova izlo\u017eba ukazuje na to kako umjetnost, a posebno forma plakata, \u010desto mo\u017ee biti u slu\u017ebi propagande a u ovom slu\u010daju pokazuje i koliko je antisemitizam bio kulturolo\u0161ki zasnovan i osmi\u0161ljen.<\/p>\n<p>Izlo\u017eba je odr\u017eana u sklopu Festivala tolerancije u Sarajevu, a organizatori su <a href=\"http:\/\/www.jff-zagreb.hr\/\">Zagreb Jewish Film Festival<\/a>, Galerija 11\/07\/95 i <a href=\"http:\/\/www.sosdizajnfestival.ba\/\">SOS Dizajn Festival<\/a>, uz podr\u0161ku g. Mirka Ili\u0107a, te ameri\u010dke neprofitne organizacije AIC Foundation Inc.<\/p>\n","protected":false},"excerpt":{"rendered":"<p>Izlo\u017eba Antimasonski plakati\u00a0obuhva\u0107a 17 originalnih njema\u010dkih nacisti\u010dkih propagandnih plakata dizajniranih za\u00a0Srbiju u Drugom svjetskom ratu. Plakati se danas nalaze u vlasni\u0161tvu svjetski poznatog dizajnera Mirka Ili\u0107a. Veliku antimasonsku izlo\u017ebu u Beogradu\u00a0naru\u010dila je nacisti\u010dka njema\u010dka vlada neposredno pred Drugi svjetski rat, s ciljem da se prodube ve\u0107 postoje\u0107i negativni stereotipi o Jevrejima. Izlo\u017ebu je tada podr\u017eala &hellip; <a href=\"https:\/\/galerija110795.ba\/bs\/izlozbe\/prosle-izlozbe\/antimasonski-plakati\/\">Continued<\/a><\/p>\n","protected":false},"author":1,"featured_media":3238,"parent":705,"menu_order":2,"comment_status":"closed","ping_status":"open","template":"templates\/page-exhibitions.php","meta":{"_acf_changed":false,"footnotes":""},"class_list":["post-710","page","type-page","status-publish","has-post-thumbnail","hentry"],"acf":[],"yoast_head":"<!-- This site is optimized with the Yoast SEO plugin v26.8 - https:\/\/yoast.com\/product\/yoast-seo-wordpress\/ -->\n<title>Antimasonski plakati - Galerija 11\/07\/95<\/title>\n<meta name=\"robots\" content=\"index, follow, max-snippet:-1, max-image-preview:large, max-video-preview:-1\" \/>\n<link rel=\"canonical\" href=\"https:\/\/galerija110795.ba\/bs\/izlozbe\/prosle-izlozbe\/antimasonski-plakati\/\" \/>\n<meta property=\"og:locale\" content=\"bs_BA\" \/>\n<meta property=\"og:type\" content=\"article\" \/>\n<meta property=\"og:title\" content=\"Antimasonski plakati - Galerija 11\/07\/95\" \/>\n<meta property=\"og:description\" content=\"Izlo\u017eba Antimasonski plakati\u00a0obuhva\u0107a 17 originalnih njema\u010dkih nacisti\u010dkih propagandnih plakata dizajniranih za\u00a0Srbiju u Drugom svjetskom ratu. Plakati se danas nalaze u vlasni\u0161tvu svjetski poznatog dizajnera Mirka Ili\u0107a. Veliku antimasonsku izlo\u017ebu u Beogradu\u00a0naru\u010dila je nacisti\u010dka njema\u010dka vlada neposredno pred Drugi svjetski rat, s ciljem da se prodube ve\u0107 postoje\u0107i negativni stereotipi o Jevrejima. Izlo\u017ebu je tada podr\u017eala &hellip; Continued\" \/>\n<meta property=\"og:url\" content=\"https:\/\/galerija110795.ba\/bs\/izlozbe\/prosle-izlozbe\/antimasonski-plakati\/\" \/>\n<meta property=\"og:site_name\" content=\"Galerija 11\/07\/95\" \/>\n<meta property=\"article:modified_time\" content=\"2016-06-18T11:52:27+00:00\" \/>\n<meta property=\"og:image\" content=\"https:\/\/galerija110795.ba\/app\/uploads\/2015\/01\/AP_11.jpg\" \/>\n\t<meta property=\"og:image:width\" content=\"2362\" \/>\n\t<meta property=\"og:image:height\" content=\"3376\" \/>\n\t<meta property=\"og:image:type\" content=\"image\/jpeg\" \/>\n<meta name=\"twitter:card\" content=\"summary_large_image\" \/>\n<meta name=\"twitter:label1\" content=\"Est. reading time\" \/>\n\t<meta name=\"twitter:data1\" content=\"1 minuta\" \/>\n<script type=\"application\/ld+json\" class=\"yoast-schema-graph\">{\"@context\":\"https:\/\/schema.org\",\"@graph\":[{\"@type\":\"WebPage\",\"@id\":\"https:\/\/galerija110795.ba\/bs\/izlozbe\/prosle-izlozbe\/antimasonski-plakati\/\",\"url\":\"https:\/\/galerija110795.ba\/bs\/izlozbe\/prosle-izlozbe\/antimasonski-plakati\/\",\"name\":\"Antimasonski plakati - Galerija 11\/07\/95\",\"isPartOf\":{\"@id\":\"https:\/\/galerija110795.ba\/#website\"},\"primaryImageOfPage\":{\"@id\":\"https:\/\/galerija110795.ba\/bs\/izlozbe\/prosle-izlozbe\/antimasonski-plakati\/#primaryimage\"},\"image\":{\"@id\":\"https:\/\/galerija110795.ba\/bs\/izlozbe\/prosle-izlozbe\/antimasonski-plakati\/#primaryimage\"},\"thumbnailUrl\":\"https:\/\/galerija110795.ba\/app\/uploads\/2015\/01\/AP_11-scaled.jpg\",\"datePublished\":\"2015-01-15T19:24:32+00:00\",\"dateModified\":\"2016-06-18T11:52:27+00:00\",\"breadcrumb\":{\"@id\":\"https:\/\/galerija110795.ba\/bs\/izlozbe\/prosle-izlozbe\/antimasonski-plakati\/#breadcrumb\"},\"inLanguage\":\"bs-BA\",\"potentialAction\":[{\"@type\":\"ReadAction\",\"target\":[\"https:\/\/galerija110795.ba\/bs\/izlozbe\/prosle-izlozbe\/antimasonski-plakati\/\"]}]},{\"@type\":\"ImageObject\",\"inLanguage\":\"bs-BA\",\"@id\":\"https:\/\/galerija110795.ba\/bs\/izlozbe\/prosle-izlozbe\/antimasonski-plakati\/#primaryimage\",\"url\":\"https:\/\/galerija110795.ba\/app\/uploads\/2015\/01\/AP_11-scaled.jpg\",\"contentUrl\":\"https:\/\/galerija110795.ba\/app\/uploads\/2015\/01\/AP_11-scaled.jpg\",\"width\":2362,\"height\":3376},{\"@type\":\"BreadcrumbList\",\"@id\":\"https:\/\/galerija110795.ba\/bs\/izlozbe\/prosle-izlozbe\/antimasonski-plakati\/#breadcrumb\",\"itemListElement\":[{\"@type\":\"ListItem\",\"position\":1,\"name\":\"Home\",\"item\":\"https:\/\/galerija110795.ba\/\"},{\"@type\":\"ListItem\",\"position\":2,\"name\":\"Izlo\u017ebe\",\"item\":\"https:\/\/galerija110795.ba\/bs\/izlozbe\/\"},{\"@type\":\"ListItem\",\"position\":3,\"name\":\"Pro\u0161le izlo\u017ebe\",\"item\":\"https:\/\/galerija110795.ba\/bs\/izlozbe\/prosle-izlozbe\/\"},{\"@type\":\"ListItem\",\"position\":4,\"name\":\"Antimasonski plakati\"}]},{\"@type\":\"WebSite\",\"@id\":\"https:\/\/galerija110795.ba\/#website\",\"url\":\"https:\/\/galerija110795.ba\/\",\"name\":\"Galerija 11\/07\/95\",\"description\":\"Prva memorijalna galerija u Bosni i Hercegovini, izlo\u017ebeni prostor kojem je cilj o\u010duvati sje\u0107anja na  tragediju Srebrenice i 8372 osobe tragi\u010dno stradale u srebreni\u010dkom genocidu.\",\"publisher\":{\"@id\":\"https:\/\/galerija110795.ba\/#organization\"},\"potentialAction\":[{\"@type\":\"SearchAction\",\"target\":{\"@type\":\"EntryPoint\",\"urlTemplate\":\"https:\/\/galerija110795.ba\/?s={search_term_string}\"},\"query-input\":{\"@type\":\"PropertyValueSpecification\",\"valueRequired\":true,\"valueName\":\"search_term_string\"}}],\"inLanguage\":\"bs-BA\"},{\"@type\":\"Organization\",\"@id\":\"https:\/\/galerija110795.ba\/#organization\",\"name\":\"Galerija 11\/07\/95\",\"url\":\"https:\/\/galerija110795.ba\/\",\"logo\":{\"@type\":\"ImageObject\",\"inLanguage\":\"bs-BA\",\"@id\":\"https:\/\/galerija110795.ba\/#\/schema\/logo\/image\/\",\"url\":\"https:\/\/galerija110795.ba\/app\/uploads\/2013\/09\/galerija_110795_logo.png\",\"contentUrl\":\"https:\/\/galerija110795.ba\/app\/uploads\/2013\/09\/galerija_110795_logo.png\",\"width\":1254,\"height\":408,\"caption\":\"Galerija 11\/07\/95\"},\"image\":{\"@id\":\"https:\/\/galerija110795.ba\/#\/schema\/logo\/image\/\"}}]}<\/script>\n<!-- \/ Yoast SEO plugin. -->","yoast_head_json":{"title":"Antimasonski plakati - Galerija 11\/07\/95","robots":{"index":"index","follow":"follow","max-snippet":"max-snippet:-1","max-image-preview":"max-image-preview:large","max-video-preview":"max-video-preview:-1"},"canonical":"https:\/\/galerija110795.ba\/bs\/izlozbe\/prosle-izlozbe\/antimasonski-plakati\/","og_locale":"bs_BA","og_type":"article","og_title":"Antimasonski plakati - Galerija 11\/07\/95","og_description":"Izlo\u017eba Antimasonski plakati\u00a0obuhva\u0107a 17 originalnih njema\u010dkih nacisti\u010dkih propagandnih plakata dizajniranih za\u00a0Srbiju u Drugom svjetskom ratu. Plakati se danas nalaze u vlasni\u0161tvu svjetski poznatog dizajnera Mirka Ili\u0107a. Veliku antimasonsku izlo\u017ebu u Beogradu\u00a0naru\u010dila je nacisti\u010dka njema\u010dka vlada neposredno pred Drugi svjetski rat, s ciljem da se prodube ve\u0107 postoje\u0107i negativni stereotipi o Jevrejima. Izlo\u017ebu je tada podr\u017eala &hellip; Continued","og_url":"https:\/\/galerija110795.ba\/bs\/izlozbe\/prosle-izlozbe\/antimasonski-plakati\/","og_site_name":"Galerija 11\/07\/95","article_modified_time":"2016-06-18T11:52:27+00:00","og_image":[{"width":2362,"height":3376,"url":"https:\/\/galerija110795.ba\/app\/uploads\/2015\/01\/AP_11.jpg","type":"image\/jpeg"}],"twitter_card":"summary_large_image","twitter_misc":{"Est. reading time":"1 minuta"},"schema":{"@context":"https:\/\/schema.org","@graph":[{"@type":"WebPage","@id":"https:\/\/galerija110795.ba\/bs\/izlozbe\/prosle-izlozbe\/antimasonski-plakati\/","url":"https:\/\/galerija110795.ba\/bs\/izlozbe\/prosle-izlozbe\/antimasonski-plakati\/","name":"Antimasonski plakati - Galerija 11\/07\/95","isPartOf":{"@id":"https:\/\/galerija110795.ba\/#website"},"primaryImageOfPage":{"@id":"https:\/\/galerija110795.ba\/bs\/izlozbe\/prosle-izlozbe\/antimasonski-plakati\/#primaryimage"},"image":{"@id":"https:\/\/galerija110795.ba\/bs\/izlozbe\/prosle-izlozbe\/antimasonski-plakati\/#primaryimage"},"thumbnailUrl":"https:\/\/galerija110795.ba\/app\/uploads\/2015\/01\/AP_11-scaled.jpg","datePublished":"2015-01-15T19:24:32+00:00","dateModified":"2016-06-18T11:52:27+00:00","breadcrumb":{"@id":"https:\/\/galerija110795.ba\/bs\/izlozbe\/prosle-izlozbe\/antimasonski-plakati\/#breadcrumb"},"inLanguage":"bs-BA","potentialAction":[{"@type":"ReadAction","target":["https:\/\/galerija110795.ba\/bs\/izlozbe\/prosle-izlozbe\/antimasonski-plakati\/"]}]},{"@type":"ImageObject","inLanguage":"bs-BA","@id":"https:\/\/galerija110795.ba\/bs\/izlozbe\/prosle-izlozbe\/antimasonski-plakati\/#primaryimage","url":"https:\/\/galerija110795.ba\/app\/uploads\/2015\/01\/AP_11-scaled.jpg","contentUrl":"https:\/\/galerija110795.ba\/app\/uploads\/2015\/01\/AP_11-scaled.jpg","width":2362,"height":3376},{"@type":"BreadcrumbList","@id":"https:\/\/galerija110795.ba\/bs\/izlozbe\/prosle-izlozbe\/antimasonski-plakati\/#breadcrumb","itemListElement":[{"@type":"ListItem","position":1,"name":"Home","item":"https:\/\/galerija110795.ba\/"},{"@type":"ListItem","position":2,"name":"Izlo\u017ebe","item":"https:\/\/galerija110795.ba\/bs\/izlozbe\/"},{"@type":"ListItem","position":3,"name":"Pro\u0161le izlo\u017ebe","item":"https:\/\/galerija110795.ba\/bs\/izlozbe\/prosle-izlozbe\/"},{"@type":"ListItem","position":4,"name":"Antimasonski plakati"}]},{"@type":"WebSite","@id":"https:\/\/galerija110795.ba\/#website","url":"https:\/\/galerija110795.ba\/","name":"Galerija 11\/07\/95","description":"Prva memorijalna galerija u Bosni i Hercegovini, izlo\u017ebeni prostor kojem je cilj o\u010duvati sje\u0107anja na  tragediju Srebrenice i 8372 osobe tragi\u010dno stradale u srebreni\u010dkom genocidu.","publisher":{"@id":"https:\/\/galerija110795.ba\/#organization"},"potentialAction":[{"@type":"SearchAction","target":{"@type":"EntryPoint","urlTemplate":"https:\/\/galerija110795.ba\/?s={search_term_string}"},"query-input":{"@type":"PropertyValueSpecification","valueRequired":true,"valueName":"search_term_string"}}],"inLanguage":"bs-BA"},{"@type":"Organization","@id":"https:\/\/galerija110795.ba\/#organization","name":"Galerija 11\/07\/95","url":"https:\/\/galerija110795.ba\/","logo":{"@type":"ImageObject","inLanguage":"bs-BA","@id":"https:\/\/galerija110795.ba\/#\/schema\/logo\/image\/","url":"https:\/\/galerija110795.ba\/app\/uploads\/2013\/09\/galerija_110795_logo.png","contentUrl":"https:\/\/galerija110795.ba\/app\/uploads\/2013\/09\/galerija_110795_logo.png","width":1254,"height":408,"caption":"Galerija 11\/07\/95"},"image":{"@id":"https:\/\/galerija110795.ba\/#\/schema\/logo\/image\/"}}]}},"wpml_current_locale":"bs_BA","wpml_translations":{"bs_BA":{"locale":"bs_BA","id":710,"slug":"antimasonski-plakati","post_title":"Antimasonski plakati","href":"https:\/\/galerija110795.ba\/bs\/izlozbe\/prosle-izlozbe\/antimasonski-plakati\/"},"en_US":{"locale":"en_US","id":734,"slug":"anti-masonic-posters","post_title":"Anti-Masonic posters","href":"https:\/\/galerija110795.ba\/exhibitions\/past-exhibitions\/anti-masonic-posters\/"}},"_links":{"self":[{"href":"https:\/\/galerija110795.ba\/bs\/wp-json\/wp\/v2\/pages\/710","targetHints":{"allow":["GET"]}}],"collection":[{"href":"https:\/\/galerija110795.ba\/bs\/wp-json\/wp\/v2\/pages"}],"about":[{"href":"https:\/\/galerija110795.ba\/bs\/wp-json\/wp\/v2\/types\/page"}],"author":[{"embeddable":true,"href":"https:\/\/galerija110795.ba\/bs\/wp-json\/wp\/v2\/users\/1"}],"replies":[{"embeddable":true,"href":"https:\/\/galerija110795.ba\/bs\/wp-json\/wp\/v2\/comments?post=710"}],"version-history":[{"count":0,"href":"https:\/\/galerija110795.ba\/bs\/wp-json\/wp\/v2\/pages\/710\/revisions"}],"up":[{"embeddable":true,"href":"https:\/\/galerija110795.ba\/bs\/wp-json\/wp\/v2\/pages\/705"}],"wp:featuredmedia":[{"embeddable":true,"href":"https:\/\/galerija110795.ba\/bs\/wp-json\/wp\/v2\/media\/3238"}],"wp:attachment":[{"href":"https:\/\/galerija110795.ba\/bs\/wp-json\/wp\/v2\/media?parent=710"}],"curies":[{"name":"wp","href":"https:\/\/api.w.org\/{rel}","templated":true}]}}