{"id":5233,"date":"2025-08-26T17:00:11","date_gmt":"2025-08-26T15:00:11","guid":{"rendered":"https:\/\/galerija110795.ba\/?page_id=5233"},"modified":"2025-08-26T17:00:11","modified_gmt":"2025-08-26T15:00:11","slug":"bosna-1992-1995","status":"publish","type":"page","link":"https:\/\/galerija110795.ba\/bs\/izlozbe\/aktuelna-izlozba\/bosna-1992-1995\/","title":{"rendered":"&#8220;Bosna 1992-1995&#8221;"},"content":{"rendered":"<p style=\"text-align: left;\" data-start=\"33\" data-end=\"255\">Grupa fotografa i novinara koji su izvje\u0161tavali o ratu u Bosni odlu\u010dila je vratiti se u Sarajevo 6. aprila 2012. godine kako bi obilje\u017eili rat i ponovo se povezali sa zemljom. Odr\u017eana je konferencija <strong data-start=\"233\" data-end=\"252\">\u201eSarajevo 2012\u201c<\/strong>.<\/p>\n<p data-start=\"33\" data-end=\"255\">\u00a0 \u00a0 <img decoding=\"async\" class=\"img-responsive alignright\" src=\"https:\/\/galerija110795.ba\/app\/uploads\/2022\/07\/A-nosac_warm_trio_page-0001-900x1167.jpg\" alt=\"\"\/><\/p>\n<p style=\"text-align: left;\" data-start=\"257\" data-end=\"811\">Strani reporteri odlu\u010dili su napraviti i fotomonografiju o ratu. Jon Jones (urednik fotografija), R\u00e9my Ourdan (urednik teksta) i Gary Knight (produkcija, u saradnji sa Ziyahom Gafi\u0107em) preuzeli su projekat. Okupili su radove vi\u0161e od 50 fotografa i novinara koji su svi dobrovoljno ustupili svoj materijal. Tvrdoukori\u010dena knjiga <strong data-start=\"585\" data-end=\"606\">\u201eBosna 1992\u20131995\u201c<\/strong> sadr\u017ei 248 stranica sa radovima mnogih vode\u0107ih fotografa i pisaca tog vremena. Publikacija prikazuje tok rata u Bosni od njegovog po\u010detka u aprilu 1992. do Dejtonskog mirovnog sporazuma u decembru 1995.<\/p>\n<p style=\"text-align: left;\" data-start=\"813\" data-end=\"1648\">Autori koji su doprinijeli knjizi <strong data-start=\"847\" data-end=\"868\">\u201eBosna 1992\u20131995\u201c<\/strong> su: Odd Andersen, Darko Bandi\u0107, Yannis Behrakis, Nina Berman, Alexandra Boulat, Eric Bouvet, John F. Burns, Christophe Calais, Patrick Chauvel, Rachel Cobb, Steve Connors, Enrico Dagnino, Jerome Delay, Janine Di Giovanni, Amel Emri\u0107, Wade Goddard, Antoine Gyori, Benoit Gysembergh, Tom Haley, Jean Hatzfeld, Ron Haviv, Filip Horvat, Roger Hutchings, Morten Hvaal, Sr\u0111an Ili\u0107, Olivier Jobard, Jon Jones, Thomas Kern, Gary Knight, Rikard Larma, Paul Lowe, Anthony Loyd, Santiago Lyon, Enric Marti, James Mason, Christopher Morris, James Nachtwey, Anja Niedringhaus, Peter Northall, R\u00e9my Ourdan, Gilles Peress, Michael Persson, Ariane Quentier, No\u00ebl Quidu, Laurent Rebours, Andrew Reid, Patrick Robert, David Rohde, Laurent Sazy, Kurt Schork, Tom Stoddart, Laurent Van der Stockt.<\/p>\n<p style=\"text-align: left;\" data-start=\"1650\" data-end=\"1878\">Dio fotografija iz knjige <strong data-start=\"1676\" data-end=\"1697\">\u201eBosna 1992\u20131995\u201c<\/strong> izlo\u017een je u Galeriji 11\/07\/95 u saradnji sa WARM festivalom 2022.<\/p>\n<p data-start=\"1650\" data-end=\"1878\"><img decoding=\"async\" class=\"img-responsive alignnone\" src=\"https:\/\/galerija110795.ba\/app\/uploads\/2022\/10\/warm-900x675.jpeg\" alt=\"\"\/>\u00a0 <img decoding=\"async\" class=\"img-responsive alignnone\" src=\"https:\/\/galerija110795.ba\/app\/uploads\/2022\/10\/warm4-900x600.jpeg\" alt=\"\"\/><\/p>\n<p data-start=\"1650\" data-end=\"1878\">\n","protected":false},"excerpt":{"rendered":"<p>Grupa fotografa i novinara koji su izvje\u0161tavali o ratu u Bosni odlu\u010dila je vratiti se u Sarajevo 6. aprila 2012. godine kako bi obilje\u017eili rat i ponovo se povezali sa zemljom. Odr\u017eana je konferencija \u201eSarajevo 2012\u201c. \u00a0 \u00a0 Strani reporteri odlu\u010dili su napraviti i fotomonografiju o ratu. Jon Jones (urednik fotografija), R\u00e9my Ourdan (urednik teksta) &hellip; <a href=\"https:\/\/galerija110795.ba\/bs\/izlozbe\/aktuelna-izlozba\/bosna-1992-1995\/\">Continued<\/a><\/p>\n","protected":false},"author":3,"featured_media":4765,"parent":714,"menu_order":0,"comment_status":"closed","ping_status":"closed","template":"templates\/page-exhibitions.php","meta":{"_acf_changed":false,"footnotes":""},"class_list":["post-5233","page","type-page","status-publish","has-post-thumbnail","hentry"],"acf":[],"yoast_head":"<!-- This site is optimized with the Yoast SEO plugin v26.8 - https:\/\/yoast.com\/product\/yoast-seo-wordpress\/ -->\n<title>&quot;Bosna 1992-1995&quot; - Galerija 11\/07\/95<\/title>\n<meta name=\"robots\" content=\"index, follow, max-snippet:-1, max-image-preview:large, max-video-preview:-1\" \/>\n<link rel=\"canonical\" href=\"https:\/\/galerija110795.ba\/bs\/izlozbe\/aktuelna-izlozba\/bosna-1992-1995\/\" \/>\n<meta property=\"og:locale\" content=\"bs_BA\" \/>\n<meta property=\"og:type\" content=\"article\" \/>\n<meta property=\"og:title\" content=\"&quot;Bosna 1992-1995&quot; - Galerija 11\/07\/95\" \/>\n<meta property=\"og:description\" content=\"Grupa fotografa i novinara koji su izvje\u0161tavali o ratu u Bosni odlu\u010dila je vratiti se u Sarajevo 6. aprila 2012. godine kako bi obilje\u017eili rat i ponovo se povezali sa zemljom. Odr\u017eana je konferencija \u201eSarajevo 2012\u201c. \u00a0 \u00a0 Strani reporteri odlu\u010dili su napraviti i fotomonografiju o ratu. Jon Jones (urednik fotografija), R\u00e9my Ourdan (urednik teksta) &hellip; Continued\" \/>\n<meta property=\"og:url\" content=\"https:\/\/galerija110795.ba\/bs\/izlozbe\/aktuelna-izlozba\/bosna-1992-1995\/\" \/>\n<meta property=\"og:site_name\" content=\"Galerija 11\/07\/95\" \/>\n<meta property=\"og:image\" content=\"https:\/\/galerija110795.ba\/app\/uploads\/2022\/07\/A-nosac_warm_trio_page-0001-1200x1556.jpg\" \/>\n\t<meta property=\"og:image:width\" content=\"1200\" \/>\n\t<meta property=\"og:image:height\" content=\"1556\" \/>\n\t<meta property=\"og:image:type\" content=\"image\/jpeg\" \/>\n<meta name=\"twitter:card\" content=\"summary_large_image\" \/>\n<meta name=\"twitter:label1\" content=\"Est. reading time\" \/>\n\t<meta name=\"twitter:data1\" content=\"1 minuta\" \/>\n<script type=\"application\/ld+json\" class=\"yoast-schema-graph\">{\"@context\":\"https:\/\/schema.org\",\"@graph\":[{\"@type\":\"WebPage\",\"@id\":\"https:\/\/galerija110795.ba\/bs\/izlozbe\/aktuelna-izlozba\/bosna-1992-1995\/\",\"url\":\"https:\/\/galerija110795.ba\/bs\/izlozbe\/aktuelna-izlozba\/bosna-1992-1995\/\",\"name\":\"\\\"Bosna 1992-1995\\\" - Galerija 11\/07\/95\",\"isPartOf\":{\"@id\":\"https:\/\/galerija110795.ba\/#website\"},\"primaryImageOfPage\":{\"@id\":\"https:\/\/galerija110795.ba\/bs\/izlozbe\/aktuelna-izlozba\/bosna-1992-1995\/#primaryimage\"},\"image\":{\"@id\":\"https:\/\/galerija110795.ba\/bs\/izlozbe\/aktuelna-izlozba\/bosna-1992-1995\/#primaryimage\"},\"thumbnailUrl\":\"https:\/\/galerija110795.ba\/app\/uploads\/2022\/07\/A-nosac_warm_trio_page-0001.jpg\",\"datePublished\":\"2025-08-26T15:00:11+00:00\",\"breadcrumb\":{\"@id\":\"https:\/\/galerija110795.ba\/bs\/izlozbe\/aktuelna-izlozba\/bosna-1992-1995\/#breadcrumb\"},\"inLanguage\":\"bs-BA\",\"potentialAction\":[{\"@type\":\"ReadAction\",\"target\":[\"https:\/\/galerija110795.ba\/bs\/izlozbe\/aktuelna-izlozba\/bosna-1992-1995\/\"]}]},{\"@type\":\"ImageObject\",\"inLanguage\":\"bs-BA\",\"@id\":\"https:\/\/galerija110795.ba\/bs\/izlozbe\/aktuelna-izlozba\/bosna-1992-1995\/#primaryimage\",\"url\":\"https:\/\/galerija110795.ba\/app\/uploads\/2022\/07\/A-nosac_warm_trio_page-0001.jpg\",\"contentUrl\":\"https:\/\/galerija110795.ba\/app\/uploads\/2022\/07\/A-nosac_warm_trio_page-0001.jpg\",\"width\":1974,\"height\":2560},{\"@type\":\"BreadcrumbList\",\"@id\":\"https:\/\/galerija110795.ba\/bs\/izlozbe\/aktuelna-izlozba\/bosna-1992-1995\/#breadcrumb\",\"itemListElement\":[{\"@type\":\"ListItem\",\"position\":1,\"name\":\"Home\",\"item\":\"https:\/\/galerija110795.ba\/\"},{\"@type\":\"ListItem\",\"position\":2,\"name\":\"Izlo\u017ebe\",\"item\":\"https:\/\/galerija110795.ba\/bs\/izlozbe\/\"},{\"@type\":\"ListItem\",\"position\":3,\"name\":\"Aktuelna izlo\u017eba\",\"item\":\"https:\/\/galerija110795.ba\/bs\/izlozbe\/aktuelna-izlozba\/\"},{\"@type\":\"ListItem\",\"position\":4,\"name\":\"&#8220;Bosna 1992-1995&#8221;\"}]},{\"@type\":\"WebSite\",\"@id\":\"https:\/\/galerija110795.ba\/#website\",\"url\":\"https:\/\/galerija110795.ba\/\",\"name\":\"Galerija 11\/07\/95\",\"description\":\"Prva memorijalna galerija u Bosni i Hercegovini, izlo\u017ebeni prostor kojem je cilj o\u010duvati sje\u0107anja na  tragediju Srebrenice i 8372 osobe tragi\u010dno stradale u srebreni\u010dkom genocidu.\",\"publisher\":{\"@id\":\"https:\/\/galerija110795.ba\/#organization\"},\"potentialAction\":[{\"@type\":\"SearchAction\",\"target\":{\"@type\":\"EntryPoint\",\"urlTemplate\":\"https:\/\/galerija110795.ba\/?s={search_term_string}\"},\"query-input\":{\"@type\":\"PropertyValueSpecification\",\"valueRequired\":true,\"valueName\":\"search_term_string\"}}],\"inLanguage\":\"bs-BA\"},{\"@type\":\"Organization\",\"@id\":\"https:\/\/galerija110795.ba\/#organization\",\"name\":\"Galerija 11\/07\/95\",\"url\":\"https:\/\/galerija110795.ba\/\",\"logo\":{\"@type\":\"ImageObject\",\"inLanguage\":\"bs-BA\",\"@id\":\"https:\/\/galerija110795.ba\/#\/schema\/logo\/image\/\",\"url\":\"https:\/\/galerija110795.ba\/app\/uploads\/2013\/09\/galerija_110795_logo.png\",\"contentUrl\":\"https:\/\/galerija110795.ba\/app\/uploads\/2013\/09\/galerija_110795_logo.png\",\"width\":1254,\"height\":408,\"caption\":\"Galerija 11\/07\/95\"},\"image\":{\"@id\":\"https:\/\/galerija110795.ba\/#\/schema\/logo\/image\/\"}}]}<\/script>\n<!-- \/ Yoast SEO plugin. -->","yoast_head_json":{"title":"\"Bosna 1992-1995\" - Galerija 11\/07\/95","robots":{"index":"index","follow":"follow","max-snippet":"max-snippet:-1","max-image-preview":"max-image-preview:large","max-video-preview":"max-video-preview:-1"},"canonical":"https:\/\/galerija110795.ba\/bs\/izlozbe\/aktuelna-izlozba\/bosna-1992-1995\/","og_locale":"bs_BA","og_type":"article","og_title":"\"Bosna 1992-1995\" - Galerija 11\/07\/95","og_description":"Grupa fotografa i novinara koji su izvje\u0161tavali o ratu u Bosni odlu\u010dila je vratiti se u Sarajevo 6. aprila 2012. godine kako bi obilje\u017eili rat i ponovo se povezali sa zemljom. Odr\u017eana je konferencija \u201eSarajevo 2012\u201c. \u00a0 \u00a0 Strani reporteri odlu\u010dili su napraviti i fotomonografiju o ratu. Jon Jones (urednik fotografija), R\u00e9my Ourdan (urednik teksta) &hellip; Continued","og_url":"https:\/\/galerija110795.ba\/bs\/izlozbe\/aktuelna-izlozba\/bosna-1992-1995\/","og_site_name":"Galerija 11\/07\/95","og_image":[{"width":1200,"height":1556,"url":"https:\/\/galerija110795.ba\/app\/uploads\/2022\/07\/A-nosac_warm_trio_page-0001-1200x1556.jpg","type":"image\/jpeg"}],"twitter_card":"summary_large_image","twitter_misc":{"Est. reading time":"1 minuta"},"schema":{"@context":"https:\/\/schema.org","@graph":[{"@type":"WebPage","@id":"https:\/\/galerija110795.ba\/bs\/izlozbe\/aktuelna-izlozba\/bosna-1992-1995\/","url":"https:\/\/galerija110795.ba\/bs\/izlozbe\/aktuelna-izlozba\/bosna-1992-1995\/","name":"\"Bosna 1992-1995\" - Galerija 11\/07\/95","isPartOf":{"@id":"https:\/\/galerija110795.ba\/#website"},"primaryImageOfPage":{"@id":"https:\/\/galerija110795.ba\/bs\/izlozbe\/aktuelna-izlozba\/bosna-1992-1995\/#primaryimage"},"image":{"@id":"https:\/\/galerija110795.ba\/bs\/izlozbe\/aktuelna-izlozba\/bosna-1992-1995\/#primaryimage"},"thumbnailUrl":"https:\/\/galerija110795.ba\/app\/uploads\/2022\/07\/A-nosac_warm_trio_page-0001.jpg","datePublished":"2025-08-26T15:00:11+00:00","breadcrumb":{"@id":"https:\/\/galerija110795.ba\/bs\/izlozbe\/aktuelna-izlozba\/bosna-1992-1995\/#breadcrumb"},"inLanguage":"bs-BA","potentialAction":[{"@type":"ReadAction","target":["https:\/\/galerija110795.ba\/bs\/izlozbe\/aktuelna-izlozba\/bosna-1992-1995\/"]}]},{"@type":"ImageObject","inLanguage":"bs-BA","@id":"https:\/\/galerija110795.ba\/bs\/izlozbe\/aktuelna-izlozba\/bosna-1992-1995\/#primaryimage","url":"https:\/\/galerija110795.ba\/app\/uploads\/2022\/07\/A-nosac_warm_trio_page-0001.jpg","contentUrl":"https:\/\/galerija110795.ba\/app\/uploads\/2022\/07\/A-nosac_warm_trio_page-0001.jpg","width":1974,"height":2560},{"@type":"BreadcrumbList","@id":"https:\/\/galerija110795.ba\/bs\/izlozbe\/aktuelna-izlozba\/bosna-1992-1995\/#breadcrumb","itemListElement":[{"@type":"ListItem","position":1,"name":"Home","item":"https:\/\/galerija110795.ba\/"},{"@type":"ListItem","position":2,"name":"Izlo\u017ebe","item":"https:\/\/galerija110795.ba\/bs\/izlozbe\/"},{"@type":"ListItem","position":3,"name":"Aktuelna izlo\u017eba","item":"https:\/\/galerija110795.ba\/bs\/izlozbe\/aktuelna-izlozba\/"},{"@type":"ListItem","position":4,"name":"&#8220;Bosna 1992-1995&#8221;"}]},{"@type":"WebSite","@id":"https:\/\/galerija110795.ba\/#website","url":"https:\/\/galerija110795.ba\/","name":"Galerija 11\/07\/95","description":"Prva memorijalna galerija u Bosni i Hercegovini, izlo\u017ebeni prostor kojem je cilj o\u010duvati sje\u0107anja na  tragediju Srebrenice i 8372 osobe tragi\u010dno stradale u srebreni\u010dkom genocidu.","publisher":{"@id":"https:\/\/galerija110795.ba\/#organization"},"potentialAction":[{"@type":"SearchAction","target":{"@type":"EntryPoint","urlTemplate":"https:\/\/galerija110795.ba\/?s={search_term_string}"},"query-input":{"@type":"PropertyValueSpecification","valueRequired":true,"valueName":"search_term_string"}}],"inLanguage":"bs-BA"},{"@type":"Organization","@id":"https:\/\/galerija110795.ba\/#organization","name":"Galerija 11\/07\/95","url":"https:\/\/galerija110795.ba\/","logo":{"@type":"ImageObject","inLanguage":"bs-BA","@id":"https:\/\/galerija110795.ba\/#\/schema\/logo\/image\/","url":"https:\/\/galerija110795.ba\/app\/uploads\/2013\/09\/galerija_110795_logo.png","contentUrl":"https:\/\/galerija110795.ba\/app\/uploads\/2013\/09\/galerija_110795_logo.png","width":1254,"height":408,"caption":"Galerija 11\/07\/95"},"image":{"@id":"https:\/\/galerija110795.ba\/#\/schema\/logo\/image\/"}}]}},"wpml_current_locale":"bs_BA","wpml_translations":{"bs_BA":{"locale":"bs_BA","id":5233,"slug":"bosna-1992-1995","post_title":"\"Bosna 1992-1995\"","href":"https:\/\/galerija110795.ba\/bs\/izlozbe\/aktuelna-izlozba\/bosna-1992-1995\/"},"en_US":{"locale":"en_US","id":4784,"slug":"bosnia-1992-1995","post_title":"\"Bosnia 1992-1995\"","href":"https:\/\/galerija110795.ba\/exhibitions\/current-exhibition\/bosnia-1992-1995\/"}},"_links":{"self":[{"href":"https:\/\/galerija110795.ba\/bs\/wp-json\/wp\/v2\/pages\/5233","targetHints":{"allow":["GET"]}}],"collection":[{"href":"https:\/\/galerija110795.ba\/bs\/wp-json\/wp\/v2\/pages"}],"about":[{"href":"https:\/\/galerija110795.ba\/bs\/wp-json\/wp\/v2\/types\/page"}],"author":[{"embeddable":true,"href":"https:\/\/galerija110795.ba\/bs\/wp-json\/wp\/v2\/users\/3"}],"replies":[{"embeddable":true,"href":"https:\/\/galerija110795.ba\/bs\/wp-json\/wp\/v2\/comments?post=5233"}],"version-history":[{"count":1,"href":"https:\/\/galerija110795.ba\/bs\/wp-json\/wp\/v2\/pages\/5233\/revisions"}],"predecessor-version":[{"id":5235,"href":"https:\/\/galerija110795.ba\/bs\/wp-json\/wp\/v2\/pages\/5233\/revisions\/5235"}],"up":[{"embeddable":true,"href":"https:\/\/galerija110795.ba\/bs\/wp-json\/wp\/v2\/pages\/714"}],"wp:featuredmedia":[{"embeddable":true,"href":"https:\/\/galerija110795.ba\/bs\/wp-json\/wp\/v2\/media\/4765"}],"wp:attachment":[{"href":"https:\/\/galerija110795.ba\/bs\/wp-json\/wp\/v2\/media?parent=5233"}],"curies":[{"name":"wp","href":"https:\/\/api.w.org\/{rel}","templated":true}]}}