{"version":"1.0","provider_name":"Galerija 11\/07\/95","provider_url":"https:\/\/galerija110795.ba\/bs\/","author_name":"Anela Hakalovi\u0107","author_url":"https:\/\/galerija110795.ba\/bs\/author\/anela\/","title":"Ministar vanjskih poslova \u0160kotske Angus Robertson u Galeriji 11\/07\/95 - Galerija 11\/07\/95","type":"rich","width":600,"height":338,"html":"<blockquote class=\"wp-embedded-content\" data-secret=\"rIvQyvBWmO\"><a href=\"https:\/\/galerija110795.ba\/bs\/delegacija-fondacije-remembering-srebrenica-u-posjeti-galeriji-110795\/\">Ministar vanjskih poslova \u0160kotske Angus Robertson u Galeriji 11\/07\/95<\/a><\/blockquote><iframe sandbox=\"allow-scripts\" security=\"restricted\" src=\"https:\/\/galerija110795.ba\/bs\/delegacija-fondacije-remembering-srebrenica-u-posjeti-galeriji-110795\/embed\/#?secret=rIvQyvBWmO\" width=\"600\" height=\"338\" title=\"&#8220;Ministar vanjskih poslova \u0160kotske Angus Robertson u Galeriji 11\/07\/95&#8221; &#8212; Galerija 11\/07\/95\" data-secret=\"rIvQyvBWmO\" frameborder=\"0\" marginwidth=\"0\" marginheight=\"0\" scrolling=\"no\" class=\"wp-embedded-content\"><\/iframe><script type=\"text\/javascript\">\n\/* <![CDATA[ *\/\n\/*! This file is auto-generated *\/\n!function(d,l){\"use strict\";l.querySelector&&d.addEventListener&&\"undefined\"!=typeof URL&&(d.wp=d.wp||{},d.wp.receiveEmbedMessage||(d.wp.receiveEmbedMessage=function(e){var t=e.data;if((t||t.secret||t.message||t.value)&&!\/[^a-zA-Z0-9]\/.test(t.secret)){for(var s,r,n,a=l.querySelectorAll('iframe[data-secret=\"'+t.secret+'\"]'),o=l.querySelectorAll('blockquote[data-secret=\"'+t.secret+'\"]'),c=new RegExp(\"^https?:$\",\"i\"),i=0;i<o.length;i++)o[i].style.display=\"none\";for(i=0;i<a.length;i++)s=a[i],e.source===s.contentWindow&&(s.removeAttribute(\"style\"),\"height\"===t.message?(1e3<(r=parseInt(t.value,10))?r=1e3:~~r<200&&(r=200),s.height=r):\"link\"===t.message&&(r=new URL(s.getAttribute(\"src\")),n=new URL(t.value),c.test(n.protocol))&&n.host===r.host&&l.activeElement===s&&(d.top.location.href=t.value))}},d.addEventListener(\"message\",d.wp.receiveEmbedMessage,!1),l.addEventListener(\"DOMContentLoaded\",function(){for(var e,t,s=l.querySelectorAll(\"iframe.wp-embedded-content\"),r=0;r<s.length;r++)(t=(e=s[r]).getAttribute(\"data-secret\"))||(t=Math.random().toString(36).substring(2,12),e.src+=\"#?secret=\"+t,e.setAttribute(\"data-secret\",t)),e.contentWindow.postMessage({message:\"ready\",secret:t},\"*\")},!1)))}(window,document);\n\/\/# sourceURL=https:\/\/galerija110795.ba\/wp\/wp-includes\/js\/wp-embed.min.js\n\/* ]]> *\/\n<\/script>\n","thumbnail_url":"https:\/\/galerija110795.ba\/app\/uploads\/2014\/02\/EF7B0133-1200x800.jpg","thumbnail_width":1200,"thumbnail_height":800,"description":"Delegacija Fondacije Remembering Srebrenica\u00a0iz Velike Britanije danas je bila u posjeti Galeriji 11\/07\/95. Pored predsjednika fondacije dr. Waqara Azmija, u\u00a0delegaciji su bili jo\u0161 Angus Robertson,\u00a0\u010dlan britanskog parlamenta i ministar vanjskih poslova \u0160kotske u opoziciji, David Hamilton, visoki zvani\u010dnik udru\u017eenja \u0161kotske policije koji je tokom rata dolazio u BiH u sklopu konvoja pomo\u0107i u organizaciji\u00a0Edinburgh Direct &hellip; Continued"}